{"id":78,"date":"2014-01-31T08:34:53","date_gmt":"2014-01-31T08:34:53","guid":{"rendered":"http:\/\/efi.szakrendelo-sarkad.hu\/?page_id=78"},"modified":"2024-11-19T08:06:46","modified_gmt":"2024-11-19T08:06:46","slug":"egeszsegfejlesztesi-iroda","status":"publish","type":"page","link":"https:\/\/szakrendelo-sarkad.hu\/efi\/ez-egy-minta-oldal-2\/egeszsegfejlesztesi-iroda\/","title":{"rendered":"Eg\u00e9szs\u00e9gfejleszt\u00e9si Iroda"},"content":{"rendered":"<p>[vc_row el_position=&#8221;first last&#8221;][vc_column][vc_column_text el_position=&#8221;first&#8221;]<\/p>\n<blockquote><p><b>T\u00c1MOP-6.1.2.\/LHH-11-B\/2012-0006<\/b><\/p>\n<p>\u201eEg\u00e9szs\u00e9gfejleszt\u00e9si szolg\u00e1ltat\u00e1sok kialak\u00edt\u00e1sa a Sarkadi Kist\u00e9rs\u00e9gben\u201d<\/p><\/blockquote>\n<p><img loading=\"lazy\" decoding=\"async\" class=\"alignright size-full wp-image-73\" src=\"http:\/\/szakrendelo-sarkad.hu\/efi\/wp-content\/uploads\/sites\/2\/2014\/01\/szec.jpg\" alt=\"szec\" width=\"177\" height=\"53\"><\/p>\n<p><b>\u201eAz eg\u00e9szs\u00e9ges test a l\u00e9lek egyens\u00falya\u201d<\/b><\/p>\n<p>Kedves Sarkadi \u00e9s Kist\u00e9rs\u00e9gi Lakosok!<\/p>\n<p>Ez\u00faton szeretn\u00e9nk r\u00f6viden bemutatni \u00d6n\u00f6knek a Sarkadi Kist\u00e9rs\u00e9gi J\u00e1r\u00f3beteg Szakell\u00e1t\u00f3 K\u00f6zpontban (5720 Sarkad, B\u00e9ke s\u00e9t\u00e1ny 6. ) a <b>T\u00c1MOP-6.1.2.\/LHH-11-B\/2012-0006 <\/b>p\u00e1ly\u00e1zat keretein bel\u00fcl m\u0171k\u00f6d\u0151 <b>Eg\u00e9szs\u00e9gfejleszt\u00e9si Irod\u00e1t (EFI)<\/b> \u00e9s annak m\u0171k\u00f6d\u00e9s\u00e9t.<\/p>\n<p>Az Irod\u00e1t int\u00e9zm\u00e9ny\u00fcnk II. emelet\u00e9n tal\u00e1lhatj\u00e1k, ahol fogadni tudjuk \u00fcgyfeleinket, valamint itt t\u00f6rt\u00e9nik a regisztr\u00e1ci\u00f3s, adminisztr\u00e1ci\u00f3s feladatok elv\u00e9gz\u00e9se, programok szervez\u00e9se, dokument\u00e1l\u00e1sa.<\/p>\n<p>Kialak\u00edt\u00e1sra ker\u00fclt ezen fel\u00fcl egy fogad\u00f3 helyis\u00e9g, ahol az EFI irod\u00e1n bel\u00fcl v\u00e9gezhet\u0151ek sz\u0171r\u0151vizsg\u00e1latok valamint egy\u00e9ni tan\u00e1csad\u00e1sok t\u00f6rt\u00e9nnek a k\u00f6vetkez\u0151 t\u00e9mak\u00f6r\u00f6kben: tests\u00falym\u00e9r\u00e9s, testmagass\u00e1g m\u00e9r\u00e9s, v\u00e9rnyom\u00e1sm\u00e9r\u00e9s, v\u00e9rcukorm\u00e9r\u00e9s, testt\u00f6meg index sz\u00e1m\u00edt\u00e1s, hask\u00f6rfogat m\u00e9r\u00e9s, testzs\u00edr m\u00e9r\u00e9s.<\/p>\n<p>A vizsg\u00e1latokat a magas v\u00e9rnyom\u00e1s, sz\u00edv \u00e9s \u00e9rrendszeri betegs\u00e9gekre hajlamos\u00edt\u00f3 rizik\u00f3faktorok kisz\u0171r\u00e9se \u00e9rdek\u00e9ben v\u00e9gezz\u00fck, egy\u00e9ni kock\u00e1zatbecsl\u00e9ssel. Ezen fel\u00fcl a program keret\u00e9ben ig\u00e9ny szerint lehet\u0151s\u00e9g van di\u00e9t\u00e1s \u00e9s ment\u00e1lhigi\u00e9n\u00e9s egy\u00e9ni tan\u00e1csad\u00e1sra valamint gy\u00f3gytorn\u00e1ra is.<\/p>\n<p style=\"text-align: center;\" align=\"center\">\u00dcgyfeleink fogad\u00e1sa szem\u00e9lyesen vagy telefonon t\u00f6rt\u00e9n\u0151 id\u0151pont egyeztet\u00e9s alapj\u00e1n t\u00f6rt\u00e9nik.<\/p>\n<p style=\"text-align: center;\" align=\"center\"><b>Id\u0151pont egyeztet\u00e9sre az al\u00e1bbi telefonsz\u00e1mokon van lehet\u0151s\u00e9g:<\/b><\/p>\n<p style=\"text-align: center;\" align=\"center\"><b>66\/ 585-800 vagy a 66\/ 787-840-es k\u00f6zvetlen sz\u00e1mon.<\/b><\/p>\n<p style=\"text-align: center;\" align=\"center\"><span style=\"text-decoration: underline;\">Egy\u00e9ni tan\u00e1csad\u00e1saink \u00fcgyf\u00e9lfogad\u00e1s\u00e1nak rendje:<\/span><\/p>\n<p style=\"text-align: center;\" align=\"center\">H\u00e9tf\u0151 \u2013 Cs\u00fct\u00f6rt\u00f6k: &nbsp;&nbsp;&nbsp;&nbsp;&nbsp; 08:00-16:00<\/p>\n<p style=\"text-align: center;\" align=\"center\">&nbsp;P\u00e9ntek: &nbsp; &nbsp; &nbsp; &nbsp; &nbsp; &nbsp; &nbsp; &nbsp; &nbsp; &nbsp; &nbsp; 08:00-12:00<\/p>\n<p>&nbsp;<\/p>\n<p>A Sarkadi EFI irod\u00e1hoz tartoz\u00f3 harmadik helyis\u00e9gben rendszeresen megrendez\u00e9sre ker\u00fclnek betegklub szer\u0171 foglalkoz\u00e1sok, el\u0151ad\u00e1sok, valamint lehet\u0151s\u00e9g van a megfelel\u0151 t\u00e1rgyi felt\u00e9telek mellett, szakk\u00e9pzett tan\u00e1csad\u00f3k ir\u00e1ny\u00edt\u00e1s\u00e1val eg\u00e9szs\u00e9gfejleszt\u00e9si programokon val\u00f3 r\u00e9szv\u00e9telre is.<\/p>\n<p>Programjainkr\u00f3l folyamatos t\u00e1j\u00e9koztat\u00e1st kaphatnak a Sarkadi Kist\u00e9rs\u00e9gi J\u00e1r\u00f3beteg Szakell\u00e1t\u00f3ban m\u0171k\u00f6d\u0151 EFI irod\u00e1nkban.<\/p>\n<p>Minden kedves \u00e9rdekl\u0151d\u0151t, gy\u00f3gyulni v\u00e1gy\u00f3t v\u00e1runk szeretettel!<\/p>\n<p>Az Eg\u00e9szs\u00e9gfejleszt\u00e9si Iroda munkat\u00e1rsai<\/p>\n<p><img loading=\"lazy\" decoding=\"async\" class=\"aligncenter\" src=\"http:\/\/szakrendelo-sarkad.hu\/efi\/wp-content\/uploads\/sites\/2\/2014\/01\/21.jpg\" alt=\"2\" width=\"350\" height=\"109\">[\/vc_column_text][vc_column_text]<\/p>\n<p>Az EFI-hez kapcsol\u00f3d\u00f3 cikkek:<\/p>\n<p>[\/vc_column_text][vc_toggle title=&#8221;EFI &#8211; Doh\u00e1nyz\u00e1sr\u00f3l&#8221; el_position=&#8221;last&#8221;]<\/p>\n<p style=\"text-align: center;\"><strong>Doh\u00e1nyz\u00e1sr\u00f3l<\/strong><\/p>\n<p><strong>Mi is a doh\u00e1nyz\u00e1s?<\/strong> Egy rossz szok\u00e1s, amelyr\u0151l kell\u0151 akarater\u0151vel k\u00f6nny\u0171 leszokni.<br \/>\nA leszok\u00e1ssal k\u00eds\u00e9rletez\u0151k viszont m\u00e1r tudj\u00e1k, hogy a doh\u00e1nyz\u00e1sr\u00f3l igenis nagyon neh\u00e9z leszokni.<\/p>\n<p><img loading=\"lazy\" decoding=\"async\" class=\"aligncenter size-full wp-image-167\" src=\"http:\/\/szakrendelo-sarkad.hu\/efi\/wp-content\/uploads\/sites\/2\/2014\/02\/cigi.jpg\" alt=\"cigi\" width=\"258\" height=\"195\"><\/p>\n<p><b>Doh\u00e1ny: <\/b>jelenleg a cigaretta a doh\u00e1nyterm\u00e9kek fogyaszt\u00e1s\u00e1nak legelterjedtebb m\u00f3dja. Egy cigaretta gyakran k\u00fcl\u00f6nb\u00f6z\u0151 orsz\u00e1gokb\u00f3l sz\u00e1rmaz\u00f3 doh\u00e1nyfajt\u00e1k kever\u00e9k\u00e9t tartalmazza. A kever\u00e9kek elegy\u00edt\u00e9s\u00e9vel lehet v\u00e1ltoztatni az arom\u00e1n, az \u00edzen.<\/p>\n<p>A f\u00fcsttermel\u00e9st sok param\u00e9ter befoly\u00e1solhatja. Ezek k\u00f6z\u00fcl a k\u00e9t legfontosabb:<\/p>\n<ul>\n<li>Hossz\u00fas\u00e1g, mivel min\u00e9l hosszabb a cigaretta, ann\u00e1l magasabb a f\u00fcstben a k\u00e1tr\u00e1ny \u00e9s a nikotin szintje, valamint<\/li>\n<li>A k\u00f6rfogat, min\u00e9l vastagabb a cigaretta, ann\u00e1l t\u00f6bb k\u00e1tr\u00e1nyt, nikotint, sz\u00e9n-monoxidot, sz\u00e9n-dioxidot, nitrog\u00e9n-oxidot \u00e9s benzapir\u00e9nt juttat a szervezetbe.<\/li>\n<\/ul>\n<p><b>A nikotin: <\/b>az agy jutalmaz\u00f3 k\u00f6zpontj\u00e1ban meglehet\u0151sen gyorsan fejti ki a hat\u00e1s\u00e1t mivel a cigarettaf\u00fcst besz\u00edv\u00e1sa ut\u00e1n ak\u00e1r 8-10 m\u00e1sodperc alatt el\u00e9ri az agyat. Ez k\u00f6zvetlen\u00fcl jutalmazza az idegrendszert meger\u0151s\u00edtve ezzel a doh\u00e1nyz\u00e1st.<\/p>\n<p>Szinte minden doh\u00e1nyos tudja, hogy els\u0151sorban a nikotin a felel\u0151s a f\u00fcgg\u00e9s kialakul\u00e1s\u00e1\u00e9rt. De tal\u00e1n kevesen tudj\u00e1k azt, hogy a doh\u00e1nyz\u00e1ssal kapcsolatban alakul ki az egyik leger\u0151sebb f\u00fcgg\u0151s\u00e9g. A nikotin nemcsak hat a k\u00f6zponti idegrendszerre, hanem v\u00e1ltoz\u00e1st id\u00e9z el\u0151 az idegsejtek egyes csoportjaiban. Ennek k\u00f6sz\u00f6nhet\u0151 az, hogy amikor cs\u00f6kken, vagy megsz\u0171nik a nikotin bevitele, fell\u00e9phetnek zavar\u00f3, kellemetlen t\u00fcnetek. Ezen t\u00fcnetek jelent\u0151s r\u00e9sze azonban nem tart tov\u00e1bb 1-3 h\u00e9tn\u00e9l.<\/p>\n<p>A doh\u00e1nyz\u00e1sr\u00f3l ma m\u00e1r tudjuk, hogy a nikotin f\u00fcgg\u0151s\u00e9g k\u00f6vetkezt\u00e9ben kialakult szenved\u00e9lybetegs\u00e9g. A nikotin elhagy\u00e1sakor megvon\u00e1si t\u00fcnetek jelentkeznek, \u00e9s ennek kezel\u00e9se legt\u00f6bbsz\u00f6r orvosi feladat. A doh\u00e1nyosoknak csak nagyon kis sz\u00e1zal\u00e9ka ( 100-b\u00f3l mind\u00f6ssze 3 ) tud seg\u00edts\u00e9g n\u00e9lk\u00fcl saj\u00e1t er\u0151b\u0151l leszokni a doh\u00e1nyz\u00e1sr\u00f3l. Nagyobb r\u00e9sz\u00fck csak seg\u00edts\u00e9ggel k\u00e9pes erre.<\/p>\n<p>A t\u00fcd\u0151gy\u00f3gy\u00e1szok \u00e1ltal kezelt betegs\u00e9gek nagy r\u00e9sze nem gy\u00f3gy\u00edthat\u00f3, csak kezelhet\u0151 betegs\u00e9g, melynek kialakul\u00e1s\u00e1ban nagy szerepet j\u00e1tszik a doh\u00e1nyz\u00e1s. A leghasznosabb ha nem is engedj\u00fck kialakulni ezeket a betegs\u00e9geket ( COPD- t\u00fcd\u0151t\u00e1gulat, l\u00e9gz\u00e9si el\u00e9gtelens\u00e9g, kr\u00f3nikus h\u00f6rg\u0151gyullad\u00e1s, t\u00fcd\u0151r\u00e1k,). Mindez a leggyorsabban a doh\u00e1nyz\u00e1s elhagy\u00e1s\u00e1val siker\u00fclhet.<\/p>\n<p><img loading=\"lazy\" decoding=\"async\" class=\"aligncenter size-medium wp-image-168\" src=\"http:\/\/szakrendelo-sarkad.hu\/efi\/wp-content\/uploads\/sites\/2\/2014\/02\/tudo-300x203.jpg\" alt=\"tudo\" width=\"300\" height=\"203\" srcset=\"https:\/\/szakrendelo-sarkad.hu\/efi\/wp-content\/uploads\/sites\/2\/2014\/02\/tudo-300x203.jpg 300w, https:\/\/szakrendelo-sarkad.hu\/efi\/wp-content\/uploads\/sites\/2\/2014\/02\/tudo.jpg 572w\" sizes=\"auto, (max-width: 300px) 100vw, 300px\" \/><\/p>\n<p>A doh\u00e1nyosok nagy r\u00e9sze, le szeretne szokni a doh\u00e1nyz\u00e1sr\u00f3l. T\u00f6bbnyire szorong, ha orvoshoz kell mennie, mert val\u00f3j\u00e1ban f\u00e9l a betegs\u00e9gt\u0151l, f\u00e9l annak kimenetel\u00e9t\u0151l. Tudat\u00e1ban van annak, hogy milyen k\u00e1ros hat\u00e1sa van. F\u00e9l az orvos esetleges szemreh\u00e1ny\u00e1s\u00e1t\u00f3l.<\/p>\n<p>Ahhoz, hogy le tudjon szokni a doh\u00e1nyz\u00e1sr\u00f3l k\u00e9t dologra van sz\u00fcks\u00e9g: <b>sz\u00e1nd\u00e9kra \u00e9s egy m\u0171k\u00f6d\u0151 m\u00f3dszerre. <\/b>Felt\u00e9telezz\u00fck, hogy a sz\u00e1nd\u00e9k megvan \u00d6nben, hiszen nem olvasn\u00e1 ezt a cikket.<\/p>\n<p>M\u00e1r csak egy j\u00f3 m\u00f3dszerre van sz\u00fcks\u00e9g a k\u00edv\u00e1nt eredm\u00e9nyhez.<\/p>\n<p>Szeretn\u00e9nk min\u00e9l t\u00f6bb seg\u00edts\u00e9get adni \u00d6nnek, hogy k\u00e9pes legyen letenni a cigarett\u00e1t. Az Eg\u00e9szs\u00e9gfejleszt\u00e9si Irod\u00e1ban felk\u00e9sz\u00fclt, szakk\u00e9pzett eg\u00e9szs\u00e9gfejleszt\u0151 szakemberek \u00e9s ment\u00e1lhigi\u00e9n\u00e9s munkat\u00e1rs v\u00e1rja, hogy egy\u00e9nre szabott programot k\u00e9sz\u00edtsenek \u00d6nnek.<\/p>\n<p>Ne f\u00e9ljen seg\u00edts\u00e9get k\u00e9rni, hiszen ez nem gyenges\u00e9g. B\u00edzunk abban, hogy seg\u00edts\u00e9g\u00fcnkkel hamarosan \u00d6n is a nemdoh\u00e1nyz\u00f3k t\u00e1bor\u00e1t fogja er\u0151s\u00edteni.<\/p>\n<p><b>El\u00e9rhet\u0151s\u00e9geink:<\/b><\/p>\n<p><b>Sarkadi Kist\u00e9rs\u00e9gi J\u00e1r\u00f3beteg Szakell\u00e1t\u00f3 K\u00f6zpont<\/b><\/p>\n<p><b> Eg\u00e9szs\u00e9gfejleszt\u00e9si Iroda<\/b><\/p>\n<p><b> 5720 Sarkad, B\u00e9ke s\u00e9t\u00e1ny 6.<\/b><\/p>\n<p><b> Tel.: 66\/787-840<\/b><\/p>\n<p><b> E-mail: efi@szakrendelo-sarkad.hu<\/b>[\/vc_toggle][\/vc_column][\/vc_row]<\/p>\n","protected":false},"excerpt":{"rendered":"<div class=\"entry-summary\">\n<div class=\"entry-summary\">\n T\u00c1MOP-6.1.2.\/LHH-11-B\/2012-0006 \u201eEg\u00e9szs\u00e9gfejleszt\u00e9si szolg\u00e1ltat\u00e1sok kialak\u00edt\u00e1sa a Sarkadi Kist\u00e9rs\u00e9gben\u201d \u201eAz eg\u00e9szs\u00e9ges test a l\u00e9lek egyens\u00falya\u201d Kedves&hellip;\n<\/div>\n<div class=\"link-more\"><a href=\"https:\/\/szakrendelo-sarkad.hu\/efi\/ez-egy-minta-oldal-2\/egeszsegfejlesztesi-iroda\/\" class=\"more-link\">Continue reading<span class=\"screen-reader-text\"> &ldquo;Eg\u00e9szs\u00e9gfejleszt\u00e9si Iroda&rdquo;<\/span>&hellip;<\/a><\/div>\n<\/div>\n<div class=\"link-more\"><a href=\"https:\/\/szakrendelo-sarkad.hu\/efi\/ez-egy-minta-oldal-2\/egeszsegfejlesztesi-iroda\/\" class=\"more-link\">Continue reading<span class=\"screen-reader-text\"> &ldquo;Eg\u00e9szs\u00e9gfejleszt\u00e9si Iroda&rdquo;<\/span>&hellip;<\/a><\/div>\n","protected":false},"author":1,"featured_media":0,"parent":5249,"menu_order":0,"comment_status":"closed","ping_status":"closed","template":"","meta":{"ngg_post_thumbnail":0,"footnotes":""},"class_list":["post-78","page","type-page","status-publish","hentry","entry"],"_links":{"self":[{"href":"https:\/\/szakrendelo-sarkad.hu\/efi\/wp-json\/wp\/v2\/pages\/78","targetHints":{"allow":["GET"]}}],"collection":[{"href":"https:\/\/szakrendelo-sarkad.hu\/efi\/wp-json\/wp\/v2\/pages"}],"about":[{"href":"https:\/\/szakrendelo-sarkad.hu\/efi\/wp-json\/wp\/v2\/types\/page"}],"author":[{"embeddable":true,"href":"https:\/\/szakrendelo-sarkad.hu\/efi\/wp-json\/wp\/v2\/users\/1"}],"replies":[{"embeddable":true,"href":"https:\/\/szakrendelo-sarkad.hu\/efi\/wp-json\/wp\/v2\/comments?post=78"}],"version-history":[{"count":2,"href":"https:\/\/szakrendelo-sarkad.hu\/efi\/wp-json\/wp\/v2\/pages\/78\/revisions"}],"predecessor-version":[{"id":9170,"href":"https:\/\/szakrendelo-sarkad.hu\/efi\/wp-json\/wp\/v2\/pages\/78\/revisions\/9170"}],"up":[{"embeddable":true,"href":"https:\/\/szakrendelo-sarkad.hu\/efi\/wp-json\/wp\/v2\/pages\/5249"}],"wp:attachment":[{"href":"https:\/\/szakrendelo-sarkad.hu\/efi\/wp-json\/wp\/v2\/media?parent=78"}],"curies":[{"name":"wp","href":"https:\/\/api.w.org\/{rel}","templated":true}]}}