{"id":8999,"date":"2024-09-18T10:38:03","date_gmt":"2024-09-18T10:38:03","guid":{"rendered":"http:\/\/szakrendelo-sarkad.hu\/efi\/?page_id=8999"},"modified":"2024-09-30T11:38:07","modified_gmt":"2024-09-30T11:38:07","slug":"rajzverseny","status":"publish","type":"page","link":"https:\/\/szakrendelo-sarkad.hu\/efi\/rajzverseny\/","title":{"rendered":"Rajzverseny"},"content":{"rendered":"<p>A Sarkadi Eg\u00e9szs\u00e9gfejleszt\u00e9si Iroda 2024. szeptember h\u00f3napban rajzversenyt hirdetett a Sarkadi j\u00e1r\u00e1s nagycsoportos \u00f3vod\u00e1sainak, &#8222;Az eg\u00e9szs\u00e9g, mint \u00e9rt\u00e9k&#8221; c\u00edmmel. Kiemelten fontosnak tartjuk, hogy a prevent\u00edv megk\u00f6zel\u00edt\u00e9s m\u00e1r kisgyermek korban el\u0151t\u00e9rbe ker\u00fclj\u00f6n, hogy a feln\u00f6vekv\u0151 gener\u00e1ci\u00f3, a lehet\u0151s\u00e9gekhez m\u00e9rten m\u00e1r korai \u00e9veikben is megtapasztalja az eg\u00e9szs\u00e9g fontoss\u00e1g\u00e1t. Szerett\u00fck volna j\u00e1t\u00e9kos m\u00f3don felh\u00edvni a gyermekek figyelm\u00e9t az eg\u00e9szs\u00e9ges t\u00e1pl\u00e1lkoz\u00e1sra, a fizikai, illetve ment\u00e1lis eg\u00e9szs\u00e9g meg\u0151rz\u00e9s\u00e9re, ez\u00e9rt \u00e9vek \u00f3ta tart\u00f3 prevenci\u00f3s foglalkoz\u00e1sok keret\u00e9ben saj\u00e1t\u00edthatj\u00e1k el a tapasztalataikat. Ehhez kapcsol\u00f3d\u00f3an, remek alkalom volt rajzverseny form\u00e1j\u00e1ban felm\u00e9rni a kicsik tud\u00e1s\u00e1t az adott t\u00e9mak\u00f6rrel kapcsolatban. \u00d6r\u00f6mmel tapasztaltuk, hogy a gyermekek, v\u00e1ltozatos m\u00f3don k\u00f6zel\u00edtett\u00e9k meg a megadott t\u00e9mak\u00f6rt, t\u00f6bben a t\u00e1pl\u00e1lkoz\u00e1st, m\u00edg m\u00e1sok az eg\u00e9szs\u00e9ges szoci\u00e1lis k\u00f6rnyezetet \u00e9s a term\u00e9szet adta lehet\u0151s\u00e9geket helyezt\u00e9k el\u0151t\u00e9rbe. Sz\u00e1mtalan rajz \u00e9s alkot\u00e1s ker\u00fclt beny\u00fajt\u00e1sra, melyek egyt\u0151l egyig azt bizony\u00edtj\u00e1k, hogy a kicsik odaad\u00e1ssal \u00e9s \u00e1t\u00e9l\u00e9ssel k\u00e9sz\u00edtett\u00e9k el a saj\u00e1t munk\u00e1jukat. A zs\u0171rinek kiemelten neh\u00e9z feladata volt kiv\u00e1lasztani a 3 legjobb, illetve az 1 k\u00fcl\u00f6nd\u00edjas alkot\u00e1st. A dobog\u00f3sok, illetve a k\u00fcl\u00f6nd\u00edjas alkot\u00e1s k\u00e9sz\u00edt\u0151i oklev\u00e9lben, valamint aj\u00e1nd\u00e9kutalv\u00e1nyban r\u00e9szes\u00fcltek. Minden gyermek eml\u00e9klapot \u00e9s finoms\u00e1got kapott aj\u00e1nd\u00e9kba a beny\u00fajtott alkot\u00e1s\u00e9rt cser\u00e9be. K\u00f6sz\u00f6nj\u00fck a k\u00e9sz\u00edt\u0151knek, sz\u00fcl\u0151iknek, nevel\u0151iknek \u00e9s pedag\u00f3gusaiknak a k\u00f6zrem\u0171k\u00f6d\u00e9st! \u00d6r\u00f6mmel tapasztaltuk, hogy m\u00e1r eg\u00e9szen kicsi korban is \u00e9rtik a gyermekek, hogy mit jelent &#8222;Az eg\u00e9szs\u00e9g, mint \u00e9rt\u00e9k&#8221;.<\/p>\n<figure class=\"table\">\n<table width=\"100%\">\n<tbody>\n<tr>\n<td>\n<p style=\"text-align: center;\"><strong>J\u00e1mbor Naomi<br \/>\nK\u00f6r\u00f6smenti \u00d3voda, Biharugra<br \/>\n<\/strong><strong>I. helyezett<\/strong><\/p>\n<\/td>\n<td>\n<p style=\"text-align: center;\"><strong>Cs\u00edkos Hanna<br \/>\nK\u00f6tegy\u00e1ni \u00d3voda<br \/>\n<\/strong><strong>II. helyezett<\/strong><\/p>\n<p>&nbsp;<\/td>\n<td style=\"text-align: center;\"><strong>Ol\u00e1h K\u00e1roly Enz\u00f3<br \/>\nVas\u00fat utcai \u00d3voda, Sarkad<br \/>\nIII. helyezett<\/strong><\/td>\n<\/tr>\n<tr>\n<td><a href=\"http:\/\/szakrendelo-sarkad.hu\/efi\/wp-content\/uploads\/sites\/2\/2024\/09\/Biharugra_Korosmenti_Jambor_Naomi-1.jpg\"><img loading=\"lazy\" decoding=\"async\" class=\"aligncenter size-medium wp-image-9035\" src=\"http:\/\/szakrendelo-sarkad.hu\/efi\/wp-content\/uploads\/sites\/2\/2024\/09\/Biharugra_Korosmenti_Jambor_Naomi-1-300x212.jpg\" alt=\"\" width=\"300\" height=\"212\" srcset=\"https:\/\/szakrendelo-sarkad.hu\/efi\/wp-content\/uploads\/sites\/2\/2024\/09\/Biharugra_Korosmenti_Jambor_Naomi-1-300x212.jpg 300w, https:\/\/szakrendelo-sarkad.hu\/efi\/wp-content\/uploads\/sites\/2\/2024\/09\/Biharugra_Korosmenti_Jambor_Naomi-1-1024x724.jpg 1024w, https:\/\/szakrendelo-sarkad.hu\/efi\/wp-content\/uploads\/sites\/2\/2024\/09\/Biharugra_Korosmenti_Jambor_Naomi-1-768x543.jpg 768w, https:\/\/szakrendelo-sarkad.hu\/efi\/wp-content\/uploads\/sites\/2\/2024\/09\/Biharugra_Korosmenti_Jambor_Naomi-1-1536x1086.jpg 1536w, https:\/\/szakrendelo-sarkad.hu\/efi\/wp-content\/uploads\/sites\/2\/2024\/09\/Biharugra_Korosmenti_Jambor_Naomi-1-2048x1448.jpg 2048w\" sizes=\"auto, (max-width: 300px) 100vw, 300px\" \/><\/a><\/td>\n<td><a href=\"http:\/\/szakrendelo-sarkad.hu\/efi\/wp-content\/uploads\/sites\/2\/2024\/09\/Kotegyan_Ovoda_Csikos_Hanna_page-0001.jpg\"><img loading=\"lazy\" decoding=\"async\" class=\"aligncenter size-medium wp-image-9036\" src=\"http:\/\/szakrendelo-sarkad.hu\/efi\/wp-content\/uploads\/sites\/2\/2024\/09\/Kotegyan_Ovoda_Csikos_Hanna_page-0001-300x212.jpg\" alt=\"\" width=\"300\" height=\"212\" srcset=\"https:\/\/szakrendelo-sarkad.hu\/efi\/wp-content\/uploads\/sites\/2\/2024\/09\/Kotegyan_Ovoda_Csikos_Hanna_page-0001-300x212.jpg 300w, https:\/\/szakrendelo-sarkad.hu\/efi\/wp-content\/uploads\/sites\/2\/2024\/09\/Kotegyan_Ovoda_Csikos_Hanna_page-0001-768x543.jpg 768w, https:\/\/szakrendelo-sarkad.hu\/efi\/wp-content\/uploads\/sites\/2\/2024\/09\/Kotegyan_Ovoda_Csikos_Hanna_page-0001.jpg 1024w\" sizes=\"auto, (max-width: 300px) 100vw, 300px\" \/><\/a><\/td>\n<td><a href=\"http:\/\/szakrendelo-sarkad.hu\/efi\/wp-content\/uploads\/sites\/2\/2024\/09\/Sarkad_Vasut_Olah_Karoly_Enzo-1.jpg\"><img loading=\"lazy\" decoding=\"async\" class=\"aligncenter size-medium wp-image-9037\" src=\"http:\/\/szakrendelo-sarkad.hu\/efi\/wp-content\/uploads\/sites\/2\/2024\/09\/Sarkad_Vasut_Olah_Karoly_Enzo-1-212x300.jpg\" alt=\"\" width=\"212\" height=\"300\" srcset=\"https:\/\/szakrendelo-sarkad.hu\/efi\/wp-content\/uploads\/sites\/2\/2024\/09\/Sarkad_Vasut_Olah_Karoly_Enzo-1-212x300.jpg 212w, https:\/\/szakrendelo-sarkad.hu\/efi\/wp-content\/uploads\/sites\/2\/2024\/09\/Sarkad_Vasut_Olah_Karoly_Enzo-1-724x1024.jpg 724w, https:\/\/szakrendelo-sarkad.hu\/efi\/wp-content\/uploads\/sites\/2\/2024\/09\/Sarkad_Vasut_Olah_Karoly_Enzo-1-768x1087.jpg 768w, https:\/\/szakrendelo-sarkad.hu\/efi\/wp-content\/uploads\/sites\/2\/2024\/09\/Sarkad_Vasut_Olah_Karoly_Enzo-1-1086x1536.jpg 1086w, https:\/\/szakrendelo-sarkad.hu\/efi\/wp-content\/uploads\/sites\/2\/2024\/09\/Sarkad_Vasut_Olah_Karoly_Enzo-1-1448x2048.jpg 1448w, https:\/\/szakrendelo-sarkad.hu\/efi\/wp-content\/uploads\/sites\/2\/2024\/09\/Sarkad_Vasut_Olah_Karoly_Enzo-1.jpg 1654w\" sizes=\"auto, (max-width: 212px) 100vw, 212px\" \/><\/a><\/td>\n<\/tr>\n<\/tbody>\n<\/table>\n<\/figure>\n<p>&nbsp;<\/p>\n<table width=\"100%\">\n<tbody>\n<tr>\n<td>\n<p style=\"text-align: center;\"><strong>Farkas Adrienn<br \/>\nEpreskert utcai \u00d3voda, Sarkad<br \/>\nK\u00fcl\u00f6nd\u00edj<\/strong><\/p>\n<\/td>\n<td>\n<p style=\"text-align: center;\"><strong>Oll\u00e1ri Arabella<br \/>\nEpreskert utcai \u00d3voda, Sarkad<br \/>\nK\u00fcl\u00f6nd\u00edj<\/strong><\/p>\n<\/td>\n<\/tr>\n<tr>\n<td><a href=\"http:\/\/szakrendelo-sarkad.hu\/efi\/wp-content\/uploads\/sites\/2\/2024\/09\/Sarkad_Epreskert_Farkas_Adrienn-1.jpg\"><img loading=\"lazy\" decoding=\"async\" class=\"aligncenter size-medium wp-image-9039\" src=\"http:\/\/szakrendelo-sarkad.hu\/efi\/wp-content\/uploads\/sites\/2\/2024\/09\/Sarkad_Epreskert_Farkas_Adrienn-1-300x212.jpg\" alt=\"\" width=\"300\" height=\"212\" srcset=\"https:\/\/szakrendelo-sarkad.hu\/efi\/wp-content\/uploads\/sites\/2\/2024\/09\/Sarkad_Epreskert_Farkas_Adrienn-1-300x212.jpg 300w, https:\/\/szakrendelo-sarkad.hu\/efi\/wp-content\/uploads\/sites\/2\/2024\/09\/Sarkad_Epreskert_Farkas_Adrienn-1-1024x724.jpg 1024w, https:\/\/szakrendelo-sarkad.hu\/efi\/wp-content\/uploads\/sites\/2\/2024\/09\/Sarkad_Epreskert_Farkas_Adrienn-1-768x543.jpg 768w, https:\/\/szakrendelo-sarkad.hu\/efi\/wp-content\/uploads\/sites\/2\/2024\/09\/Sarkad_Epreskert_Farkas_Adrienn-1-1536x1086.jpg 1536w, https:\/\/szakrendelo-sarkad.hu\/efi\/wp-content\/uploads\/sites\/2\/2024\/09\/Sarkad_Epreskert_Farkas_Adrienn-1-2048x1448.jpg 2048w\" sizes=\"auto, (max-width: 300px) 100vw, 300px\" \/><\/a><\/td>\n<td><a href=\"http:\/\/szakrendelo-sarkad.hu\/efi\/wp-content\/uploads\/sites\/2\/2024\/09\/Sarkad_Epreskert_Ollari_Arabella-1.jpg\"><img loading=\"lazy\" decoding=\"async\" class=\"aligncenter size-medium wp-image-9040\" src=\"http:\/\/szakrendelo-sarkad.hu\/efi\/wp-content\/uploads\/sites\/2\/2024\/09\/Sarkad_Epreskert_Ollari_Arabella-1-300x212.jpg\" alt=\"\" width=\"300\" height=\"212\" srcset=\"https:\/\/szakrendelo-sarkad.hu\/efi\/wp-content\/uploads\/sites\/2\/2024\/09\/Sarkad_Epreskert_Ollari_Arabella-1-300x212.jpg 300w, https:\/\/szakrendelo-sarkad.hu\/efi\/wp-content\/uploads\/sites\/2\/2024\/09\/Sarkad_Epreskert_Ollari_Arabella-1-1024x724.jpg 1024w, https:\/\/szakrendelo-sarkad.hu\/efi\/wp-content\/uploads\/sites\/2\/2024\/09\/Sarkad_Epreskert_Ollari_Arabella-1-768x543.jpg 768w, https:\/\/szakrendelo-sarkad.hu\/efi\/wp-content\/uploads\/sites\/2\/2024\/09\/Sarkad_Epreskert_Ollari_Arabella-1-1536x1086.jpg 1536w, https:\/\/szakrendelo-sarkad.hu\/efi\/wp-content\/uploads\/sites\/2\/2024\/09\/Sarkad_Epreskert_Ollari_Arabella-1-2048x1448.jpg 2048w\" sizes=\"auto, (max-width: 300px) 100vw, 300px\" \/><\/a><\/td>\n<\/tr>\n<\/tbody>\n<\/table>\n<h3 style=\"text-align: center;\">Felh\u00edv\u00e1s:<\/h3>\n<p><img loading=\"lazy\" decoding=\"async\" class=\"aligncenter size-full wp-image-9030\" src=\"http:\/\/szakrendelo-sarkad.hu\/efi\/wp-content\/uploads\/sites\/2\/2024\/09\/Rajzpalyazat_EFI_2024_web_felt.png\" alt=\"\" width=\"500\" height=\"707\" srcset=\"https:\/\/szakrendelo-sarkad.hu\/efi\/wp-content\/uploads\/sites\/2\/2024\/09\/Rajzpalyazat_EFI_2024_web_felt.png 500w, https:\/\/szakrendelo-sarkad.hu\/efi\/wp-content\/uploads\/sites\/2\/2024\/09\/Rajzpalyazat_EFI_2024_web_felt-212x300.png 212w\" sizes=\"auto, (max-width: 500px) 100vw, 500px\" \/><\/p>\n<h3>&nbsp;<\/h3>\n<h3 style=\"text-align: center;\">Bek\u00fcld\u00f6tt munk\u00e1k:<\/h3>\n<!-- index.php -->\n<div\n\tclass=\"ngg-galleryoverview ngg-ajax-pagination-none\"\n\tid=\"ngg-gallery-ddc0d65f13e34effc2e0243c4070748a-1\">\n\n    \t<div class=\"slideshowlink\">\n        <a href='https:\/\/szakrendelo-sarkad.hu\/efi\/rajzverseny\/nggallery\/slideshow'>[Diavet\u00edt\u00e9s ind\u00edt\u00e1sa]<\/a>\n\t\t\n\t<\/div>\n\t\t\t<!-- Thumbnails -->\n\t\t\t\t<div id=\"ngg-image-0\" class=\"ngg-gallery-thumbnail-box\" >\n\t\t\t\t        <div class=\"ngg-gallery-thumbnail\">\n            <a href=\"https:\/\/szakrendelo-sarkad.hu\/efi\/wp-content\/uploads\/sites\/2\/nggallery\/rajzverseny_2024\/Sarkad_Epreskert_Borza_Milla-1.jpg\"\n               title=\"\"\n               data-src=\"https:\/\/szakrendelo-sarkad.hu\/efi\/wp-content\/uploads\/sites\/2\/nggallery\/rajzverseny_2024\/Sarkad_Epreskert_Borza_Milla-1.jpg\"\n               data-thumbnail=\"https:\/\/szakrendelo-sarkad.hu\/efi\/wp-content\/uploads\/sites\/2\/nggallery\/rajzverseny_2024\/thumbs\/thumbs_Sarkad_Epreskert_Borza_Milla-1.jpg\"\n               data-image-id=\"1906\"\n               data-title=\"Sarkad_Epreskert_Borza_Milla-1\"\n               data-description=\"\"\n               data-image-slug=\"sarkad_epreskert_borza_milla-1\"\n               class=\"ngg-fancybox\" rel=\"ddc0d65f13e34effc2e0243c4070748a\">\n                <img\n                    title=\"Sarkad_Epreskert_Borza_Milla-1\"\n                    alt=\"Sarkad_Epreskert_Borza_Milla-1\"\n                    src=\"https:\/\/szakrendelo-sarkad.hu\/efi\/wp-content\/uploads\/sites\/2\/nggallery\/rajzverseny_2024\/thumbs\/thumbs_Sarkad_Epreskert_Borza_Milla-1.jpg\"\n                    width=\"240\"\n                    height=\"160\"\n                    style=\"max-width:100%;\"\n                \/>\n            <\/a>\n        <\/div>\n\t\t\t\t\t\t\t<\/div> \n\t\t\t\n        \n\t\t\t\t<div id=\"ngg-image-1\" class=\"ngg-gallery-thumbnail-box\" >\n\t\t\t\t        <div class=\"ngg-gallery-thumbnail\">\n            <a href=\"https:\/\/szakrendelo-sarkad.hu\/efi\/wp-content\/uploads\/sites\/2\/nggallery\/rajzverseny_2024\/Sarkad_Vasut_Gellen_Gabor-1.jpg\"\n               title=\"\"\n               data-src=\"https:\/\/szakrendelo-sarkad.hu\/efi\/wp-content\/uploads\/sites\/2\/nggallery\/rajzverseny_2024\/Sarkad_Vasut_Gellen_Gabor-1.jpg\"\n               data-thumbnail=\"https:\/\/szakrendelo-sarkad.hu\/efi\/wp-content\/uploads\/sites\/2\/nggallery\/rajzverseny_2024\/thumbs\/thumbs_Sarkad_Vasut_Gellen_Gabor-1.jpg\"\n               data-image-id=\"1920\"\n               data-title=\"Sarkad_Vasut_Gellen_Gabor-1\"\n               data-description=\"\"\n               data-image-slug=\"sarkad_vasut_gellen_gabor-1\"\n               class=\"ngg-fancybox\" rel=\"ddc0d65f13e34effc2e0243c4070748a\">\n                <img\n                    title=\"Sarkad_Vasut_Gellen_Gabor-1\"\n                    alt=\"Sarkad_Vasut_Gellen_Gabor-1\"\n                    src=\"https:\/\/szakrendelo-sarkad.hu\/efi\/wp-content\/uploads\/sites\/2\/nggallery\/rajzverseny_2024\/thumbs\/thumbs_Sarkad_Vasut_Gellen_Gabor-1.jpg\"\n                    width=\"240\"\n                    height=\"160\"\n                    style=\"max-width:100%;\"\n                \/>\n            <\/a>\n        <\/div>\n\t\t\t\t\t\t\t<\/div> \n\t\t\t\n        \n\t\t\t\t<div id=\"ngg-image-2\" class=\"ngg-gallery-thumbnail-box\" >\n\t\t\t\t        <div class=\"ngg-gallery-thumbnail\">\n            <a href=\"https:\/\/szakrendelo-sarkad.hu\/efi\/wp-content\/uploads\/sites\/2\/nggallery\/rajzverseny_2024\/Sarkad_Kossuth_Sarosi_Szofi-1.jpg\"\n               title=\"\"\n               data-src=\"https:\/\/szakrendelo-sarkad.hu\/efi\/wp-content\/uploads\/sites\/2\/nggallery\/rajzverseny_2024\/Sarkad_Kossuth_Sarosi_Szofi-1.jpg\"\n               data-thumbnail=\"https:\/\/szakrendelo-sarkad.hu\/efi\/wp-content\/uploads\/sites\/2\/nggallery\/rajzverseny_2024\/thumbs\/thumbs_Sarkad_Kossuth_Sarosi_Szofi-1.jpg\"\n               data-image-id=\"1915\"\n               data-title=\"Sarkad_Kossuth_Sarosi_Szofi-1\"\n               data-description=\"\"\n               data-image-slug=\"sarkad_kossuth_sarosi_szofi-1\"\n               class=\"ngg-fancybox\" rel=\"ddc0d65f13e34effc2e0243c4070748a\">\n                <img\n                    title=\"Sarkad_Kossuth_Sarosi_Szofi-1\"\n                    alt=\"Sarkad_Kossuth_Sarosi_Szofi-1\"\n                    src=\"https:\/\/szakrendelo-sarkad.hu\/efi\/wp-content\/uploads\/sites\/2\/nggallery\/rajzverseny_2024\/thumbs\/thumbs_Sarkad_Kossuth_Sarosi_Szofi-1.jpg\"\n                    width=\"240\"\n                    height=\"160\"\n                    style=\"max-width:100%;\"\n                \/>\n            <\/a>\n        <\/div>\n\t\t\t\t\t\t\t<\/div> \n\t\t\t\n        \n\t\t\t\t<div id=\"ngg-image-3\" class=\"ngg-gallery-thumbnail-box\" >\n\t\t\t\t        <div class=\"ngg-gallery-thumbnail\">\n            <a href=\"https:\/\/szakrendelo-sarkad.hu\/efi\/wp-content\/uploads\/sites\/2\/nggallery\/rajzverseny_2024\/Sarkad_Kossuth_Pentek_Elod-1.jpg\"\n               title=\"\"\n               data-src=\"https:\/\/szakrendelo-sarkad.hu\/efi\/wp-content\/uploads\/sites\/2\/nggallery\/rajzverseny_2024\/Sarkad_Kossuth_Pentek_Elod-1.jpg\"\n               data-thumbnail=\"https:\/\/szakrendelo-sarkad.hu\/efi\/wp-content\/uploads\/sites\/2\/nggallery\/rajzverseny_2024\/thumbs\/thumbs_Sarkad_Kossuth_Pentek_Elod-1.jpg\"\n               data-image-id=\"1914\"\n               data-title=\"Sarkad_Kossuth_Pentek_Elod-1\"\n               data-description=\"\"\n               data-image-slug=\"sarkad_kossuth_pentek_elod-1\"\n               class=\"ngg-fancybox\" rel=\"ddc0d65f13e34effc2e0243c4070748a\">\n                <img\n                    title=\"Sarkad_Kossuth_Pentek_Elod-1\"\n                    alt=\"Sarkad_Kossuth_Pentek_Elod-1\"\n                    src=\"https:\/\/szakrendelo-sarkad.hu\/efi\/wp-content\/uploads\/sites\/2\/nggallery\/rajzverseny_2024\/thumbs\/thumbs_Sarkad_Kossuth_Pentek_Elod-1.jpg\"\n                    width=\"240\"\n                    height=\"160\"\n                    style=\"max-width:100%;\"\n                \/>\n            <\/a>\n        <\/div>\n\t\t\t\t\t\t\t<\/div> \n\t\t\t\n        \n\t\t\t\t<div id=\"ngg-image-4\" class=\"ngg-gallery-thumbnail-box\" >\n\t\t\t\t        <div class=\"ngg-gallery-thumbnail\">\n            <a href=\"https:\/\/szakrendelo-sarkad.hu\/efi\/wp-content\/uploads\/sites\/2\/nggallery\/rajzverseny_2024\/Sarkad_Kossuth_Klembucz_Lara-1.jpg\"\n               title=\"\"\n               data-src=\"https:\/\/szakrendelo-sarkad.hu\/efi\/wp-content\/uploads\/sites\/2\/nggallery\/rajzverseny_2024\/Sarkad_Kossuth_Klembucz_Lara-1.jpg\"\n               data-thumbnail=\"https:\/\/szakrendelo-sarkad.hu\/efi\/wp-content\/uploads\/sites\/2\/nggallery\/rajzverseny_2024\/thumbs\/thumbs_Sarkad_Kossuth_Klembucz_Lara-1.jpg\"\n               data-image-id=\"1913\"\n               data-title=\"Sarkad_Kossuth_Klembucz_Lara-1\"\n               data-description=\"\"\n               data-image-slug=\"sarkad_kossuth_klembucz_lara-1\"\n               class=\"ngg-fancybox\" rel=\"ddc0d65f13e34effc2e0243c4070748a\">\n                <img\n                    title=\"Sarkad_Kossuth_Klembucz_Lara-1\"\n                    alt=\"Sarkad_Kossuth_Klembucz_Lara-1\"\n                    src=\"https:\/\/szakrendelo-sarkad.hu\/efi\/wp-content\/uploads\/sites\/2\/nggallery\/rajzverseny_2024\/thumbs\/thumbs_Sarkad_Kossuth_Klembucz_Lara-1.jpg\"\n                    width=\"240\"\n                    height=\"160\"\n                    style=\"max-width:100%;\"\n                \/>\n            <\/a>\n        <\/div>\n\t\t\t\t\t\t\t<\/div> \n\t\t\t\n        \n\t\t\t\t<div id=\"ngg-image-5\" class=\"ngg-gallery-thumbnail-box\" >\n\t\t\t\t        <div class=\"ngg-gallery-thumbnail\">\n            <a href=\"https:\/\/szakrendelo-sarkad.hu\/efi\/wp-content\/uploads\/sites\/2\/nggallery\/rajzverseny_2024\/Sarkad_Kossuth_German_Hanna-1.jpg\"\n               title=\"\"\n               data-src=\"https:\/\/szakrendelo-sarkad.hu\/efi\/wp-content\/uploads\/sites\/2\/nggallery\/rajzverseny_2024\/Sarkad_Kossuth_German_Hanna-1.jpg\"\n               data-thumbnail=\"https:\/\/szakrendelo-sarkad.hu\/efi\/wp-content\/uploads\/sites\/2\/nggallery\/rajzverseny_2024\/thumbs\/thumbs_Sarkad_Kossuth_German_Hanna-1.jpg\"\n               data-image-id=\"1912\"\n               data-title=\"Sarkad_Kossuth_German_Hanna-1\"\n               data-description=\"\"\n               data-image-slug=\"sarkad_kossuth_german_hanna-1\"\n               class=\"ngg-fancybox\" rel=\"ddc0d65f13e34effc2e0243c4070748a\">\n                <img\n                    title=\"Sarkad_Kossuth_German_Hanna-1\"\n                    alt=\"Sarkad_Kossuth_German_Hanna-1\"\n                    src=\"https:\/\/szakrendelo-sarkad.hu\/efi\/wp-content\/uploads\/sites\/2\/nggallery\/rajzverseny_2024\/thumbs\/thumbs_Sarkad_Kossuth_German_Hanna-1.jpg\"\n                    width=\"240\"\n                    height=\"160\"\n                    style=\"max-width:100%;\"\n                \/>\n            <\/a>\n        <\/div>\n\t\t\t\t\t\t\t<\/div> \n\t\t\t\n        \n\t\t\t\t<div id=\"ngg-image-6\" class=\"ngg-gallery-thumbnail-box\" >\n\t\t\t\t        <div class=\"ngg-gallery-thumbnail\">\n            <a href=\"https:\/\/szakrendelo-sarkad.hu\/efi\/wp-content\/uploads\/sites\/2\/nggallery\/rajzverseny_2024\/Sarkad_Epreskert_Szombati_Hanna-1.jpg\"\n               title=\"\"\n               data-src=\"https:\/\/szakrendelo-sarkad.hu\/efi\/wp-content\/uploads\/sites\/2\/nggallery\/rajzverseny_2024\/Sarkad_Epreskert_Szombati_Hanna-1.jpg\"\n               data-thumbnail=\"https:\/\/szakrendelo-sarkad.hu\/efi\/wp-content\/uploads\/sites\/2\/nggallery\/rajzverseny_2024\/thumbs\/thumbs_Sarkad_Epreskert_Szombati_Hanna-1.jpg\"\n               data-image-id=\"1911\"\n               data-title=\"Sarkad_Epreskert_Szombati_Hanna-1\"\n               data-description=\"\"\n               data-image-slug=\"sarkad_epreskert_szombati_hanna-1\"\n               class=\"ngg-fancybox\" rel=\"ddc0d65f13e34effc2e0243c4070748a\">\n                <img\n                    title=\"Sarkad_Epreskert_Szombati_Hanna-1\"\n                    alt=\"Sarkad_Epreskert_Szombati_Hanna-1\"\n                    src=\"https:\/\/szakrendelo-sarkad.hu\/efi\/wp-content\/uploads\/sites\/2\/nggallery\/rajzverseny_2024\/thumbs\/thumbs_Sarkad_Epreskert_Szombati_Hanna-1.jpg\"\n                    width=\"240\"\n                    height=\"160\"\n                    style=\"max-width:100%;\"\n                \/>\n            <\/a>\n        <\/div>\n\t\t\t\t\t\t\t<\/div> \n\t\t\t\n        \n\t\t\t\t<div id=\"ngg-image-7\" class=\"ngg-gallery-thumbnail-box\" >\n\t\t\t\t        <div class=\"ngg-gallery-thumbnail\">\n            <a href=\"https:\/\/szakrendelo-sarkad.hu\/efi\/wp-content\/uploads\/sites\/2\/nggallery\/rajzverseny_2024\/Sarkad_Epreskert_Ollari_Arabella-1.jpg\"\n               title=\"\"\n               data-src=\"https:\/\/szakrendelo-sarkad.hu\/efi\/wp-content\/uploads\/sites\/2\/nggallery\/rajzverseny_2024\/Sarkad_Epreskert_Ollari_Arabella-1.jpg\"\n               data-thumbnail=\"https:\/\/szakrendelo-sarkad.hu\/efi\/wp-content\/uploads\/sites\/2\/nggallery\/rajzverseny_2024\/thumbs\/thumbs_Sarkad_Epreskert_Ollari_Arabella-1.jpg\"\n               data-image-id=\"1910\"\n               data-title=\"Sarkad_Epreskert_Ollari_Arabella-1\"\n               data-description=\"\"\n               data-image-slug=\"sarkad_epreskert_ollari_arabella-1\"\n               class=\"ngg-fancybox\" rel=\"ddc0d65f13e34effc2e0243c4070748a\">\n                <img\n                    title=\"Sarkad_Epreskert_Ollari_Arabella-1\"\n                    alt=\"Sarkad_Epreskert_Ollari_Arabella-1\"\n                    src=\"https:\/\/szakrendelo-sarkad.hu\/efi\/wp-content\/uploads\/sites\/2\/nggallery\/rajzverseny_2024\/thumbs\/thumbs_Sarkad_Epreskert_Ollari_Arabella-1.jpg\"\n                    width=\"240\"\n                    height=\"160\"\n                    style=\"max-width:100%;\"\n                \/>\n            <\/a>\n        <\/div>\n\t\t\t\t\t\t\t<\/div> \n\t\t\t\n        \n\t\t\t\t<div id=\"ngg-image-8\" class=\"ngg-gallery-thumbnail-box\" >\n\t\t\t\t        <div class=\"ngg-gallery-thumbnail\">\n            <a href=\"https:\/\/szakrendelo-sarkad.hu\/efi\/wp-content\/uploads\/sites\/2\/nggallery\/rajzverseny_2024\/Sarkad_Szalontai_Horvath_Gyorgy-1.jpg\"\n               title=\"\"\n               data-src=\"https:\/\/szakrendelo-sarkad.hu\/efi\/wp-content\/uploads\/sites\/2\/nggallery\/rajzverseny_2024\/Sarkad_Szalontai_Horvath_Gyorgy-1.jpg\"\n               data-thumbnail=\"https:\/\/szakrendelo-sarkad.hu\/efi\/wp-content\/uploads\/sites\/2\/nggallery\/rajzverseny_2024\/thumbs\/thumbs_Sarkad_Szalontai_Horvath_Gyorgy-1.jpg\"\n               data-image-id=\"1918\"\n               data-title=\"Sarkad_Szalontai_Horvath_Gyorgy-1\"\n               data-description=\"\"\n               data-image-slug=\"sarkad_szalontai_horvath_gyorgy-1\"\n               class=\"ngg-fancybox\" rel=\"ddc0d65f13e34effc2e0243c4070748a\">\n                <img\n                    title=\"Sarkad_Szalontai_Horvath_Gyorgy-1\"\n                    alt=\"Sarkad_Szalontai_Horvath_Gyorgy-1\"\n                    src=\"https:\/\/szakrendelo-sarkad.hu\/efi\/wp-content\/uploads\/sites\/2\/nggallery\/rajzverseny_2024\/thumbs\/thumbs_Sarkad_Szalontai_Horvath_Gyorgy-1.jpg\"\n                    width=\"240\"\n                    height=\"160\"\n                    style=\"max-width:100%;\"\n                \/>\n            <\/a>\n        <\/div>\n\t\t\t\t\t\t\t<\/div> \n\t\t\t\n        \n\t\t\t\t<div id=\"ngg-image-9\" class=\"ngg-gallery-thumbnail-box\" >\n\t\t\t\t        <div class=\"ngg-gallery-thumbnail\">\n            <a href=\"https:\/\/szakrendelo-sarkad.hu\/efi\/wp-content\/uploads\/sites\/2\/nggallery\/rajzverseny_2024\/Sarkad_Vasut_Guba_Greta_Hanna-1.jpg\"\n               title=\"\"\n               data-src=\"https:\/\/szakrendelo-sarkad.hu\/efi\/wp-content\/uploads\/sites\/2\/nggallery\/rajzverseny_2024\/Sarkad_Vasut_Guba_Greta_Hanna-1.jpg\"\n               data-thumbnail=\"https:\/\/szakrendelo-sarkad.hu\/efi\/wp-content\/uploads\/sites\/2\/nggallery\/rajzverseny_2024\/thumbs\/thumbs_Sarkad_Vasut_Guba_Greta_Hanna-1.jpg\"\n               data-image-id=\"1921\"\n               data-title=\"Sarkad_Vasut_Guba_Greta_Hanna-1\"\n               data-description=\"\"\n               data-image-slug=\"sarkad_vasut_guba_greta_hanna-1\"\n               class=\"ngg-fancybox\" rel=\"ddc0d65f13e34effc2e0243c4070748a\">\n                <img\n                    title=\"Sarkad_Vasut_Guba_Greta_Hanna-1\"\n                    alt=\"Sarkad_Vasut_Guba_Greta_Hanna-1\"\n                    src=\"https:\/\/szakrendelo-sarkad.hu\/efi\/wp-content\/uploads\/sites\/2\/nggallery\/rajzverseny_2024\/thumbs\/thumbs_Sarkad_Vasut_Guba_Greta_Hanna-1.jpg\"\n                    width=\"240\"\n                    height=\"160\"\n                    style=\"max-width:100%;\"\n                \/>\n            <\/a>\n        <\/div>\n\t\t\t\t\t\t\t<\/div> \n\t\t\t\n        \n\t\t\t\t<div id=\"ngg-image-10\" class=\"ngg-gallery-thumbnail-box\" >\n\t\t\t\t        <div class=\"ngg-gallery-thumbnail\">\n            <a href=\"https:\/\/szakrendelo-sarkad.hu\/efi\/wp-content\/uploads\/sites\/2\/nggallery\/rajzverseny_2024\/Sarkad_Epreskert_Farkas_Adrienn-1.jpg\"\n               title=\"\"\n               data-src=\"https:\/\/szakrendelo-sarkad.hu\/efi\/wp-content\/uploads\/sites\/2\/nggallery\/rajzverseny_2024\/Sarkad_Epreskert_Farkas_Adrienn-1.jpg\"\n               data-thumbnail=\"https:\/\/szakrendelo-sarkad.hu\/efi\/wp-content\/uploads\/sites\/2\/nggallery\/rajzverseny_2024\/thumbs\/thumbs_Sarkad_Epreskert_Farkas_Adrienn-1.jpg\"\n               data-image-id=\"1907\"\n               data-title=\"Sarkad_Epreskert_Farkas_Adrienn-1\"\n               data-description=\"\"\n               data-image-slug=\"sarkad_epreskert_farkas_adrienn-1\"\n               class=\"ngg-fancybox\" rel=\"ddc0d65f13e34effc2e0243c4070748a\">\n                <img\n                    title=\"Sarkad_Epreskert_Farkas_Adrienn-1\"\n                    alt=\"Sarkad_Epreskert_Farkas_Adrienn-1\"\n                    src=\"https:\/\/szakrendelo-sarkad.hu\/efi\/wp-content\/uploads\/sites\/2\/nggallery\/rajzverseny_2024\/thumbs\/thumbs_Sarkad_Epreskert_Farkas_Adrienn-1.jpg\"\n                    width=\"240\"\n                    height=\"160\"\n                    style=\"max-width:100%;\"\n                \/>\n            <\/a>\n        <\/div>\n\t\t\t\t\t\t\t<\/div> \n\t\t\t\n        \n\t\t\t\t<div id=\"ngg-image-11\" class=\"ngg-gallery-thumbnail-box\" >\n\t\t\t\t        <div class=\"ngg-gallery-thumbnail\">\n            <a href=\"https:\/\/szakrendelo-sarkad.hu\/efi\/wp-content\/uploads\/sites\/2\/nggallery\/rajzverseny_2024\/Biharugra_Korosmenti_Jambor_Naomi-1.jpg\"\n               title=\"\"\n               data-src=\"https:\/\/szakrendelo-sarkad.hu\/efi\/wp-content\/uploads\/sites\/2\/nggallery\/rajzverseny_2024\/Biharugra_Korosmenti_Jambor_Naomi-1.jpg\"\n               data-thumbnail=\"https:\/\/szakrendelo-sarkad.hu\/efi\/wp-content\/uploads\/sites\/2\/nggallery\/rajzverseny_2024\/thumbs\/thumbs_Biharugra_Korosmenti_Jambor_Naomi-1.jpg\"\n               data-image-id=\"1896\"\n               data-title=\"Biharugra_Korosmenti_Jambor_Naomi-1\"\n               data-description=\"\"\n               data-image-slug=\"biharugra_korosmenti_jambor_naomi-1\"\n               class=\"ngg-fancybox\" rel=\"ddc0d65f13e34effc2e0243c4070748a\">\n                <img\n                    title=\"Biharugra_Korosmenti_Jambor_Naomi-1\"\n                    alt=\"Biharugra_Korosmenti_Jambor_Naomi-1\"\n                    src=\"https:\/\/szakrendelo-sarkad.hu\/efi\/wp-content\/uploads\/sites\/2\/nggallery\/rajzverseny_2024\/thumbs\/thumbs_Biharugra_Korosmenti_Jambor_Naomi-1.jpg\"\n                    width=\"240\"\n                    height=\"160\"\n                    style=\"max-width:100%;\"\n                \/>\n            <\/a>\n        <\/div>\n\t\t\t\t\t\t\t<\/div> \n\t\t\t\n        \n\t\t\t\t<div id=\"ngg-image-12\" class=\"ngg-gallery-thumbnail-box\" >\n\t\t\t\t        <div class=\"ngg-gallery-thumbnail\">\n            <a href=\"https:\/\/szakrendelo-sarkad.hu\/efi\/wp-content\/uploads\/sites\/2\/nggallery\/rajzverseny_2024\/Mehkerek_Varazskert_Martyin-1.jpg\"\n               title=\"\"\n               data-src=\"https:\/\/szakrendelo-sarkad.hu\/efi\/wp-content\/uploads\/sites\/2\/nggallery\/rajzverseny_2024\/Mehkerek_Varazskert_Martyin-1.jpg\"\n               data-thumbnail=\"https:\/\/szakrendelo-sarkad.hu\/efi\/wp-content\/uploads\/sites\/2\/nggallery\/rajzverseny_2024\/thumbs\/thumbs_Mehkerek_Varazskert_Martyin-1.jpg\"\n               data-image-id=\"1905\"\n               data-title=\"Mehkerek_Varazskert_Martyin-1\"\n               data-description=\"\"\n               data-image-slug=\"mehkerek_varazskert_martyin-1\"\n               class=\"ngg-fancybox\" rel=\"ddc0d65f13e34effc2e0243c4070748a\">\n                <img\n                    title=\"Mehkerek_Varazskert_Martyin-1\"\n                    alt=\"Mehkerek_Varazskert_Martyin-1\"\n                    src=\"https:\/\/szakrendelo-sarkad.hu\/efi\/wp-content\/uploads\/sites\/2\/nggallery\/rajzverseny_2024\/thumbs\/thumbs_Mehkerek_Varazskert_Martyin-1.jpg\"\n                    width=\"240\"\n                    height=\"160\"\n                    style=\"max-width:100%;\"\n                \/>\n            <\/a>\n        <\/div>\n\t\t\t\t\t\t\t<\/div> \n\t\t\t\n        \n\t\t\t\t<div id=\"ngg-image-13\" class=\"ngg-gallery-thumbnail-box\" >\n\t\t\t\t        <div class=\"ngg-gallery-thumbnail\">\n            <a href=\"https:\/\/szakrendelo-sarkad.hu\/efi\/wp-content\/uploads\/sites\/2\/nggallery\/rajzverseny_2024\/Mehkerek_Varazskert_Czingli_Mirabella-1.jpg\"\n               title=\"\"\n               data-src=\"https:\/\/szakrendelo-sarkad.hu\/efi\/wp-content\/uploads\/sites\/2\/nggallery\/rajzverseny_2024\/Mehkerek_Varazskert_Czingli_Mirabella-1.jpg\"\n               data-thumbnail=\"https:\/\/szakrendelo-sarkad.hu\/efi\/wp-content\/uploads\/sites\/2\/nggallery\/rajzverseny_2024\/thumbs\/thumbs_Mehkerek_Varazskert_Czingli_Mirabella-1.jpg\"\n               data-image-id=\"1904\"\n               data-title=\"Mehkerek_Varazskert_Czingli_Mirabella-1\"\n               data-description=\"\"\n               data-image-slug=\"mehkerek_varazskert_czingli_mirabella-1\"\n               class=\"ngg-fancybox\" rel=\"ddc0d65f13e34effc2e0243c4070748a\">\n                <img\n                    title=\"Mehkerek_Varazskert_Czingli_Mirabella-1\"\n                    alt=\"Mehkerek_Varazskert_Czingli_Mirabella-1\"\n                    src=\"https:\/\/szakrendelo-sarkad.hu\/efi\/wp-content\/uploads\/sites\/2\/nggallery\/rajzverseny_2024\/thumbs\/thumbs_Mehkerek_Varazskert_Czingli_Mirabella-1.jpg\"\n                    width=\"240\"\n                    height=\"160\"\n                    style=\"max-width:100%;\"\n                \/>\n            <\/a>\n        <\/div>\n\t\t\t\t\t\t\t<\/div> \n\t\t\t\n        \n\t\t\t\t<div id=\"ngg-image-14\" class=\"ngg-gallery-thumbnail-box\" >\n\t\t\t\t        <div class=\"ngg-gallery-thumbnail\">\n            <a href=\"https:\/\/szakrendelo-sarkad.hu\/efi\/wp-content\/uploads\/sites\/2\/nggallery\/rajzverseny_2024\/Kotegyan_Ovoda_Pallag_Katalin_Viktoria-1.jpg\"\n               title=\"\"\n               data-src=\"https:\/\/szakrendelo-sarkad.hu\/efi\/wp-content\/uploads\/sites\/2\/nggallery\/rajzverseny_2024\/Kotegyan_Ovoda_Pallag_Katalin_Viktoria-1.jpg\"\n               data-thumbnail=\"https:\/\/szakrendelo-sarkad.hu\/efi\/wp-content\/uploads\/sites\/2\/nggallery\/rajzverseny_2024\/thumbs\/thumbs_Kotegyan_Ovoda_Pallag_Katalin_Viktoria-1.jpg\"\n               data-image-id=\"1903\"\n               data-title=\"Kotegyan_Ovoda_Pallag_Katalin_Viktoria-1\"\n               data-description=\"\"\n               data-image-slug=\"kotegyan_ovoda_pallag_katalin_viktoria-1\"\n               class=\"ngg-fancybox\" rel=\"ddc0d65f13e34effc2e0243c4070748a\">\n                <img\n                    title=\"Kotegyan_Ovoda_Pallag_Katalin_Viktoria-1\"\n                    alt=\"Kotegyan_Ovoda_Pallag_Katalin_Viktoria-1\"\n                    src=\"https:\/\/szakrendelo-sarkad.hu\/efi\/wp-content\/uploads\/sites\/2\/nggallery\/rajzverseny_2024\/thumbs\/thumbs_Kotegyan_Ovoda_Pallag_Katalin_Viktoria-1.jpg\"\n                    width=\"240\"\n                    height=\"160\"\n                    style=\"max-width:100%;\"\n                \/>\n            <\/a>\n        <\/div>\n\t\t\t\t\t\t\t<\/div> \n\t\t\t\n        \n\t\t\t\t<div id=\"ngg-image-15\" class=\"ngg-gallery-thumbnail-box\" >\n\t\t\t\t        <div class=\"ngg-gallery-thumbnail\">\n            <a href=\"https:\/\/szakrendelo-sarkad.hu\/efi\/wp-content\/uploads\/sites\/2\/nggallery\/rajzverseny_2024\/Kotegyan_Ovoda_Mohacsi_Johanna_Gizella-1.jpg\"\n               title=\"\"\n               data-src=\"https:\/\/szakrendelo-sarkad.hu\/efi\/wp-content\/uploads\/sites\/2\/nggallery\/rajzverseny_2024\/Kotegyan_Ovoda_Mohacsi_Johanna_Gizella-1.jpg\"\n               data-thumbnail=\"https:\/\/szakrendelo-sarkad.hu\/efi\/wp-content\/uploads\/sites\/2\/nggallery\/rajzverseny_2024\/thumbs\/thumbs_Kotegyan_Ovoda_Mohacsi_Johanna_Gizella-1.jpg\"\n               data-image-id=\"1902\"\n               data-title=\"Kotegyan_Ovoda_Mohacsi_Johanna_Gizella-1\"\n               data-description=\"\"\n               data-image-slug=\"kotegyan_ovoda_mohacsi_johanna_gizella-1\"\n               class=\"ngg-fancybox\" rel=\"ddc0d65f13e34effc2e0243c4070748a\">\n                <img\n                    title=\"Kotegyan_Ovoda_Mohacsi_Johanna_Gizella-1\"\n                    alt=\"Kotegyan_Ovoda_Mohacsi_Johanna_Gizella-1\"\n                    src=\"https:\/\/szakrendelo-sarkad.hu\/efi\/wp-content\/uploads\/sites\/2\/nggallery\/rajzverseny_2024\/thumbs\/thumbs_Kotegyan_Ovoda_Mohacsi_Johanna_Gizella-1.jpg\"\n                    width=\"240\"\n                    height=\"160\"\n                    style=\"max-width:100%;\"\n                \/>\n            <\/a>\n        <\/div>\n\t\t\t\t\t\t\t<\/div> \n\t\t\t\n        \n\t\t\t\t<div id=\"ngg-image-16\" class=\"ngg-gallery-thumbnail-box\" >\n\t\t\t\t        <div class=\"ngg-gallery-thumbnail\">\n            <a href=\"https:\/\/szakrendelo-sarkad.hu\/efi\/wp-content\/uploads\/sites\/2\/nggallery\/rajzverseny_2024\/Sarkad_Szalontai_Sproch_Milan-1.jpg\"\n               title=\"\"\n               data-src=\"https:\/\/szakrendelo-sarkad.hu\/efi\/wp-content\/uploads\/sites\/2\/nggallery\/rajzverseny_2024\/Sarkad_Szalontai_Sproch_Milan-1.jpg\"\n               data-thumbnail=\"https:\/\/szakrendelo-sarkad.hu\/efi\/wp-content\/uploads\/sites\/2\/nggallery\/rajzverseny_2024\/thumbs\/thumbs_Sarkad_Szalontai_Sproch_Milan-1.jpg\"\n               data-image-id=\"1919\"\n               data-title=\"Sarkad_Szalontai_Sproch_Milan-1\"\n               data-description=\"\"\n               data-image-slug=\"sarkad_szalontai_sproch_milan-1\"\n               class=\"ngg-fancybox\" rel=\"ddc0d65f13e34effc2e0243c4070748a\">\n                <img\n                    title=\"Sarkad_Szalontai_Sproch_Milan-1\"\n                    alt=\"Sarkad_Szalontai_Sproch_Milan-1\"\n                    src=\"https:\/\/szakrendelo-sarkad.hu\/efi\/wp-content\/uploads\/sites\/2\/nggallery\/rajzverseny_2024\/thumbs\/thumbs_Sarkad_Szalontai_Sproch_Milan-1.jpg\"\n                    width=\"240\"\n                    height=\"160\"\n                    style=\"max-width:100%;\"\n                \/>\n            <\/a>\n        <\/div>\n\t\t\t\t\t\t\t<\/div> \n\t\t\t\n        \n\t\t\t\t<div id=\"ngg-image-17\" class=\"ngg-gallery-thumbnail-box\" >\n\t\t\t\t        <div class=\"ngg-gallery-thumbnail\">\n            <a href=\"https:\/\/szakrendelo-sarkad.hu\/efi\/wp-content\/uploads\/sites\/2\/nggallery\/rajzverseny_2024\/Sarkad_Vasut_Olah_Karoly_Enzo-1.jpg\"\n               title=\"\"\n               data-src=\"https:\/\/szakrendelo-sarkad.hu\/efi\/wp-content\/uploads\/sites\/2\/nggallery\/rajzverseny_2024\/Sarkad_Vasut_Olah_Karoly_Enzo-1.jpg\"\n               data-thumbnail=\"https:\/\/szakrendelo-sarkad.hu\/efi\/wp-content\/uploads\/sites\/2\/nggallery\/rajzverseny_2024\/thumbs\/thumbs_Sarkad_Vasut_Olah_Karoly_Enzo-1.jpg\"\n               data-image-id=\"1922\"\n               data-title=\"Sarkad_Vasut_Olah_Karoly_Enzo-1\"\n               data-description=\"\"\n               data-image-slug=\"sarkad_vasut_olah_karoly_enzo-1\"\n               class=\"ngg-fancybox\" rel=\"ddc0d65f13e34effc2e0243c4070748a\">\n                <img\n                    title=\"Sarkad_Vasut_Olah_Karoly_Enzo-1\"\n                    alt=\"Sarkad_Vasut_Olah_Karoly_Enzo-1\"\n                    src=\"https:\/\/szakrendelo-sarkad.hu\/efi\/wp-content\/uploads\/sites\/2\/nggallery\/rajzverseny_2024\/thumbs\/thumbs_Sarkad_Vasut_Olah_Karoly_Enzo-1.jpg\"\n                    width=\"240\"\n                    height=\"160\"\n                    style=\"max-width:100%;\"\n                \/>\n            <\/a>\n        <\/div>\n\t\t\t\t\t\t\t<\/div> \n\t\t\t\n        \n\t\t\t\t<div id=\"ngg-image-18\" class=\"ngg-gallery-thumbnail-box\" >\n\t\t\t\t        <div class=\"ngg-gallery-thumbnail\">\n            <a href=\"https:\/\/szakrendelo-sarkad.hu\/efi\/wp-content\/uploads\/sites\/2\/nggallery\/rajzverseny_2024\/Kotegyan_Ovoda_Budai_Nadin-1.jpg\"\n               title=\"\"\n               data-src=\"https:\/\/szakrendelo-sarkad.hu\/efi\/wp-content\/uploads\/sites\/2\/nggallery\/rajzverseny_2024\/Kotegyan_Ovoda_Budai_Nadin-1.jpg\"\n               data-thumbnail=\"https:\/\/szakrendelo-sarkad.hu\/efi\/wp-content\/uploads\/sites\/2\/nggallery\/rajzverseny_2024\/thumbs\/thumbs_Kotegyan_Ovoda_Budai_Nadin-1.jpg\"\n               data-image-id=\"1899\"\n               data-title=\"Kotegyan_Ovoda_Budai_Nadin-1\"\n               data-description=\"\"\n               data-image-slug=\"kotegyan_ovoda_budai_nadin-1\"\n               class=\"ngg-fancybox\" rel=\"ddc0d65f13e34effc2e0243c4070748a\">\n                <img\n                    title=\"Kotegyan_Ovoda_Budai_Nadin-1\"\n                    alt=\"Kotegyan_Ovoda_Budai_Nadin-1\"\n                    src=\"https:\/\/szakrendelo-sarkad.hu\/efi\/wp-content\/uploads\/sites\/2\/nggallery\/rajzverseny_2024\/thumbs\/thumbs_Kotegyan_Ovoda_Budai_Nadin-1.jpg\"\n                    width=\"240\"\n                    height=\"160\"\n                    style=\"max-width:100%;\"\n                \/>\n            <\/a>\n        <\/div>\n\t\t\t\t\t\t\t<\/div> \n\t\t\t\n        \n\t\t\t\t<div id=\"ngg-image-19\" class=\"ngg-gallery-thumbnail-box\" >\n\t\t\t\t        <div class=\"ngg-gallery-thumbnail\">\n            <a href=\"https:\/\/szakrendelo-sarkad.hu\/efi\/wp-content\/uploads\/sites\/2\/nggallery\/rajzverseny_2024\/Geszt_Mesevilag_Seres_Abigel-1.jpg\"\n               title=\"\"\n               data-src=\"https:\/\/szakrendelo-sarkad.hu\/efi\/wp-content\/uploads\/sites\/2\/nggallery\/rajzverseny_2024\/Geszt_Mesevilag_Seres_Abigel-1.jpg\"\n               data-thumbnail=\"https:\/\/szakrendelo-sarkad.hu\/efi\/wp-content\/uploads\/sites\/2\/nggallery\/rajzverseny_2024\/thumbs\/thumbs_Geszt_Mesevilag_Seres_Abigel-1.jpg\"\n               data-image-id=\"1898\"\n               data-title=\"Geszt_Mesevilag_Seres_Abigel-1\"\n               data-description=\"\"\n               data-image-slug=\"geszt_mesevilag_seres_abigel-1\"\n               class=\"ngg-fancybox\" rel=\"ddc0d65f13e34effc2e0243c4070748a\">\n                <img\n                    title=\"Geszt_Mesevilag_Seres_Abigel-1\"\n                    alt=\"Geszt_Mesevilag_Seres_Abigel-1\"\n                    src=\"https:\/\/szakrendelo-sarkad.hu\/efi\/wp-content\/uploads\/sites\/2\/nggallery\/rajzverseny_2024\/thumbs\/thumbs_Geszt_Mesevilag_Seres_Abigel-1.jpg\"\n                    width=\"240\"\n                    height=\"160\"\n                    style=\"max-width:100%;\"\n                \/>\n            <\/a>\n        <\/div>\n\t\t\t\t\t\t\t<\/div> \n\t\t\t\n        \n\t\t\n\t\t<!-- Pagination -->\n\t<div class='ngg-navigation'><span class=\"current\">1<\/span><a class=\"page-numbers\" data-pageid=\"2\" href=\"https:\/\/szakrendelo-sarkad.hu\/efi\/rajzverseny\/nggallery\/page\/2\">2<\/a><a class=\"next\" data-pageid=\"2\" id=\"ngg-next-2\" href=\"https:\/\/szakrendelo-sarkad.hu\/efi\/rajzverseny\/nggallery\/page\/2\">&#9658;<\/a><\/div>\t<\/div>\n\n<h3 style=\"text-align: center;\">D\u00edjkioszt\u00f3, eredm\u00e9nyhirdet\u00e9s:<\/h3>\n<!-- index.php -->\n<div\n\tclass=\"ngg-galleryoverview ngg-ajax-pagination-none\"\n\tid=\"ngg-gallery-b4138082801c598054d6a752dd528b70-1\">\n\n    \t<div class=\"slideshowlink\">\n        <a href='https:\/\/szakrendelo-sarkad.hu\/efi\/rajzverseny\/nggallery\/slideshow'>[Diavet\u00edt\u00e9s ind\u00edt\u00e1sa]<\/a>\n\t\t\n\t<\/div>\n\t\t\t<!-- Thumbnails -->\n\t\t\t\t<div id=\"ngg-image-0\" class=\"ngg-gallery-thumbnail-box\" >\n\t\t\t\t        <div class=\"ngg-gallery-thumbnail\">\n            <a href=\"https:\/\/szakrendelo-sarkad.hu\/efi\/wp-content\/uploads\/sites\/2\/nggallery\/rajzverseny_rendezveny\/DSC_0017.jpg\"\n               title=\"\"\n               data-src=\"https:\/\/szakrendelo-sarkad.hu\/efi\/wp-content\/uploads\/sites\/2\/nggallery\/rajzverseny_rendezveny\/DSC_0017.jpg\"\n               data-thumbnail=\"https:\/\/szakrendelo-sarkad.hu\/efi\/wp-content\/uploads\/sites\/2\/nggallery\/rajzverseny_rendezveny\/thumbs\/thumbs_DSC_0017.jpg\"\n               data-image-id=\"1933\"\n               data-title=\"DSC_0017\"\n               data-description=\"\"\n               data-image-slug=\"dsc_0017\"\n               class=\"ngg-fancybox\" rel=\"b4138082801c598054d6a752dd528b70\">\n                <img\n                    title=\"DSC_0017\"\n                    alt=\"DSC_0017\"\n                    src=\"https:\/\/szakrendelo-sarkad.hu\/efi\/wp-content\/uploads\/sites\/2\/nggallery\/rajzverseny_rendezveny\/thumbs\/thumbs_DSC_0017.jpg\"\n                    width=\"240\"\n                    height=\"160\"\n                    style=\"max-width:100%;\"\n                \/>\n            <\/a>\n        <\/div>\n\t\t\t\t\t\t\t<\/div> \n\t\t\t\n        \n\t\t\t\t<div id=\"ngg-image-1\" class=\"ngg-gallery-thumbnail-box\" >\n\t\t\t\t        <div class=\"ngg-gallery-thumbnail\">\n            <a href=\"https:\/\/szakrendelo-sarkad.hu\/efi\/wp-content\/uploads\/sites\/2\/nggallery\/rajzverseny_rendezveny\/DSC_0048.jpg\"\n               title=\"\"\n               data-src=\"https:\/\/szakrendelo-sarkad.hu\/efi\/wp-content\/uploads\/sites\/2\/nggallery\/rajzverseny_rendezveny\/DSC_0048.jpg\"\n               data-thumbnail=\"https:\/\/szakrendelo-sarkad.hu\/efi\/wp-content\/uploads\/sites\/2\/nggallery\/rajzverseny_rendezveny\/thumbs\/thumbs_DSC_0048.jpg\"\n               data-image-id=\"1942\"\n               data-title=\"DSC_0048\"\n               data-description=\"\"\n               data-image-slug=\"dsc_0048\"\n               class=\"ngg-fancybox\" rel=\"b4138082801c598054d6a752dd528b70\">\n                <img\n                    title=\"DSC_0048\"\n                    alt=\"DSC_0048\"\n                    src=\"https:\/\/szakrendelo-sarkad.hu\/efi\/wp-content\/uploads\/sites\/2\/nggallery\/rajzverseny_rendezveny\/thumbs\/thumbs_DSC_0048.jpg\"\n                    width=\"240\"\n                    height=\"160\"\n                    style=\"max-width:100%;\"\n                \/>\n            <\/a>\n        <\/div>\n\t\t\t\t\t\t\t<\/div> \n\t\t\t\n        \n\t\t\t\t<div id=\"ngg-image-2\" class=\"ngg-gallery-thumbnail-box\" >\n\t\t\t\t        <div class=\"ngg-gallery-thumbnail\">\n            <a href=\"https:\/\/szakrendelo-sarkad.hu\/efi\/wp-content\/uploads\/sites\/2\/nggallery\/rajzverseny_rendezveny\/DSC_0047.jpg\"\n               title=\"\"\n               data-src=\"https:\/\/szakrendelo-sarkad.hu\/efi\/wp-content\/uploads\/sites\/2\/nggallery\/rajzverseny_rendezveny\/DSC_0047.jpg\"\n               data-thumbnail=\"https:\/\/szakrendelo-sarkad.hu\/efi\/wp-content\/uploads\/sites\/2\/nggallery\/rajzverseny_rendezveny\/thumbs\/thumbs_DSC_0047.jpg\"\n               data-image-id=\"1941\"\n               data-title=\"DSC_0047\"\n               data-description=\"\"\n               data-image-slug=\"dsc_0047\"\n               class=\"ngg-fancybox\" rel=\"b4138082801c598054d6a752dd528b70\">\n                <img\n                    title=\"DSC_0047\"\n                    alt=\"DSC_0047\"\n                    src=\"https:\/\/szakrendelo-sarkad.hu\/efi\/wp-content\/uploads\/sites\/2\/nggallery\/rajzverseny_rendezveny\/thumbs\/thumbs_DSC_0047.jpg\"\n                    width=\"240\"\n                    height=\"160\"\n                    style=\"max-width:100%;\"\n                \/>\n            <\/a>\n        <\/div>\n\t\t\t\t\t\t\t<\/div> \n\t\t\t\n        \n\t\t\t\t<div id=\"ngg-image-3\" class=\"ngg-gallery-thumbnail-box\" >\n\t\t\t\t        <div class=\"ngg-gallery-thumbnail\">\n            <a href=\"https:\/\/szakrendelo-sarkad.hu\/efi\/wp-content\/uploads\/sites\/2\/nggallery\/rajzverseny_rendezveny\/DSC_0044.jpg\"\n               title=\"\"\n               data-src=\"https:\/\/szakrendelo-sarkad.hu\/efi\/wp-content\/uploads\/sites\/2\/nggallery\/rajzverseny_rendezveny\/DSC_0044.jpg\"\n               data-thumbnail=\"https:\/\/szakrendelo-sarkad.hu\/efi\/wp-content\/uploads\/sites\/2\/nggallery\/rajzverseny_rendezveny\/thumbs\/thumbs_DSC_0044.jpg\"\n               data-image-id=\"1940\"\n               data-title=\"DSC_0044\"\n               data-description=\"\"\n               data-image-slug=\"dsc_0044\"\n               class=\"ngg-fancybox\" rel=\"b4138082801c598054d6a752dd528b70\">\n                <img\n                    title=\"DSC_0044\"\n                    alt=\"DSC_0044\"\n                    src=\"https:\/\/szakrendelo-sarkad.hu\/efi\/wp-content\/uploads\/sites\/2\/nggallery\/rajzverseny_rendezveny\/thumbs\/thumbs_DSC_0044.jpg\"\n                    width=\"240\"\n                    height=\"160\"\n                    style=\"max-width:100%;\"\n                \/>\n            <\/a>\n        <\/div>\n\t\t\t\t\t\t\t<\/div> \n\t\t\t\n        \n\t\t\t\t<div id=\"ngg-image-4\" class=\"ngg-gallery-thumbnail-box\" >\n\t\t\t\t        <div class=\"ngg-gallery-thumbnail\">\n            <a href=\"https:\/\/szakrendelo-sarkad.hu\/efi\/wp-content\/uploads\/sites\/2\/nggallery\/rajzverseny_rendezveny\/DSC_0032.jpg\"\n               title=\"\"\n               data-src=\"https:\/\/szakrendelo-sarkad.hu\/efi\/wp-content\/uploads\/sites\/2\/nggallery\/rajzverseny_rendezveny\/DSC_0032.jpg\"\n               data-thumbnail=\"https:\/\/szakrendelo-sarkad.hu\/efi\/wp-content\/uploads\/sites\/2\/nggallery\/rajzverseny_rendezveny\/thumbs\/thumbs_DSC_0032.jpg\"\n               data-image-id=\"1939\"\n               data-title=\"DSC_0032\"\n               data-description=\"\"\n               data-image-slug=\"dsc_0032\"\n               class=\"ngg-fancybox\" rel=\"b4138082801c598054d6a752dd528b70\">\n                <img\n                    title=\"DSC_0032\"\n                    alt=\"DSC_0032\"\n                    src=\"https:\/\/szakrendelo-sarkad.hu\/efi\/wp-content\/uploads\/sites\/2\/nggallery\/rajzverseny_rendezveny\/thumbs\/thumbs_DSC_0032.jpg\"\n                    width=\"240\"\n                    height=\"160\"\n                    style=\"max-width:100%;\"\n                \/>\n            <\/a>\n        <\/div>\n\t\t\t\t\t\t\t<\/div> \n\t\t\t\n        \n\t\t\t\t<div id=\"ngg-image-5\" class=\"ngg-gallery-thumbnail-box\" >\n\t\t\t\t        <div class=\"ngg-gallery-thumbnail\">\n            <a href=\"https:\/\/szakrendelo-sarkad.hu\/efi\/wp-content\/uploads\/sites\/2\/nggallery\/rajzverseny_rendezveny\/DSC_0029.jpg\"\n               title=\"\"\n               data-src=\"https:\/\/szakrendelo-sarkad.hu\/efi\/wp-content\/uploads\/sites\/2\/nggallery\/rajzverseny_rendezveny\/DSC_0029.jpg\"\n               data-thumbnail=\"https:\/\/szakrendelo-sarkad.hu\/efi\/wp-content\/uploads\/sites\/2\/nggallery\/rajzverseny_rendezveny\/thumbs\/thumbs_DSC_0029.jpg\"\n               data-image-id=\"1938\"\n               data-title=\"DSC_0029\"\n               data-description=\"\"\n               data-image-slug=\"dsc_0029\"\n               class=\"ngg-fancybox\" rel=\"b4138082801c598054d6a752dd528b70\">\n                <img\n                    title=\"DSC_0029\"\n                    alt=\"DSC_0029\"\n                    src=\"https:\/\/szakrendelo-sarkad.hu\/efi\/wp-content\/uploads\/sites\/2\/nggallery\/rajzverseny_rendezveny\/thumbs\/thumbs_DSC_0029.jpg\"\n                    width=\"240\"\n                    height=\"160\"\n                    style=\"max-width:100%;\"\n                \/>\n            <\/a>\n        <\/div>\n\t\t\t\t\t\t\t<\/div> \n\t\t\t\n        \n\t\t\t\t<div id=\"ngg-image-6\" class=\"ngg-gallery-thumbnail-box\" >\n\t\t\t\t        <div class=\"ngg-gallery-thumbnail\">\n            <a href=\"https:\/\/szakrendelo-sarkad.hu\/efi\/wp-content\/uploads\/sites\/2\/nggallery\/rajzverseny_rendezveny\/DSC_0022.jpg\"\n               title=\"\"\n               data-src=\"https:\/\/szakrendelo-sarkad.hu\/efi\/wp-content\/uploads\/sites\/2\/nggallery\/rajzverseny_rendezveny\/DSC_0022.jpg\"\n               data-thumbnail=\"https:\/\/szakrendelo-sarkad.hu\/efi\/wp-content\/uploads\/sites\/2\/nggallery\/rajzverseny_rendezveny\/thumbs\/thumbs_DSC_0022.jpg\"\n               data-image-id=\"1937\"\n               data-title=\"DSC_0022\"\n               data-description=\"\"\n               data-image-slug=\"dsc_0022\"\n               class=\"ngg-fancybox\" rel=\"b4138082801c598054d6a752dd528b70\">\n                <img\n                    title=\"DSC_0022\"\n                    alt=\"DSC_0022\"\n                    src=\"https:\/\/szakrendelo-sarkad.hu\/efi\/wp-content\/uploads\/sites\/2\/nggallery\/rajzverseny_rendezveny\/thumbs\/thumbs_DSC_0022.jpg\"\n                    width=\"240\"\n                    height=\"160\"\n                    style=\"max-width:100%;\"\n                \/>\n            <\/a>\n        <\/div>\n\t\t\t\t\t\t\t<\/div> \n\t\t\t\n        \n\t\t\t\t<div id=\"ngg-image-7\" class=\"ngg-gallery-thumbnail-box\" >\n\t\t\t\t        <div class=\"ngg-gallery-thumbnail\">\n            <a href=\"https:\/\/szakrendelo-sarkad.hu\/efi\/wp-content\/uploads\/sites\/2\/nggallery\/rajzverseny_rendezveny\/DSC_0021.jpg\"\n               title=\"\"\n               data-src=\"https:\/\/szakrendelo-sarkad.hu\/efi\/wp-content\/uploads\/sites\/2\/nggallery\/rajzverseny_rendezveny\/DSC_0021.jpg\"\n               data-thumbnail=\"https:\/\/szakrendelo-sarkad.hu\/efi\/wp-content\/uploads\/sites\/2\/nggallery\/rajzverseny_rendezveny\/thumbs\/thumbs_DSC_0021.jpg\"\n               data-image-id=\"1936\"\n               data-title=\"DSC_0021\"\n               data-description=\"\"\n               data-image-slug=\"dsc_0021\"\n               class=\"ngg-fancybox\" rel=\"b4138082801c598054d6a752dd528b70\">\n                <img\n                    title=\"DSC_0021\"\n                    alt=\"DSC_0021\"\n                    src=\"https:\/\/szakrendelo-sarkad.hu\/efi\/wp-content\/uploads\/sites\/2\/nggallery\/rajzverseny_rendezveny\/thumbs\/thumbs_DSC_0021.jpg\"\n                    width=\"240\"\n                    height=\"160\"\n                    style=\"max-width:100%;\"\n                \/>\n            <\/a>\n        <\/div>\n\t\t\t\t\t\t\t<\/div> \n\t\t\t\n        \n\t\t\t\t<div id=\"ngg-image-8\" class=\"ngg-gallery-thumbnail-box\" >\n\t\t\t\t        <div class=\"ngg-gallery-thumbnail\">\n            <a href=\"https:\/\/szakrendelo-sarkad.hu\/efi\/wp-content\/uploads\/sites\/2\/nggallery\/rajzverseny_rendezveny\/DSC_0020.jpg\"\n               title=\"\"\n               data-src=\"https:\/\/szakrendelo-sarkad.hu\/efi\/wp-content\/uploads\/sites\/2\/nggallery\/rajzverseny_rendezveny\/DSC_0020.jpg\"\n               data-thumbnail=\"https:\/\/szakrendelo-sarkad.hu\/efi\/wp-content\/uploads\/sites\/2\/nggallery\/rajzverseny_rendezveny\/thumbs\/thumbs_DSC_0020.jpg\"\n               data-image-id=\"1935\"\n               data-title=\"DSC_0020\"\n               data-description=\"\"\n               data-image-slug=\"dsc_0020\"\n               class=\"ngg-fancybox\" rel=\"b4138082801c598054d6a752dd528b70\">\n                <img\n                    title=\"DSC_0020\"\n                    alt=\"DSC_0020\"\n                    src=\"https:\/\/szakrendelo-sarkad.hu\/efi\/wp-content\/uploads\/sites\/2\/nggallery\/rajzverseny_rendezveny\/thumbs\/thumbs_DSC_0020.jpg\"\n                    width=\"240\"\n                    height=\"160\"\n                    style=\"max-width:100%;\"\n                \/>\n            <\/a>\n        <\/div>\n\t\t\t\t\t\t\t<\/div> \n\t\t\t\n        \n\t\t\t\t<div id=\"ngg-image-9\" class=\"ngg-gallery-thumbnail-box\" >\n\t\t\t\t        <div class=\"ngg-gallery-thumbnail\">\n            <a href=\"https:\/\/szakrendelo-sarkad.hu\/efi\/wp-content\/uploads\/sites\/2\/nggallery\/rajzverseny_rendezveny\/DSC_0018.jpg\"\n               title=\"\"\n               data-src=\"https:\/\/szakrendelo-sarkad.hu\/efi\/wp-content\/uploads\/sites\/2\/nggallery\/rajzverseny_rendezveny\/DSC_0018.jpg\"\n               data-thumbnail=\"https:\/\/szakrendelo-sarkad.hu\/efi\/wp-content\/uploads\/sites\/2\/nggallery\/rajzverseny_rendezveny\/thumbs\/thumbs_DSC_0018.jpg\"\n               data-image-id=\"1934\"\n               data-title=\"DSC_0018\"\n               data-description=\"\"\n               data-image-slug=\"dsc_0018\"\n               class=\"ngg-fancybox\" rel=\"b4138082801c598054d6a752dd528b70\">\n                <img\n                    title=\"DSC_0018\"\n                    alt=\"DSC_0018\"\n                    src=\"https:\/\/szakrendelo-sarkad.hu\/efi\/wp-content\/uploads\/sites\/2\/nggallery\/rajzverseny_rendezveny\/thumbs\/thumbs_DSC_0018.jpg\"\n                    width=\"240\"\n                    height=\"160\"\n                    style=\"max-width:100%;\"\n                \/>\n            <\/a>\n        <\/div>\n\t\t\t\t\t\t\t<\/div> \n\t\t\t\n        \n\t\t\t\t<div id=\"ngg-image-10\" class=\"ngg-gallery-thumbnail-box\" >\n\t\t\t\t        <div class=\"ngg-gallery-thumbnail\">\n            <a href=\"https:\/\/szakrendelo-sarkad.hu\/efi\/wp-content\/uploads\/sites\/2\/nggallery\/rajzverseny_rendezveny\/DSC_0051.jpg\"\n               title=\"\"\n               data-src=\"https:\/\/szakrendelo-sarkad.hu\/efi\/wp-content\/uploads\/sites\/2\/nggallery\/rajzverseny_rendezveny\/DSC_0051.jpg\"\n               data-thumbnail=\"https:\/\/szakrendelo-sarkad.hu\/efi\/wp-content\/uploads\/sites\/2\/nggallery\/rajzverseny_rendezveny\/thumbs\/thumbs_DSC_0051.jpg\"\n               data-image-id=\"1923\"\n               data-title=\"DSC_0051\"\n               data-description=\"\"\n               data-image-slug=\"dsc_0051\"\n               class=\"ngg-fancybox\" rel=\"b4138082801c598054d6a752dd528b70\">\n                <img\n                    title=\"DSC_0051\"\n                    alt=\"DSC_0051\"\n                    src=\"https:\/\/szakrendelo-sarkad.hu\/efi\/wp-content\/uploads\/sites\/2\/nggallery\/rajzverseny_rendezveny\/thumbs\/thumbs_DSC_0051.jpg\"\n                    width=\"240\"\n                    height=\"160\"\n                    style=\"max-width:100%;\"\n                \/>\n            <\/a>\n        <\/div>\n\t\t\t\t\t\t\t<\/div> \n\t\t\t\n        \n\t\t\t\t<div id=\"ngg-image-11\" class=\"ngg-gallery-thumbnail-box\" >\n\t\t\t\t        <div class=\"ngg-gallery-thumbnail\">\n            <a href=\"https:\/\/szakrendelo-sarkad.hu\/efi\/wp-content\/uploads\/sites\/2\/nggallery\/rajzverseny_rendezveny\/DSC_0015.jpg\"\n               title=\"\"\n               data-src=\"https:\/\/szakrendelo-sarkad.hu\/efi\/wp-content\/uploads\/sites\/2\/nggallery\/rajzverseny_rendezveny\/DSC_0015.jpg\"\n               data-thumbnail=\"https:\/\/szakrendelo-sarkad.hu\/efi\/wp-content\/uploads\/sites\/2\/nggallery\/rajzverseny_rendezveny\/thumbs\/thumbs_DSC_0015.jpg\"\n               data-image-id=\"1932\"\n               data-title=\"DSC_0015\"\n               data-description=\"\"\n               data-image-slug=\"dsc_0015\"\n               class=\"ngg-fancybox\" rel=\"b4138082801c598054d6a752dd528b70\">\n                <img\n                    title=\"DSC_0015\"\n                    alt=\"DSC_0015\"\n                    src=\"https:\/\/szakrendelo-sarkad.hu\/efi\/wp-content\/uploads\/sites\/2\/nggallery\/rajzverseny_rendezveny\/thumbs\/thumbs_DSC_0015.jpg\"\n                    width=\"240\"\n                    height=\"160\"\n                    style=\"max-width:100%;\"\n                \/>\n            <\/a>\n        <\/div>\n\t\t\t\t\t\t\t<\/div> \n\t\t\t\n        \n\t\t\t\t<div id=\"ngg-image-12\" class=\"ngg-gallery-thumbnail-box\" >\n\t\t\t\t        <div class=\"ngg-gallery-thumbnail\">\n            <a href=\"https:\/\/szakrendelo-sarkad.hu\/efi\/wp-content\/uploads\/sites\/2\/nggallery\/rajzverseny_rendezveny\/20240923_103502.jpg\"\n               title=\"\"\n               data-src=\"https:\/\/szakrendelo-sarkad.hu\/efi\/wp-content\/uploads\/sites\/2\/nggallery\/rajzverseny_rendezveny\/20240923_103502.jpg\"\n               data-thumbnail=\"https:\/\/szakrendelo-sarkad.hu\/efi\/wp-content\/uploads\/sites\/2\/nggallery\/rajzverseny_rendezveny\/thumbs\/thumbs_20240923_103502.jpg\"\n               data-image-id=\"1931\"\n               data-title=\"20240923_103502\"\n               data-description=\"\"\n               data-image-slug=\"20240923_103502\"\n               class=\"ngg-fancybox\" rel=\"b4138082801c598054d6a752dd528b70\">\n                <img\n                    title=\"20240923_103502\"\n                    alt=\"20240923_103502\"\n                    src=\"https:\/\/szakrendelo-sarkad.hu\/efi\/wp-content\/uploads\/sites\/2\/nggallery\/rajzverseny_rendezveny\/thumbs\/thumbs_20240923_103502.jpg\"\n                    width=\"240\"\n                    height=\"160\"\n                    style=\"max-width:100%;\"\n                \/>\n            <\/a>\n        <\/div>\n\t\t\t\t\t\t\t<\/div> \n\t\t\t\n        \n\t\t\t\t<div id=\"ngg-image-13\" class=\"ngg-gallery-thumbnail-box\" >\n\t\t\t\t        <div class=\"ngg-gallery-thumbnail\">\n            <a href=\"https:\/\/szakrendelo-sarkad.hu\/efi\/wp-content\/uploads\/sites\/2\/nggallery\/rajzverseny_rendezveny\/20240923_103452.jpg\"\n               title=\"\"\n               data-src=\"https:\/\/szakrendelo-sarkad.hu\/efi\/wp-content\/uploads\/sites\/2\/nggallery\/rajzverseny_rendezveny\/20240923_103452.jpg\"\n               data-thumbnail=\"https:\/\/szakrendelo-sarkad.hu\/efi\/wp-content\/uploads\/sites\/2\/nggallery\/rajzverseny_rendezveny\/thumbs\/thumbs_20240923_103452.jpg\"\n               data-image-id=\"1930\"\n               data-title=\"20240923_103452\"\n               data-description=\"\"\n               data-image-slug=\"20240923_103452\"\n               class=\"ngg-fancybox\" rel=\"b4138082801c598054d6a752dd528b70\">\n                <img\n                    title=\"20240923_103452\"\n                    alt=\"20240923_103452\"\n                    src=\"https:\/\/szakrendelo-sarkad.hu\/efi\/wp-content\/uploads\/sites\/2\/nggallery\/rajzverseny_rendezveny\/thumbs\/thumbs_20240923_103452.jpg\"\n                    width=\"240\"\n                    height=\"160\"\n                    style=\"max-width:100%;\"\n                \/>\n            <\/a>\n        <\/div>\n\t\t\t\t\t\t\t<\/div> \n\t\t\t\n        \n\t\t\t\t<div id=\"ngg-image-14\" class=\"ngg-gallery-thumbnail-box\" >\n\t\t\t\t        <div class=\"ngg-gallery-thumbnail\">\n            <a href=\"https:\/\/szakrendelo-sarkad.hu\/efi\/wp-content\/uploads\/sites\/2\/nggallery\/rajzverseny_rendezveny\/DSC_0071.jpg\"\n               title=\"\"\n               data-src=\"https:\/\/szakrendelo-sarkad.hu\/efi\/wp-content\/uploads\/sites\/2\/nggallery\/rajzverseny_rendezveny\/DSC_0071.jpg\"\n               data-thumbnail=\"https:\/\/szakrendelo-sarkad.hu\/efi\/wp-content\/uploads\/sites\/2\/nggallery\/rajzverseny_rendezveny\/thumbs\/thumbs_DSC_0071.jpg\"\n               data-image-id=\"1929\"\n               data-title=\"DSC_0071\"\n               data-description=\"\"\n               data-image-slug=\"dsc_0071\"\n               class=\"ngg-fancybox\" rel=\"b4138082801c598054d6a752dd528b70\">\n                <img\n                    title=\"DSC_0071\"\n                    alt=\"DSC_0071\"\n                    src=\"https:\/\/szakrendelo-sarkad.hu\/efi\/wp-content\/uploads\/sites\/2\/nggallery\/rajzverseny_rendezveny\/thumbs\/thumbs_DSC_0071.jpg\"\n                    width=\"240\"\n                    height=\"160\"\n                    style=\"max-width:100%;\"\n                \/>\n            <\/a>\n        <\/div>\n\t\t\t\t\t\t\t<\/div> \n\t\t\t\n        \n\t\t\t\t<div id=\"ngg-image-15\" class=\"ngg-gallery-thumbnail-box\" >\n\t\t\t\t        <div class=\"ngg-gallery-thumbnail\">\n            <a href=\"https:\/\/szakrendelo-sarkad.hu\/efi\/wp-content\/uploads\/sites\/2\/nggallery\/rajzverseny_rendezveny\/DSC_0066.jpg\"\n               title=\"\"\n               data-src=\"https:\/\/szakrendelo-sarkad.hu\/efi\/wp-content\/uploads\/sites\/2\/nggallery\/rajzverseny_rendezveny\/DSC_0066.jpg\"\n               data-thumbnail=\"https:\/\/szakrendelo-sarkad.hu\/efi\/wp-content\/uploads\/sites\/2\/nggallery\/rajzverseny_rendezveny\/thumbs\/thumbs_DSC_0066.jpg\"\n               data-image-id=\"1928\"\n               data-title=\"DSC_0066\"\n               data-description=\"\"\n               data-image-slug=\"dsc_0066\"\n               class=\"ngg-fancybox\" rel=\"b4138082801c598054d6a752dd528b70\">\n                <img\n                    title=\"DSC_0066\"\n                    alt=\"DSC_0066\"\n                    src=\"https:\/\/szakrendelo-sarkad.hu\/efi\/wp-content\/uploads\/sites\/2\/nggallery\/rajzverseny_rendezveny\/thumbs\/thumbs_DSC_0066.jpg\"\n                    width=\"240\"\n                    height=\"160\"\n                    style=\"max-width:100%;\"\n                \/>\n            <\/a>\n        <\/div>\n\t\t\t\t\t\t\t<\/div> \n\t\t\t\n        \n\t\t\t\t<div id=\"ngg-image-16\" class=\"ngg-gallery-thumbnail-box\" >\n\t\t\t\t        <div class=\"ngg-gallery-thumbnail\">\n            <a href=\"https:\/\/szakrendelo-sarkad.hu\/efi\/wp-content\/uploads\/sites\/2\/nggallery\/rajzverseny_rendezveny\/DSC_0063.jpg\"\n               title=\"\"\n               data-src=\"https:\/\/szakrendelo-sarkad.hu\/efi\/wp-content\/uploads\/sites\/2\/nggallery\/rajzverseny_rendezveny\/DSC_0063.jpg\"\n               data-thumbnail=\"https:\/\/szakrendelo-sarkad.hu\/efi\/wp-content\/uploads\/sites\/2\/nggallery\/rajzverseny_rendezveny\/thumbs\/thumbs_DSC_0063.jpg\"\n               data-image-id=\"1927\"\n               data-title=\"DSC_0063\"\n               data-description=\"\"\n               data-image-slug=\"dsc_0063\"\n               class=\"ngg-fancybox\" rel=\"b4138082801c598054d6a752dd528b70\">\n                <img\n                    title=\"DSC_0063\"\n                    alt=\"DSC_0063\"\n                    src=\"https:\/\/szakrendelo-sarkad.hu\/efi\/wp-content\/uploads\/sites\/2\/nggallery\/rajzverseny_rendezveny\/thumbs\/thumbs_DSC_0063.jpg\"\n                    width=\"240\"\n                    height=\"160\"\n                    style=\"max-width:100%;\"\n                \/>\n            <\/a>\n        <\/div>\n\t\t\t\t\t\t\t<\/div> \n\t\t\t\n        \n\t\t\t\t<div id=\"ngg-image-17\" class=\"ngg-gallery-thumbnail-box\" >\n\t\t\t\t        <div class=\"ngg-gallery-thumbnail\">\n            <a href=\"https:\/\/szakrendelo-sarkad.hu\/efi\/wp-content\/uploads\/sites\/2\/nggallery\/rajzverseny_rendezveny\/DSC_0062.jpg\"\n               title=\"\"\n               data-src=\"https:\/\/szakrendelo-sarkad.hu\/efi\/wp-content\/uploads\/sites\/2\/nggallery\/rajzverseny_rendezveny\/DSC_0062.jpg\"\n               data-thumbnail=\"https:\/\/szakrendelo-sarkad.hu\/efi\/wp-content\/uploads\/sites\/2\/nggallery\/rajzverseny_rendezveny\/thumbs\/thumbs_DSC_0062.jpg\"\n               data-image-id=\"1926\"\n               data-title=\"DSC_0062\"\n               data-description=\"\"\n               data-image-slug=\"dsc_0062\"\n               class=\"ngg-fancybox\" rel=\"b4138082801c598054d6a752dd528b70\">\n                <img\n                    title=\"DSC_0062\"\n                    alt=\"DSC_0062\"\n                    src=\"https:\/\/szakrendelo-sarkad.hu\/efi\/wp-content\/uploads\/sites\/2\/nggallery\/rajzverseny_rendezveny\/thumbs\/thumbs_DSC_0062.jpg\"\n                    width=\"240\"\n                    height=\"160\"\n                    style=\"max-width:100%;\"\n                \/>\n            <\/a>\n        <\/div>\n\t\t\t\t\t\t\t<\/div> \n\t\t\t\n        \n\t\t\t\t<div id=\"ngg-image-18\" class=\"ngg-gallery-thumbnail-box\" >\n\t\t\t\t        <div class=\"ngg-gallery-thumbnail\">\n            <a href=\"https:\/\/szakrendelo-sarkad.hu\/efi\/wp-content\/uploads\/sites\/2\/nggallery\/rajzverseny_rendezveny\/DSC_0060.jpg\"\n               title=\"\"\n               data-src=\"https:\/\/szakrendelo-sarkad.hu\/efi\/wp-content\/uploads\/sites\/2\/nggallery\/rajzverseny_rendezveny\/DSC_0060.jpg\"\n               data-thumbnail=\"https:\/\/szakrendelo-sarkad.hu\/efi\/wp-content\/uploads\/sites\/2\/nggallery\/rajzverseny_rendezveny\/thumbs\/thumbs_DSC_0060.jpg\"\n               data-image-id=\"1925\"\n               data-title=\"DSC_0060\"\n               data-description=\"\"\n               data-image-slug=\"dsc_0060\"\n               class=\"ngg-fancybox\" rel=\"b4138082801c598054d6a752dd528b70\">\n                <img\n                    title=\"DSC_0060\"\n                    alt=\"DSC_0060\"\n                    src=\"https:\/\/szakrendelo-sarkad.hu\/efi\/wp-content\/uploads\/sites\/2\/nggallery\/rajzverseny_rendezveny\/thumbs\/thumbs_DSC_0060.jpg\"\n                    width=\"240\"\n                    height=\"160\"\n                    style=\"max-width:100%;\"\n                \/>\n            <\/a>\n        <\/div>\n\t\t\t\t\t\t\t<\/div> \n\t\t\t\n        \n\t\t\t\t<div id=\"ngg-image-19\" class=\"ngg-gallery-thumbnail-box\" >\n\t\t\t\t        <div class=\"ngg-gallery-thumbnail\">\n            <a href=\"https:\/\/szakrendelo-sarkad.hu\/efi\/wp-content\/uploads\/sites\/2\/nggallery\/rajzverseny_rendezveny\/DSC_0053.jpg\"\n               title=\"\"\n               data-src=\"https:\/\/szakrendelo-sarkad.hu\/efi\/wp-content\/uploads\/sites\/2\/nggallery\/rajzverseny_rendezveny\/DSC_0053.jpg\"\n               data-thumbnail=\"https:\/\/szakrendelo-sarkad.hu\/efi\/wp-content\/uploads\/sites\/2\/nggallery\/rajzverseny_rendezveny\/thumbs\/thumbs_DSC_0053.jpg\"\n               data-image-id=\"1924\"\n               data-title=\"DSC_0053\"\n               data-description=\"\"\n               data-image-slug=\"dsc_0053\"\n               class=\"ngg-fancybox\" rel=\"b4138082801c598054d6a752dd528b70\">\n                <img\n                    title=\"DSC_0053\"\n                    alt=\"DSC_0053\"\n                    src=\"https:\/\/szakrendelo-sarkad.hu\/efi\/wp-content\/uploads\/sites\/2\/nggallery\/rajzverseny_rendezveny\/thumbs\/thumbs_DSC_0053.jpg\"\n                    width=\"240\"\n                    height=\"160\"\n                    style=\"max-width:100%;\"\n                \/>\n            <\/a>\n        <\/div>\n\t\t\t\t\t\t\t<\/div> \n\t\t\t\n        \n\t\t\n\t\t<!-- Pagination -->\n\t<div class='ngg-clear'><\/div>\t<\/div>\n\n<h3 style=\"text-align: center;\">T\u00e1mogat\u00f3k:<\/h3>\n<figure class=\"table\">\n<table width=\"100%\">\n<tbody>\n<tr>\n<td style=\"text-align: center;\"><strong>Dr. Mok\u00e1n Istv\u00e1n polg\u00e1rmester<\/strong><\/td>\n<td style=\"text-align: center;\"><strong>Fire Therm Kft.<\/strong><\/td>\n<\/tr>\n<tr>\n<td style=\"text-align: center;\"><strong>Doxabo Kft.<\/strong><\/td>\n<td style=\"text-align: center;\"><strong>Schneider Nyomda Kft.<\/strong><\/td>\n<\/tr>\n<tr>\n<td style=\"text-align: center;\"><strong>Maris Tibor E.V.<\/strong><\/td>\n<td style=\"text-align: center;\"><strong>Debreczeni Lajos E.V.<\/strong><\/td>\n<\/tr>\n<\/tbody>\n<\/table>\n<\/figure>\n","protected":false},"excerpt":{"rendered":"<div class=\"entry-summary\">\n<div class=\"entry-summary\">\nA Sarkadi Eg\u00e9szs\u00e9gfejleszt\u00e9si Iroda 2024. szeptember h\u00f3napban rajzversenyt hirdetett a Sarkadi j\u00e1r\u00e1s nagycsoportos \u00f3vod\u00e1sainak, &#8222;Az eg\u00e9szs\u00e9g, mint \u00e9rt\u00e9k&#8221;&hellip;\n<\/div>\n<div class=\"link-more\"><a href=\"https:\/\/szakrendelo-sarkad.hu\/efi\/rajzverseny\/\" class=\"more-link\">Continue reading<span class=\"screen-reader-text\"> &ldquo;Rajzverseny&rdquo;<\/span>&hellip;<\/a><\/div>\n<\/div>\n<div class=\"link-more\"><a href=\"https:\/\/szakrendelo-sarkad.hu\/efi\/rajzverseny\/\" class=\"more-link\">Continue reading<span class=\"screen-reader-text\"> &ldquo;Rajzverseny&rdquo;<\/span>&hellip;<\/a><\/div>\n","protected":false},"author":1,"featured_media":0,"parent":0,"menu_order":0,"comment_status":"closed","ping_status":"closed","template":"","meta":{"ngg_post_thumbnail":0,"footnotes":""},"class_list":["post-8999","page","type-page","status-publish","hentry","entry"],"_links":{"self":[{"href":"https:\/\/szakrendelo-sarkad.hu\/efi\/wp-json\/wp\/v2\/pages\/8999","targetHints":{"allow":["GET"]}}],"collection":[{"href":"https:\/\/szakrendelo-sarkad.hu\/efi\/wp-json\/wp\/v2\/pages"}],"about":[{"href":"https:\/\/szakrendelo-sarkad.hu\/efi\/wp-json\/wp\/v2\/types\/page"}],"author":[{"embeddable":true,"href":"https:\/\/szakrendelo-sarkad.hu\/efi\/wp-json\/wp\/v2\/users\/1"}],"replies":[{"embeddable":true,"href":"https:\/\/szakrendelo-sarkad.hu\/efi\/wp-json\/wp\/v2\/comments?post=8999"}],"version-history":[{"count":12,"href":"https:\/\/szakrendelo-sarkad.hu\/efi\/wp-json\/wp\/v2\/pages\/8999\/revisions"}],"predecessor-version":[{"id":9095,"href":"https:\/\/szakrendelo-sarkad.hu\/efi\/wp-json\/wp\/v2\/pages\/8999\/revisions\/9095"}],"wp:attachment":[{"href":"https:\/\/szakrendelo-sarkad.hu\/efi\/wp-json\/wp\/v2\/media?parent=8999"}],"curies":[{"name":"wp","href":"https:\/\/api.w.org\/{rel}","templated":true}]}}