{"id":8325,"date":"2021-09-04T13:24:11","date_gmt":"2021-09-04T13:24:11","guid":{"rendered":"http:\/\/szakrendelo-sarkad.hu\/home2\/?page_id=8325"},"modified":"2025-09-29T13:54:38","modified_gmt":"2025-09-29T13:54:38","slug":"szakrendelesek","status":"publish","type":"page","link":"https:\/\/szakrendelo-sarkad.hu\/home2\/szakrendelesek\/","title":{"rendered":"Szakrendel\u00e9sek"},"content":{"rendered":"\n<div class=\"wm-accordion clearfix\" data-active=\"0\" data-mode=\"accordion\">\r\n<div class=\"wm-item wm-item-wrap\"><h3 class=\"wm-item-title\" data-tags=\"\" data-tag-names=\"\">Belgy\u00f3gy\u00e1szat<\/h3><div class=\"wm-item-content clearfix Belgygyszat\"><table>\n<thead>\n<tr>\n<td>\n<h3>\u00a0<\/h3>\n<h3><strong>Dr. Szab\u00f3 Zolt\u00e1n<\/strong><\/h3>\n<p><strong><em>Beutal\u00f3k\u00f6teles szakrendel\u00e9s<\/em><\/strong>K\u00e9rj\u00fck, a szakrendel\u00e9sre hozza mag\u00e1val kor\u00e1bbi leleteit!Id\u0151pontfoglal\u00e1s: 06 (66) 585 800, 06 (66) 270 670<\/p>\n<\/td>\n<td>\n<table>\n<tbody>\n<tr>\n<td>H\u00c9TF\u0150<\/td>\n<td>13:00-18:00<\/td>\n<\/tr>\n<tr>\n<td>KEDD<\/td>\n<td>Sz\u00fcnetel<\/td>\n<\/tr>\n<tr>\n<td>SZERDA<\/td>\n<td>Sz\u00fcnetel<\/td>\n<\/tr>\n<tr>\n<td>CS\u00dcT\u00d6RT\u00d6K<\/td>\n<td>Sz\u00fcnetel<\/td>\n<\/tr>\n<tr>\n<td>P\u00c9NTEK<\/td>\n<td>Sz\u00fcnetel<\/td>\n<\/tr>\n<tr>\n<td>SZOMBAT<\/td>\n<td>Z\u00c1RVA<\/td>\n<\/tr>\n<tr>\n<td>VAS\u00c1RNAP<\/td>\n<td>Z\u00c1RVA<\/td>\n<\/tr>\n<\/tbody>\n<\/table>\n<\/td>\n<\/tr>\n<\/thead>\n<\/table>\n<h3>A rendel\u00e9sr\u0151l<\/h3>\n<p>A Sarkadi Kist\u00e9rs\u00e9gi J\u00e1r\u00f3beteg Szakell\u00e1t\u00f3 K\u00f6zpont ell\u00e1t\u00e1s\u00e1nak keret\u00e9ben belgy\u00f3gy\u00e1szati szakell\u00e1t\u00e1s is m\u0171k\u00f6dik. H\u00e1rom szakrendel\u00e9s biztos\u00edtja a betegek gy\u00f3gy\u00edt\u00e1s\u00e1t, ahol magasan k\u00e9pzett, a belgy\u00f3gy\u00e1szat speci\u00e1lis ter\u00fcletein j\u00e1rtas szakorvosok l\u00e1tj\u00e1k el a betegeket. Munk\u00e1jukat t\u00f6bb szakter\u00fclet ell\u00e1t\u00e1s\u00e1ban is j\u00f3l k\u00e9pzett szakdolgoz\u00f3k seg\u00edtik. A betegek gy\u00f3gy\u00edt\u00e1s\u00e1t seg\u00edti, hogy rendelkez\u00e9sre \u00e1ll a az int\u00e9zetben a belgy\u00f3gy\u00e1szok sz\u00e1m\u00e1ra oly fontos kieg\u00e9sz\u00edt\u0151 diagnosztikus h\u00e1l\u00f3zat, a laborat\u00f3riumi vizsg\u00e1latokt\u00f3l az ultrahang vizsg\u00e1latokon \u00e1t a k\u00e9palkot\u00f3 diagnosztika m\u00f3dszerei is. Term\u00e9szetesen egyes eszk\u00f6z\u00f6k ig\u00e9nybevehet\u0151s\u00e9g\u00e9t, a gyulai P\u00e1ndy K\u00e1lm\u00e1n K\u00f3rh\u00e1z mint h\u00e1tt\u00e9rint\u00e9zm\u00e9ny biztos\u00edtja.A szakrendel\u00e9sek meghat\u00e1rozott id\u0151pontban, el\u0151jegyz\u00e9s alapj\u00e1n m\u0171k\u00f6dnek. Ehhez h\u00e1ziorvosi beutal\u00f3 sz\u00fcks\u00e9ges. H\u00e1ziorvos koll\u00e9g\u00e1ink a Tisztiorvosi Szolg\u00e1lat el\u0151\u00edr\u00e1sa szerint a Kist\u00e9rs\u00e9g betegeit k\u00f6zvetlen\u00fcl a Sarkadi J\u00e1r\u00f3beteg ell\u00e1t\u00f3 Int\u00e9zetbe utalj\u00e1k. A zavartalan m\u0171k\u00f6d\u00e9s felt\u00e9tele, hogy adott id\u0151ben a betegek megjelenjenek a rendel\u0151ben, minden alkalommal valamennyi kor\u00e1bbi lelet\u00fcket magukkal hozz\u00e1k \u00e9s legyen laborvizsg\u00e1lati, lehet\u0151s\u00e9g szerint a panaszokt\u00f3l f\u00fcgg\u0151en ultrahang vizsg\u00e1lati lelet\u00fck.Fontosnak tartjuk hangs\u00falyozni, hogy a fentiek figyelembe v\u00e9tele jelent\u0151sen jav\u00edtja az ell\u00e1t\u00e1s sz\u00ednvonal\u00e1t, egyidej\u0171leg gyors\u00edtva is a diagn\u00f3zis fel\u00e1ll\u00edt\u00e1s\u00e1t \u00e9s a kezel\u00e9s megind\u00edt\u00e1s\u00e1t.<em>Figyelem!<\/em><br \/><em>A szakrendel\u00e9s, rendezett t\u00e1rsadalombiztos\u00edt\u00e1si d\u00edj ellen\u00e9ben t\u00e9r\u00edt\u00e9smentesen vehet\u0151 ig\u00e9nybe! Amennyiben \u00d6n nem rendelkezik rendezett t\u00e1rsadalombiztos\u00edt\u00e1ssal, abban az esetben a szakrendel\u00e9s k\u00f6lts\u00e9geket von maga ut\u00e1n, melynek m\u00e9rt\u00e9k\u00e9r\u0151l a szakrendel\u00e9sen \u00e9rdekl\u0151dhet!<\/em><\/p>\n<\/div><\/div>\r\n\r\n<div class=\"wm-item wm-item-wrap\"><h3 class=\"wm-item-title\" data-tags=\"\" data-tag-names=\"\">F\u00fcl-Orr-G\u00e9g\u00e9szet<\/h3><div class=\"wm-item-content clearfix Fl-Orr-Ggszet\"><table>\n<thead>\n<tr>\n<td>\n<h3>\u00a0<\/h3>\n<h3><strong>Dr. Halmai Zolt\u00e1n<\/strong><\/h3>\n<p><strong><em>Nem beutal\u00f3k\u00f6teles szakrendel\u00e9s<\/em><\/strong>K\u00e9rj\u00fck, a szakrendel\u00e9sre hozza mag\u00e1val kor\u00e1bbi leleteit!Id\u0151pontfoglal\u00e1s: 06 (66) 585 800, 06 (66) 270 670<\/td>\n<td>\n<table>\n<tbody>\n<tr>\n<td>H\u00c9TF\u0150<\/td>\n<td>12:00-18:00<\/td>\n<\/tr>\n<tr>\n<td>KEDD<\/td>\n<td>Sz\u00fcnetel<\/td>\n<\/tr>\n<tr>\n<td>SZERDA<\/td>\n<td>12:00-18:00<\/td>\n<\/tr>\n<tr>\n<td>CS\u00dcT\u00d6RT\u00d6K<\/td>\n<td>Sz\u00fcnetel<\/td>\n<\/tr>\n<tr>\n<td>P\u00c9NTEK<\/td>\n<td>Sz\u00fcnetel<\/td>\n<\/tr>\n<tr>\n<td>SZOMBAT<\/td>\n<td>Z\u00c1RVA<\/td>\n<\/tr>\n<tr>\n<td>VAS\u00c1RNAP<\/td>\n<td>Z\u00c1RVA<\/td>\n<\/tr>\n<\/tbody>\n<\/table>\n<\/td>\n<\/tr>\n<\/thead>\n<\/table>\n<h3>A rendel\u00e9sr\u0151l<\/h3>\n<p>A szakrendel\u00e9sen f\u00fcl-orr-g\u00e9g\u00e9szeti betegs\u00e9gek kivizsg\u00e1l\u00e1sa \u00e9s kezel\u00e9se t\u00f6rt\u00e9nik.Tev\u00e9kenys\u00e9g\u00fcnk:-\u00a0\u00a0\u00a0\u00a0\u00a0\u00a0\u00a0\u00a0\u00a0 Acut f\u00fclbetegs\u00e9gek kezel\u00e9se feln\u0151ttek, gyerekek eset\u00e9ben-\u00a0\u00a0\u00a0\u00a0\u00a0\u00a0\u00a0\u00a0\u00a0 Torok, garat, g\u00e9gebetegs\u00e9gek vizsg\u00e1lata, kezel\u00e9se, kontrollvizsg\u00e1lat, konz\u00edlium ad\u00e1sa t\u00f6rt\u00e9nik-\u00a0\u00a0\u00a0\u00a0\u00a0\u00a0\u00a0\u00a0\u00a0 Kering\u00e9si zavarok f\u00fcl\u00e9szeti vonatkoz\u00e1sainak vizsg\u00e1lata.Fontosnak tartjuk hangs\u00falyozni, hogy a fentiek figyelembe v\u00e9tele jelent\u0151sen jav\u00edtja az ell\u00e1t\u00e1s sz\u00ednvonal\u00e1t, egyidej\u0171leg gyors\u00edtva is a diagn\u00f3zis fel\u00e1ll\u00edt\u00e1s\u00e1t \u00e9s a kezel\u00e9s megind\u00edt\u00e1s\u00e1t.<em>Figyelem!<\/em><br \/><em>A szakrendel\u00e9s, rendezett t\u00e1rsadalombiztos\u00edt\u00e1si d\u00edj ellen\u00e9ben t\u00e9r\u00edt\u00e9smentesen vehet\u0151 ig\u00e9nybe! Amennyiben \u00d6n nem rendelkezik rendezett t\u00e1rsadalombiztos\u00edt\u00e1ssal, abban az esetben a szakrendel\u00e9s k\u00f6lts\u00e9geket von maga ut\u00e1n, melynek m\u00e9rt\u00e9k\u00e9r\u0151l a szakrendel\u00e9sen \u00e9rdekl\u0151dhet!<\/em><\/p>\n<\/div><\/div>\r\n\r\n<div class=\"wm-item wm-item-wrap\"><h3 class=\"wm-item-title\" data-tags=\"\" data-tag-names=\"\">Seb\u00e9szet<\/h3><div class=\"wm-item-content clearfix Sebszet\"><table>\n<thead>\n<tr>\n<td>\n<h3>\u00a0<\/h3>\n<h3><strong>Dr. Papp Attila<\/strong><\/h3>\n<p><strong><em>Nem beutal\u00f3k\u00f6teles szakrendel\u00e9s<\/em><\/strong>K\u00e9rj\u00fck, a szakrendel\u00e9sre hozza mag\u00e1val kor\u00e1bbi leleteit!Id\u0151pontfoglal\u00e1s: 06 (66) 585 800, 06 (66) 270 670<\/td>\n<td>\n<table>\n<tbody>\n<tr>\n<td>H\u00c9TF\u0150<\/td>\n<td>Sz\u00fcnetel<\/td>\n<\/tr>\n<tr>\n<td>KEDD<\/td>\n<td>12:00-17:00<\/td>\n<\/tr>\n<tr>\n<td>SZERDA<\/td>\n<td>12:00-17:00<\/td>\n<\/tr>\n<tr>\n<td>CS\u00dcT\u00d6RT\u00d6K<\/td>\n<td>12:00-17:00<\/td>\n<\/tr>\n<tr>\n<td>P\u00c9NTEK<\/td>\n<td>Sz\u00fcnetel<\/td>\n<\/tr>\n<tr>\n<td>SZOMBAT<\/td>\n<td>Z\u00c1RVA<\/td>\n<\/tr>\n<tr>\n<td>VAS\u00c1RNAP<\/td>\n<td>Z\u00c1RVA<\/td>\n<\/tr>\n<\/tbody>\n<\/table>\n<\/td>\n<\/tr>\n<\/thead>\n<\/table>\n<h3>A rendel\u00e9sr\u0151l<\/h3>\n<p>Seb\u00e9szeti szakrendel\u00e9s feladata a hasi panaszok kivizsg\u00e1l\u00e1sa, az elv\u00e1ltoz\u00e1sok diagnosztiz\u00e1l\u00e1sa, ter\u00e1pi\u00e1s javaslatok ad\u00e1sa, gondoz\u00e1st ig\u00e9nyl\u0151 betegek kezel\u00e9se, k\u00f6t\u00f6z\u00e9se.Az anamn\u00e9zis felv\u00e9tel\u00e9n, fizik\u00e1lis vizsg\u00e1latok v\u00e9gz\u00e9s\u00e9n t\u00fal elt\u00e1vol\u00edt\u00e1sra ker\u00fclnek a b\u0151r \u00e9s b\u0151r alatti elv\u00e1ltoz\u00e1sok (pl. t\u00e1lyog, furunkulus, ty\u00fakszem). K\u00f6r\u00f6m elt\u00e1vol\u00edt\u00e1sa, ben\u0151tt k\u00f6r\u00f6m lev\u00e9tele. Szennyezett, fert\u0151z\u00f6tt sebek bakteriol\u00f3giai vizsg\u00e1lata, c\u00e9lzott kezel\u00e9se, k\u00f6t\u00f6z\u00e9se.Rendel\u00e9s\u00fcnk\u00f6n v\u00e9gezz\u00fck el a b\u0151rgy\u00f3gy\u00e1sz szakorvos \u00e1ltal javasolt anyajegyek, zs\u00edrmirigyek kimetsz\u00e9s\u00e9t , sz\u00f6vettani vizsg\u00e1latra k\u00fcld\u00e9s\u00e9t.Lehet\u0151s\u00e9g van a t\u00f6r\u00e9sek, r\u00e1ndul\u00e1s, ficam diagnosztiz\u00e1l\u00e1s\u00e1ra, ell\u00e1t\u00e1s\u00e1ra, a kontroll vizsg\u00e1latokra, a t\u00f6r\u00e9sgy\u00f3gyul\u00e1s r\u00f6ntgen vizsg\u00e1latokkal t\u00f6rt\u00e9n\u0151 ellen\u0151rz\u00e9s\u00e9re, gipszek cser\u00e9j\u00e9re.M\u0171t\u00e9tek ut\u00e1ni varratszed\u00e9ssel, sebgondoz\u00e1ssal \u00e1llunk betegeink rendelkez\u00e9s\u00e9re.<em>Figyelem!<\/em><br \/><em>A szakrendel\u00e9s, rendezett t\u00e1rsadalombiztos\u00edt\u00e1si d\u00edj ellen\u00e9ben t\u00e9r\u00edt\u00e9smentesen vehet\u0151 ig\u00e9nybe! Amennyiben \u00d6n nem rendelkezik rendezett t\u00e1rsadalombiztos\u00edt\u00e1ssal, abban az esetben a szakrendel\u00e9s k\u00f6lts\u00e9geket von maga ut\u00e1n, melynek m\u00e9rt\u00e9k\u00e9r\u0151l a szakrendel\u00e9sen \u00e9rdekl\u0151dhet!<\/em><\/p>\n<\/div><\/div>\r\n\r\n<div class=\"wm-item wm-item-wrap\"><h3 class=\"wm-item-title\" data-tags=\"\" data-tag-names=\"\">Csecsem\u0151- \u00e9s Gyermekkardiol\u00f3gia<\/h3><div class=\"wm-item-content clearfix Csecsem-sGyermekkardiolgia\"><table>\n<thead>\n<tr>\n<td>\n<h3>\u00a0<\/h3>\n<h3><strong>Dr. Schriffert Ter\u00e9z<\/strong><\/h3>\n<p><strong><em>Beutal\u00f3k\u00f6teles szakrendel\u00e9s<\/em><\/strong>K\u00e9rj\u00fck, a szakrendel\u00e9sre hozza mag\u00e1val kor\u00e1bbi leleteit!Id\u0151pontfoglal\u00e1s: 06 (66) 585 800, 06 (66) 270 670<\/td>\n<td>\n<table>\n<tbody>\n<tr>\n<td>H\u00c9TF\u0150<\/td>\n<td>Sz\u00fcnetel<\/td>\n<\/tr>\n<tr>\n<td>KEDD<\/td>\n<td>Sz\u00fcnetel<\/td>\n<\/tr>\n<tr>\n<td>SZERDA<\/td>\n<td>08:00-12:00<\/td>\n<\/tr>\n<tr>\n<td>CS\u00dcT\u00d6RT\u00d6K<\/td>\n<td>Sz\u00fcnetel<\/td>\n<\/tr>\n<tr>\n<td>P\u00c9NTEK<\/td>\n<td>08:00-12:00<\/td>\n<\/tr>\n<tr>\n<td>SZOMBAT<\/td>\n<td>Z\u00c1RVA<\/td>\n<\/tr>\n<tr>\n<td>VAS\u00c1RNAP<\/td>\n<td>Z\u00c1RVA<\/td>\n<\/tr>\n<\/tbody>\n<\/table>\n<\/td>\n<\/tr>\n<\/thead>\n<\/table>\n<h3>A rendel\u00e9sr\u0151l<\/h3>\n<p>A sz\u00edv \u00e9s \u00e9rrendszeri megbeteged\u00e9sek vezet\u0151 helyen \u00e1llnak a magyarorsz\u00e1gi megbeteged\u00e9si statisztik\u00e1ban.<br \/>Kardiol\u00f3gia szakrendel\u00e9s\u00fcnk feladata a sz\u00edvbetegs\u00e9g, koszor\u00far\u00e9r-betegs\u00e9g, sz\u00edvizom-\u00e9s billenty\u0171 betegs\u00e9g, ritmuszavar\u00a0 vizsg\u00e1lata, kezel\u00e9se \u00e9s gondoz\u00e1sa. C\u00e9lkit\u0171z\u00e9seink k\u00f6z\u00f6tt szerepel a kock\u00e1zati t\u00e9nyez\u0151k felm\u00e9r\u00e9se, megbeteged\u00e9sek megel\u0151z\u00e9se, a lakoss\u00e1g \u00e9letmin\u0151s\u00e9g\u00e9nek jav\u00edt\u00e1sa.<br \/>A kardiol\u00f3gia legfontosabb kock\u00e1zati t\u00e9nyez\u0151i: doh\u00e1nyz\u00e1s, elh\u00edz\u00e1s, koleszterind\u00fas \u00e9telek t\u00falzott fogyaszt\u00e1sa, mozg\u00e1shi\u00e1ny, \u00e9letm\u00f3d, magas v\u00e9rnyom\u00e1s, csal\u00e1di hajlam, magas LDL koleszterin \u00e9s alacsony HDL-koleszterin v\u00e9rszintek.<br \/>J\u00e1r\u00f3betegk\u00e9nt elv\u00e9gezhet\u0151 alap-eszk\u00f6z\u00f6s kardiol\u00f3giai vizsg\u00e1lati m\u00f3dszerek: v\u00e9rnyom\u00e1sm\u00e9r\u00e9s, 12 elvezet\u00e9ses nyugalmi EKG vizsg\u00e1lat, sz\u00edvultrahang, terhel\u00e9ses EKG, 24 \u00f3r\u00e1s EKG monitoroz\u00e1s (Holter), 24 \u00f3r\u00e1s v\u00e9rnyom\u00e1s monitoroz\u00e1s (ABPM)A fentieken k\u00edv\u00fcl a kora csecsem\u0151 korban a velesz\u00fcletett sz\u00edvfejl\u0151d\u00e9si rendelleness\u00e9gek felismer\u00e9se az esetleges beavatkoz\u00e1s id\u0151z\u00edt\u00e9se szempontj\u00e1b\u00f3l elengedhetetlen.<br \/>vizsg\u00e1latokkal t\u00f6rt\u00e9n\u0151 ellen\u0151rz\u00e9s\u00e9re, gipszek cser\u00e9j\u00e9re.<br \/>M\u0171t\u00e9tek ut\u00e1ni varratszed\u00e9ssel, sebgondoz\u00e1ssal \u00e1llunk betegeink rendelkez\u00e9s\u00e9re.<em>Figyelem!<\/em><br \/><em>A szakrendel\u00e9s, rendezett t\u00e1rsadalombiztos\u00edt\u00e1si d\u00edj ellen\u00e9ben t\u00e9r\u00edt\u00e9smentesen vehet\u0151 ig\u00e9nybe! Amennyiben \u00d6n nem rendelkezik rendezett t\u00e1rsadalombiztos\u00edt\u00e1ssal, abban az esetben a szakrendel\u00e9s k\u00f6lts\u00e9geket von maga ut\u00e1n, melynek m\u00e9rt\u00e9k\u00e9r\u0151l a szakrendel\u00e9sen \u00e9rdekl\u0151dhet!<\/em><\/p>\n<\/div><\/div>\r\n\r\n<div class=\"wm-item wm-item-wrap\"><h3 class=\"wm-item-title\" data-tags=\"\" data-tag-names=\"\">Csecsem\u0151- \u00e9s Gyermekgy\u00f3gy\u00e1szat<\/h3><div class=\"wm-item-content clearfix Csecsem-sGyermekgygyszat\"><table>\n<thead>\n<tr>\n<td>\n<h3>\u00a0<\/h3>\n<h3><strong>Dr. Schriffert Ter\u00e9z<\/strong><\/h3>\n<p><strong><em>Beutal\u00f3k\u00f6teles szakrendel\u00e9s<\/em><\/strong>K\u00e9rj\u00fck, a szakrendel\u00e9sre hozza mag\u00e1val kor\u00e1bbi leleteit!Id\u0151pontfoglal\u00e1s: 06 (66) 585 800, 06 (66) 270 670<\/td>\n<td>\n<table>\n<tbody>\n<tr>\n<td>H\u00c9TF\u0150<\/td>\n<td>10:00-12:00<\/td>\n<\/tr>\n<tr>\n<td>KEDD<\/td>\n<td>Sz\u00fcnetel<\/td>\n<\/tr>\n<tr>\n<td>SZERDA<\/td>\n<td>Sz\u00fcnetel<\/td>\n<\/tr>\n<tr>\n<td>CS\u00dcT\u00d6RT\u00d6K<\/td>\n<td>Sz\u00fcnetel<\/td>\n<\/tr>\n<tr>\n<td>P\u00c9NTEK<\/td>\n<td>Sz\u00fcnetel<\/td>\n<\/tr>\n<tr>\n<td>SZOMBAT<\/td>\n<td>Z\u00c1RVA<\/td>\n<\/tr>\n<tr>\n<td>VAS\u00c1RNAP<\/td>\n<td>Z\u00c1RVA<\/td>\n<\/tr>\n<\/tbody>\n<\/table>\n<\/td>\n<\/tr>\n<\/thead>\n<\/table>\n<h3>A rendel\u00e9sr\u0151l<\/h3>\n<p>A Csecsem\u0151- \u00e9s Gyermekgy\u00f3gy\u00e1szat szakrendel\u00e9s a kisgyermekek \u00e9s csecsem\u0151k eg\u00e9szs\u00e9g\u00fcgyi probl\u00e9m\u00e1ival foglalkozik. Az orvosok a legfiatalabb korban jelentkez\u0151 betegs\u00e9geket diagnosztiz\u00e1lj\u00e1k \u00e9s kezelik. Ide tartoznak a fejl\u0151d\u00e9si rendelleness\u00e9gek, fert\u0151z\u00e9sek, allergi\u00e1k \u00e9s a gyakori l\u00e9g\u00fati megbeteged\u00e9sek is. A szakrendel\u00e9s keret\u00e9ben a gyermekek v\u00e9d\u0151olt\u00e1sait is elv\u00e9gzik \u00e9s nyomon k\u00f6vetik a fejl\u0151d\u00e9s\u00fcket. A szakorvosok figyelemmel k\u00eds\u00e9rik a gyermekek t\u00e1pl\u00e1lkoz\u00e1s\u00e1t \u00e9s \u00e9letm\u00f3dbeli szok\u00e1saikat is. Sz\u00fcks\u00e9g eset\u00e9n a gyermekek tov\u00e1bbi szakorvosi vizsg\u00e1latokra vagy kezel\u00e9sre is beutalhat\u00f3k. A Csecsem\u0151- \u00e9s Gyermekgy\u00f3gy\u00e1szat c\u00e9lja, hogy biztos\u00edtsa a gyermekek eg\u00e9szs\u00e9ges fejl\u0151d\u00e9s\u00e9t \u00e9s megel\u0151zze a betegs\u00e9gek kialakul\u00e1s\u00e1t. Ezen k\u00edv\u00fcl szakszer\u0171 tan\u00e1csad\u00e1ssal seg\u00edtik a sz\u00fcl\u0151ket a gyermekgondoz\u00e1s ter\u00e9n.<em>Figyelem!<\/em><br \/><em>A szakrendel\u00e9s, rendezett t\u00e1rsadalombiztos\u00edt\u00e1si d\u00edj ellen\u00e9ben t\u00e9r\u00edt\u00e9smentesen vehet\u0151 ig\u00e9nybe! Amennyiben \u00d6n nem rendelkezik rendezett t\u00e1rsadalombiztos\u00edt\u00e1ssal, abban az esetben a szakrendel\u00e9s k\u00f6lts\u00e9geket von maga ut\u00e1n, melynek m\u00e9rt\u00e9k\u00e9r\u0151l a szakrendel\u00e9sen \u00e9rdekl\u0151dhet!<\/em><\/p>\n<\/div><\/div>\r\n\r\n<div class=\"wm-item wm-item-wrap\"><h3 class=\"wm-item-title\" data-tags=\"\" data-tag-names=\"\">Kardiol\u00f3gia<\/h3><div class=\"wm-item-content clearfix Kardiolgia\"><table>\n<thead>\n<tr>\n<td>\n<h3>\u00a0<\/h3>\n<h3><strong>Dr. Pap S\u00e1ndor<\/strong><\/h3>\n<p><strong><em>Beutal\u00f3k\u00f6teles szakrendel\u00e9s<\/em><\/strong>K\u00e9rj\u00fck, a szakrendel\u00e9sre hozza mag\u00e1val kor\u00e1bbi leleteit!Id\u0151pontfoglal\u00e1s: 06 (66) 585 800, 06 (66) 270 670<\/td>\n<td>\n<table>\n<tbody>\n<tr>\n<td>H\u00c9TF\u0150<\/td>\n<td>13:30-17:00<\/td>\n<\/tr>\n<tr>\n<td>KEDD<\/td>\n<td>13:30-17:00<\/td>\n<\/tr>\n<tr>\n<td>SZERDA<\/td>\n<td>13:30-17:00<\/td>\n<\/tr>\n<tr>\n<td>CS\u00dcT\u00d6RT\u00d6K<\/td>\n<td>13:30-17:00<\/td>\n<\/tr>\n<tr>\n<td>P\u00c9NTEK<\/td>\n<td>Sz\u00fcnetel<\/td>\n<\/tr>\n<tr>\n<td>SZOMBAT<\/td>\n<td>Z\u00c1RVA<\/td>\n<\/tr>\n<tr>\n<td>VAS\u00c1RNAP<\/td>\n<td>Z\u00c1RVA<\/td>\n<\/tr>\n<\/tbody>\n<\/table>\n<\/td>\n<\/tr>\n<\/thead>\n<\/table>\n<h3>A rendel\u00e9sr\u0151l<\/h3>\n<p>A sz\u00edv \u00e9s \u00e9rrendszeri megbeteged\u00e9sek vezet\u0151 helyen \u00e1llnak a magyarorsz\u00e1gi megbeteged\u00e9si statisztik\u00e1ban. Kardiol\u00f3gia szakrendel\u00e9s\u00fcnk feladata a sz\u00edvbetegs\u00e9g, koszor\u00far\u00e9r-betegs\u00e9g, sz\u00edvizom-\u00e9s billenty\u0171 betegs\u00e9g, ritmuszavar\u00a0 vizsg\u00e1lata, kezel\u00e9se \u00e9s gondoz\u00e1sa. C\u00e9lkit\u0171z\u00e9seink k\u00f6z\u00f6tt szerepel a kock\u00e1zati t\u00e9nyez\u0151k felm\u00e9r\u00e9se, megbeteged\u00e9sek megel\u0151z\u00e9se, a lakoss\u00e1g \u00e9letmin\u0151s\u00e9g\u00e9nek jav\u00edt\u00e1sa. A kardiol\u00f3gia legfontosabb kock\u00e1zati t\u00e9nyez\u0151i: doh\u00e1nyz\u00e1s, elh\u00edz\u00e1s, koleszterind\u00fas \u00e9telek t\u00falzott fogyaszt\u00e1sa, mozg\u00e1shi\u00e1ny, \u00e9letm\u00f3d, magas v\u00e9rnyom\u00e1s, csal\u00e1di hajlam, magas LDL koleszterin \u00e9s alacsony HDL-koleszterin v\u00e9rszintek.J\u00e1r\u00f3betegk\u00e9nt elv\u00e9gezhet\u0151 alap-eszk\u00f6z\u00f6s kardiol\u00f3giai vizsg\u00e1lati m\u00f3dszerek: v\u00e9rnyom\u00e1sm\u00e9r\u00e9s, 12 elvezet\u00e9ses nyugalmi EKG vizsg\u00e1lat, sz\u00edvultrahang, terhel\u00e9ses EKG, 24 \u00f3r\u00e1s EKG monitoroz\u00e1s (Holter), 24 \u00f3r\u00e1s v\u00e9rnyom\u00e1s monitoroz\u00e1s (ABPM)A fentieken k\u00edv\u00fcl a kora csecsem\u0151 korban a velesz\u00fcletett sz\u00edvfejl\u0151d\u00e9si rendelleness\u00e9gek felismer\u00e9se az esetleges beavatkoz\u00e1s id\u0151z\u00edt\u00e9se szempontj\u00e1b\u00f3l elengedhetetlen.<em>Figyelem!<\/em><br \/><em>A szakrendel\u00e9s, rendezett t\u00e1rsadalombiztos\u00edt\u00e1si d\u00edj ellen\u00e9ben t\u00e9r\u00edt\u00e9smentesen vehet\u0151 ig\u00e9nybe! Amennyiben \u00d6n nem rendelkezik rendezett t\u00e1rsadalombiztos\u00edt\u00e1ssal, abban az esetben a szakrendel\u00e9s k\u00f6lts\u00e9geket von maga ut\u00e1n, melynek m\u00e9rt\u00e9k\u00e9r\u0151l a szakrendel\u00e9sen \u00e9rdekl\u0151dhet!<\/em><\/p>\n<\/div><\/div>\r\n\r\n<div class=\"wm-item wm-item-wrap\"><h3 class=\"wm-item-title\" data-tags=\"\" data-tag-names=\"\">Neurol\u00f3gia<\/h3><div class=\"wm-item-content clearfix Neurolgia\"><p><strong><em>Beutal\u00f3k\u00f6teles szakrendel\u00e9s<\/em><\/strong>K\u00e9rj\u00fck, a szakrendel\u00e9sre hozza mag\u00e1val kor\u00e1bbi leleteit!Id\u0151pontfoglal\u00e1s: 06 (66) 585 800, 06 (66) 270 670<\/p>\n<table>\n<thead>\n<tr>\n<td>\n<h3>Dr. Kolcs\u00e1r S\u00e1ndor<\/h3>\n<table>\n<tbody>\n<tr>\n<td>H\u00c9TF\u0150<\/td>\n<td>Sz\u00fcnetel<\/td>\n<\/tr>\n<tr>\n<td>KEDD<\/td>\n<td>Sz\u00fcnetel<\/td>\n<\/tr>\n<tr>\n<td>SZERDA<\/td>\n<td>Sz\u00fcnetel<\/td>\n<\/tr>\n<tr>\n<td>CS\u00dcT\u00d6RT\u00d6K<\/td>\n<td>Sz\u00fcnetel<\/td>\n<\/tr>\n<tr>\n<td>P\u00c9NTEK<\/td>\n<td>08:00-12:00<\/td>\n<\/tr>\n<tr>\n<td>SZOMBAT<\/td>\n<td>Z\u00c1RVA<\/td>\n<\/tr>\n<tr>\n<td>VAS\u00c1RNAP<\/td>\n<td>Z\u00c1RVA<\/td>\n<\/tr>\n<\/tbody>\n<\/table>\n<\/td>\n<td>\n<h3>Dr. Orosz P\u00e9ter<\/h3>\n<table>\n<tbody>\n<tr>\n<td>H\u00c9TF\u0150<\/td>\n<td>Sz\u00fcnetel<\/td>\n<\/tr>\n<tr>\n<td>KEDD<\/td>\n<td>Sz\u00fcnetel<\/td>\n<\/tr>\n<tr>\n<td>SZERDA<\/td>\n<td>Sz\u00fcnetel<\/td>\n<\/tr>\n<tr>\n<td>CS\u00dcT\u00d6RT\u00d6K<\/td>\n<td>08:00-18:00<\/td>\n<\/tr>\n<tr>\n<td>P\u00c9NTEK<\/td>\n<td>Sz\u00fcnetel<\/td>\n<\/tr>\n<tr>\n<td>SZOMBAT<\/td>\n<td>Z\u00c1RVA<\/td>\n<\/tr>\n<tr>\n<td>VAS\u00c1RNAP<\/td>\n<td>Z\u00c1RVA<\/td>\n<\/tr>\n<\/tbody>\n<\/table>\n<\/td>\n<\/tr>\n<\/thead>\n<\/table>\n<h3>A rendel\u00e9sr\u0151l<\/h3>\n<p>Az ideggy\u00f3gy\u00e1szati szakrendel\u00e9s szervi idegrendszeri megbeteged\u00e9sek ell\u00e1t\u00e1s\u00e1val foglalkozik, pl. fejf\u00e1j\u00e1s, agyi \u00e9rbetegs\u00e9gek, epilepszia, Parkinson k\u00f3r, gerincf\u00e1jdalmak.Az el\u0151zm\u00e9nyek \u00e9s panaszok megismer\u00e9s\u00e9t k\u00f6vet\u0151en fizik\u00e1lis vizsg\u00e1lat t\u00f6rt\u00e9nik.Vizsg\u00e1l\u00f3eszk\u00f6zeink: reflexkalap\u00e1cs illetve sz\u00fcks\u00e9g szerint \u00e9rz\u00e9svizsg\u00e1l\u00f3 ecset \u00e9s t\u0171, pupillal\u00e1mpa, hangvilla.A vizsg\u00e1lat r\u00e9sz\u00e9t k\u00e9pezi a mozg\u00e1s, a j\u00e1r\u00e1s \u00e9s a besz\u00e9d megfigyel\u00e9se, mem\u00f3riazavar \u00e9szlel\u00e9se.<em>Figyelem!<\/em><br \/><em>A szakrendel\u00e9s, rendezett t\u00e1rsadalombiztos\u00edt\u00e1si d\u00edj ellen\u00e9ben t\u00e9r\u00edt\u00e9smentesen vehet\u0151 ig\u00e9nybe! Amennyiben \u00d6n nem rendelkezik rendezett t\u00e1rsadalombiztos\u00edt\u00e1ssal, abban az esetben a szakrendel\u00e9s k\u00f6lts\u00e9geket von maga ut\u00e1n, melynek m\u00e9rt\u00e9k\u00e9r\u0151l a szakrendel\u00e9sen \u00e9rdekl\u0151dhet!<\/em><\/p>\n<\/div><\/div>\r\n\r\n<div class=\"wm-item wm-item-wrap\"><h3 class=\"wm-item-title\" data-tags=\"\" data-tag-names=\"\">Ortop\u00e9dia<\/h3><div class=\"wm-item-content clearfix Ortopdia\"><table>\n<thead>\n<tr>\n<td>\n<h3>\u00a0<\/h3>\n<h3><strong>Dr. Papp Attila<\/strong><\/h3>\n<p><strong><em>Beutal\u00f3k\u00f6teles szakrendel\u00e9s<\/em><\/strong>K\u00e9rj\u00fck, a szakrendel\u00e9sre hozza mag\u00e1val kor\u00e1bbi leleteit!Id\u0151pontfoglal\u00e1s: 06 (66) 585 800, 06 (66) 270 670<\/td>\n<td>\n<table>\n<tbody>\n<tr>\n<td>H\u00c9TF\u0150<\/td>\n<td>12:00-16:00<\/td>\n<\/tr>\n<tr>\n<td>KEDD<\/td>\n<td>Sz\u00fcnetel<\/td>\n<\/tr>\n<tr>\n<td>SZERDA<\/td>\n<td>Sz\u00fcnetel<\/td>\n<\/tr>\n<tr>\n<td>CS\u00dcT\u00d6RT\u00d6K<\/td>\n<td>Sz\u00fcnetel<\/td>\n<\/tr>\n<tr>\n<td>P\u00c9NTEK<\/td>\n<td>Sz\u00fcnetel<\/td>\n<\/tr>\n<tr>\n<td>SZOMBAT<\/td>\n<td>Z\u00c1RVA<\/td>\n<\/tr>\n<tr>\n<td>VAS\u00c1RNAP<\/td>\n<td>Z\u00c1RVA<\/td>\n<\/tr>\n<\/tbody>\n<\/table>\n<\/td>\n<\/tr>\n<\/thead>\n<\/table>\n<h3>A rendel\u00e9sr\u0151l<\/h3>\n<p>Az ortop\u00e9dia feladata a mozg\u00e1sszervek velesz\u00fcletett, \u00e9s szerzett betegs\u00e9geinek felismer\u00e9se \u00e9s kezel\u00e9se. Ide tartozik a cs\u00edp\u0151ficam sz\u0171r\u00e9s \u00e9s az \u00f3vodai, iskolai sz\u0171r\u0151vizsg\u00e1latokkal beutaltak v\u00e9lem\u00e9nyez\u00e9se, kezel\u00e9se \u00e9s gondoz\u00e1sba v\u00e9tele.A vizsg\u00e1lati eredm\u00e9nyekt\u0151l f\u00fcgg\u0151en gy\u00f3gyszeres. fizikoter\u00e1pi\u00e1s kezel\u00e9sek elrendel\u00e9se, gy\u00f3gy\u00e1szati seg\u00e9deszk\u00f6zzel val\u00f3 ell\u00e1t\u00e1s \u00e9s sz\u00fcks\u00e9g eset\u00e9n m\u0171t\u00e9ti kezel\u00e9sre val\u00f3 beutal\u00e1s t\u00f6rt\u00e9nik.Amennyiben kieg\u00e9sz\u00edt\u0151 vizsg\u00e1latok sz\u00fcks\u00e9gesek. azok vagy helyben , vagy beutal\u00e1ssal t\u00f6rt\u00e9nnek. A megszervez\u00e9s\u00fckben seg\u00edt\u00fcnk. Ezek lehetnek r\u00f6ntgen vizsg\u00e1lat, CT el\u0151jegyz\u00e9s.<em>Figyelem!<\/em><br \/><em>A szakrendel\u00e9s, rendezett t\u00e1rsadalombiztos\u00edt\u00e1si d\u00edj ellen\u00e9ben t\u00e9r\u00edt\u00e9smentesen vehet\u0151 ig\u00e9nybe! Amennyiben \u00d6n nem rendelkezik rendezett t\u00e1rsadalombiztos\u00edt\u00e1ssal, abban az esetben a szakrendel\u00e9s k\u00f6lts\u00e9geket von maga ut\u00e1n, melynek m\u00e9rt\u00e9k\u00e9r\u0151l a szakrendel\u00e9sen \u00e9rdekl\u0151dhet!<\/em><\/p>\n<\/div><\/div>\r\n\r\n<div class=\"wm-item wm-item-wrap\"><h3 class=\"wm-item-title\" data-tags=\"\" data-tag-names=\"\">Pszichi\u00e1tria<\/h3><div class=\"wm-item-content clearfix Pszichitria\"><p><strong><em>Nem beutal\u00f3k\u00f6teles szakrendel\u00e9s<\/em><\/strong>K\u00e9rj\u00fck, a szakrendel\u00e9sre hozza mag\u00e1val kor\u00e1bbi leleteit!Id\u0151pontfoglal\u00e1s: 06 (66) 585 800, 06 (66) 270 670<\/p>\n<table>\n<thead>\n<tr>\n<td>\n<h3>Dr. Io\u00f3 Jol\u00e1n<\/h3>\n<table>\n<tbody>\n<tr>\n<td>H\u00c9TF\u0150<\/td>\n<td>07:00-17:00<\/td>\n<\/tr>\n<tr>\n<td>KEDD<\/td>\n<td>08:00-10:00<br \/>(Minden p\u00e1ros h\u00e9ten)<\/td>\n<\/tr>\n<tr>\n<td>SZERDA<\/td>\n<td>Sz\u00fcnetel<\/td>\n<\/tr>\n<tr>\n<td>CS\u00dcT\u00d6RT\u00d6K<\/td>\n<td>Sz\u00fcnetel<\/td>\n<\/tr>\n<tr>\n<td>P\u00c9NTEK<\/td>\n<td>07:00-13:00<br \/>(Minden p\u00e1ros h\u00e9ten)<\/td>\n<\/tr>\n<tr>\n<td>SZOMBAT<\/td>\n<td>Z\u00c1RVA<\/td>\n<\/tr>\n<tr>\n<td>VAS\u00c1RNAP<\/td>\n<td>Z\u00c1RVA<\/td>\n<\/tr>\n<\/tbody>\n<\/table>\n<\/td>\n<td>\n<h3>Dr. Albert Andr\u00e1s<\/h3>\n<table>\n<tbody>\n<tr>\n<td>H\u00c9TF\u0150<\/td>\n<td>Sz\u00fcnetel<\/td>\n<\/tr>\n<tr>\n<td>KEDD<\/td>\n<td>Sz\u00fcnetel<\/td>\n<\/tr>\n<tr>\n<td>SZERDA<\/td>\n<td>07:00-17:00<\/td>\n<\/tr>\n<tr>\n<td>CS\u00dcT\u00d6RT\u00d6K<\/td>\n<td>07:00-09:00<br \/>(Minden p\u00e1ratlan h\u00e9ten)<\/td>\n<\/tr>\n<tr>\n<td>P\u00c9NTEK<\/td>\n<td>07:00-13:00<br \/>(Minden p\u00e1ratlan h\u00e9ten)<\/td>\n<\/tr>\n<tr>\n<td>SZOMBAT<\/td>\n<td>Z\u00c1RVA<\/td>\n<\/tr>\n<tr>\n<td>VAS\u00c1RNAP<\/td>\n<td>Z\u00c1RVA<\/td>\n<\/tr>\n<\/tbody>\n<\/table>\n<\/td>\n<\/tr>\n<\/thead>\n<\/table>\n<h3>A rendel\u00e9sr\u0151l<\/h3>\n<p>A pszichi\u00e1tria a lelki betegs\u00e9gek tudom\u00e1nya, az idegrendszer \u00e9s az eg\u00e9sz ember lelki-szellemi betegs\u00e9geit kutatja \u00e9s gy\u00f3gy\u00edtja. A lelki betegs\u00e9gek diagn\u00f3zisa az egy\u00e9nek gondolkod\u00e1sbeli, \u00e9rzelmi \u00e9s viselked\u00e9sbeli jellegzetess\u00e9gei alapj\u00e1n \u00e1ll\u00edthat\u00f3k fel. A gy\u00f3gyszeres ter\u00e1pia \u00a0seg\u00edts\u00e9gny\u00fajt\u00e1s a lelki betegs\u00e9gben szenved\u0151 szem\u00e9lynek a panaszok \u00e9s t\u00fcnetek enyh\u00edt\u00e9s\u00e9ben, megsz\u00fcntet\u00e9s\u00e9ben. Ez\u00e1ltal \u00e9letmin\u0151s\u00e9ge \u00e9s napi tev\u00e9kenys\u00e9g\u00e9ben hat\u00e9konys\u00e1ga javul.Tev\u00e9kenys\u00e9gi k\u00f6r\u00fcnkh\u00f6z tartozik:<\/p>\n<ul>\n<li>Feln\u0151tt kor\u00faak komplex pszichi\u00e1triai vizsg\u00e1lata, tan\u00e1csad\u00e1s, \u00e9letvezet\u00e9s, t\u00e1mogat\u00e1s, gy\u00f3gyszeres ter\u00e1pia be\u00e1ll\u00edt\u00e1sa, t\u00e1mogat\u00f3 pszichoter\u00e1pia a k\u00f6vetkez\u0151\u00a0 k\u00f3rk\u00e9pekben.<\/li>\n<\/ul>\n<p>&#8211;\u00a0\u00a0\u00a0\u00a0\u00a0\u00a0\u00a0\u00a0\u00a0 \u00a0Szorong\u00e1sos zavarok (generaliz\u00e1lt szorong\u00e1s, f\u00e9lelem\u00e9rzet, fesz\u00fclts\u00e9g, k\u00e9nyszeres t\u00fcnetek, p\u00e1nikbetegs\u00e9g, f\u00f3bi\u00e1k)-\u00a0\u00a0\u00a0\u00a0\u00a0\u00a0\u00a0\u00a0\u00a0 Depresszi\u00f3s k\u00f3rk\u00e9pek-\u00a0\u00a0\u00a0\u00a0\u00a0\u00a0\u00a0\u00a0\u00a0 Pszichotikus \u00e1llapotok (skizofr\u00e9nia, hallucin\u00e1ci\u00f3k, k\u00e9nyszerk\u00e9pzetek)<\/p>\n<ul>\n<li>H\u00e1ziorvosok r\u00e9sz\u00e9re szakv\u00e9lem\u00e9ny \u00e9s ter\u00e1pi\u00e1s javaslat ad\u00e1sa<\/li>\n<li>Sz\u00fcks\u00e9g szerin t t\u00e1pp\u00e9nzre v\u00e9tel<\/li>\n<li>Betegek r\u00e9sz\u00e9re szakv\u00e9lem\u00e9ny k\u00e9sz\u00edt\u00e9se NRSZH fel\u00fclvizsg\u00e1lathoz, gondnoks\u00e1g al\u00e1 helyez\u00e9shez, szoci\u00e1lis- \u00e9s speci\u00e1lis otthonokban val\u00f3 elhelyez\u00e9shez.<\/li>\n<\/ul>\n<p><em>Figyelem!<\/em><br \/><em>A szakrendel\u00e9s, rendezett t\u00e1rsadalombiztos\u00edt\u00e1si d\u00edj ellen\u00e9ben t\u00e9r\u00edt\u00e9smentesen vehet\u0151 ig\u00e9nybe! Amennyiben \u00d6n nem rendelkezik rendezett t\u00e1rsadalombiztos\u00edt\u00e1ssal, abban az esetben a szakrendel\u00e9s k\u00f6lts\u00e9geket von maga ut\u00e1n, melynek m\u00e9rt\u00e9k\u00e9r\u0151l a szakrendel\u00e9sen \u00e9rdekl\u0151dhet!<\/em><\/p>\n<\/div><\/div>\r\n\r\n<div class=\"wm-item wm-item-wrap\"><h3 class=\"wm-item-title\" data-tags=\"\" data-tag-names=\"\">Reumatol\u00f3gia<\/h3><div class=\"wm-item-content clearfix Reumatolgia\"><table>\n<thead>\n<tr>\n<td>\n<h3>\u00a0<\/h3>\n<h3><strong>Dr. Farag\u00f3n\u00e9 Dr. Fejes Ir\u00e9n<\/strong><\/h3>\n<p><strong><em>Beutal\u00f3k\u00f6teles szakrendel\u00e9s<\/em><\/strong>K\u00e9rj\u00fck, a szakrendel\u00e9sre hozza mag\u00e1val kor\u00e1bbi leleteit!Id\u0151pontfoglal\u00e1s: 06 (66) 585 800, 06 (66) 270 670<\/td>\n<td>\n<table>\n<tbody>\n<tr>\n<td>H\u00c9TF\u0150<\/td>\n<td>Sz\u00fcnetel<\/td>\n<\/tr>\n<tr>\n<td>KEDD<\/td>\n<td>07:00-15:00<br \/>(minden p\u00e1ros h\u00e9ten)<\/td>\n<\/tr>\n<tr>\n<td>SZERDA<\/td>\n<td>07:00-15:00<br \/>(minden p\u00e1ros h\u00e9ten)<\/td>\n<\/tr>\n<tr>\n<td>CS\u00dcT\u00d6RT\u00d6K<\/td>\n<td>07:00-16:00<br \/>(minden p\u00e1ros h\u00e9ten)<\/td>\n<\/tr>\n<tr>\n<td>P\u00c9NTEK<\/td>\n<td>07:00-14:00<br \/>(minden p\u00e1ros h\u00e9ten)<\/td>\n<\/tr>\n<tr>\n<td>SZOMBAT<\/td>\n<td>Z\u00c1RVA<\/td>\n<\/tr>\n<tr>\n<td>VAS\u00c1RNAP<\/td>\n<td>Z\u00c1RVA<\/td>\n<\/tr>\n<\/tbody>\n<\/table>\n<\/td>\n<\/tr>\n<\/thead>\n<\/table>\n<h3>A rendel\u00e9sr\u0151l<\/h3>\n<p>A szakrendel\u00e9sen a mozg\u00e1sszervi eredet\u0171 panaszok kivizsg\u00e1l\u00e1sa, kezel\u00e9se t\u00f6rt\u00e9nik. Ell\u00e1tja az \u00fan. akut mozg\u00e1sszervi betegeket (pl. der\u00e9kf\u00e1j\u00e1s, akut v\u00e1llf\u00e1j\u00e1s) \u00e9s gondozza a kr\u00f3nikus reumatol\u00f3giai betegeket (pl. csontritkul\u00e1s, porckorongs\u00e9rv), gyullad\u00e1sos betegs\u00e9geket (pl.: reum\u00e1s \u00edz\u00fcleti gyullad\u00e1s, sok\u00edz\u00fcleti gyullad\u00e1s, gerincoszlop \u00e9s k\u00f6t\u0151sz\u00f6vet kr\u00f3nikus gyullad\u00e1sa) illetve megszervezi a rehabilit\u00e1ci\u00f3t (nappali k\u00f3rh\u00e1z, szanat\u00f3rium).A reumatol\u00f3gus szakorvos sz\u00fcks\u00e9g szerint laborat\u00f3riumba, r\u00f6ntgenbe, ultrahangra, csonts\u0171r\u0171s\u00e9g vizsg\u00e1latra, izot\u00f3p vizsg\u00e1latra, CT-re, illetve MR-re , egy\u00e9b konz\u00edliumokra ir\u00e1ny\u00edthatja a beteget a diagn\u00f3zis pontos fel\u00e1ll\u00edt\u00e1s\u00e1hoz \u00e9s a ter\u00e1pia be\u00e1ll\u00edt\u00e1s\u00e1hoz. A vizsg\u00e1latok eredm\u00e9nye ut\u00e1n az orvos az al\u00e1bbi ter\u00e1pi\u00e1kat alkalmazhatja:<\/p>\n<ol>\n<li>helyi injekci\u00f3s kezel\u00e9s<\/li>\n<li>gy\u00f3gyszeres ter\u00e1pia<\/li>\n<li>gy\u00f3gy\u00e1szati seg\u00e9deszk\u00f6z fel\u00edr\u00e1sa, haszn\u00e1lat betan\u00edt\u00e1sa<\/li>\n<li>fizikoter\u00e1pia, gy\u00f3gytorna, massz\u00e1zs elrendel\u00e9se<\/li>\n<li>gy\u00f3gyf\u00fcrd\u0151k\u00fara fel\u00edr\u00e1sa<\/li>\n<li>nappali k\u00f3rh\u00e1zba utal\u00e1s inf\u00fazi\u00f3s kezel\u00e9sre<\/li>\n<li>m\u0171t\u00e9t sz\u00fcks\u00e9gess\u00e9ge eset\u00e9n a beteg operat\u00edv oszt\u00e1lyra val\u00f3 ir\u00e1ny\u00edt\u00e1sa<\/li>\n<\/ol>\n<p><em>Figyelem!<\/em><br \/><em>A szakrendel\u00e9s, rendezett t\u00e1rsadalombiztos\u00edt\u00e1si d\u00edj ellen\u00e9ben t\u00e9r\u00edt\u00e9smentesen vehet\u0151 ig\u00e9nybe! Amennyiben \u00d6n nem rendelkezik rendezett t\u00e1rsadalombiztos\u00edt\u00e1ssal, abban az esetben a szakrendel\u00e9s k\u00f6lts\u00e9geket von maga ut\u00e1n, melynek m\u00e9rt\u00e9k\u00e9r\u0151l a szakrendel\u00e9sen \u00e9rdekl\u0151dhet!<\/em><\/p>\n<\/div><\/div>\r\n\r\n<div class=\"wm-item wm-item-wrap\"><h3 class=\"wm-item-title\" data-tags=\"\" data-tag-names=\"\">Sz\u00fcl\u00e9szet-n\u0151gy\u00f3gy\u00e1szat<\/h3><div class=\"wm-item-content clearfix Szlszet-ngygyszat\"><p><strong><em>Nem beutal\u00f3k\u00f6teles szakrendel\u00e9s<\/em><\/strong>K\u00e9rj\u00fck, a szakrendel\u00e9sre hozza mag\u00e1val kor\u00e1bbi leleteit!Id\u0151pontfoglal\u00e1s: 06 (66) 585 800, 06 (66) 270 670<\/p>\n<table>\n<thead>\n<tr>\n<td width=\"50%\">\n<h3>Dr. Krizs\u00e1n M\u00e1ria<\/h3>\n<table>\n<tbody>\n<tr>\n<td>H\u00c9TF\u0150<\/td>\n<td>08:00-14:00<\/td>\n<\/tr>\n<tr>\n<td>KEDD<\/td>\n<td>07:30-13:30<br \/>(Minden p\u00e1ratlan h\u00e9ten)<\/td>\n<\/tr>\n<tr>\n<td>SZERDA<\/td>\n<td>Sz\u00fcnetel<\/td>\n<\/tr>\n<tr>\n<td>CS\u00dcT\u00d6RT\u00d6K<\/td>\n<td>Sz\u00fcnetel<\/td>\n<\/tr>\n<tr>\n<td>P\u00c9NTEK<\/td>\n<td>Sz\u00fcnetel<\/td>\n<\/tr>\n<tr>\n<td>SZOMBAT<\/td>\n<td>Z\u00c1RVA<\/td>\n<\/tr>\n<tr>\n<td>VAS\u00c1RNAP<\/td>\n<td>Z\u00c1RVA<\/td>\n<\/tr>\n<\/tbody>\n<\/table>\n<\/td>\n<td>\n<h3>Dr. Farag\u00f3 L\u00e1szl\u00f3<\/h3>\n<table>\n<tbody>\n<tr>\n<td>H\u00c9TF\u0150<\/td>\n<td>Sz\u00fcnetel<\/td>\n<\/tr>\n<tr>\n<td>KEDD<\/td>\n<td>8:00-15:00<br \/>(Minden p\u00e1ros h\u00e9ten)<\/td>\n<\/tr>\n<tr>\n<td>SZERDA<\/td>\n<td>8:00-15:00<br \/>(Minden p\u00e1ros h\u00e9ten)<\/td>\n<\/tr>\n<tr>\n<td>CS\u00dcT\u00d6RT\u00d6K<\/td>\n<td>Sz\u00fcnetel<\/td>\n<\/tr>\n<tr>\n<td>P\u00c9NTEK<\/td>\n<td>Sz\u00fcnetel<\/td>\n<\/tr>\n<tr>\n<td>SZOMBAT<\/td>\n<td>Z\u00c1RVA<\/td>\n<\/tr>\n<tr>\n<td>VAS\u00c1RNAP<\/td>\n<td>Z\u00c1RVA<\/td>\n<\/tr>\n<\/tbody>\n<\/table>\n<\/td>\n<\/tr>\n<\/thead>\n<\/table>\n<h3>A rendel\u00e9sr\u0151l<\/h3>\n<p>A szakrendel\u00e9s a n\u0151i nemi szervek m\u0171k\u00f6d\u00e9szavarainak felismer\u00e9s\u00e9vel \u00e9s kezel\u00e9s\u00e9vel foglalkozik, p\u00e9ld\u00e1ul a h\u00fcvelyi \u00e9s kismedencei gyullad\u00e1sok, menstru\u00e1ci\u00f3s zavarok, daganatos megbeteged\u00e9sek, vizel\u00e9si inkontinencia, (vizelet elcs\u00f6ppen\u00e9s) sz\u00e9kel\u00e9si inkontinencia, stb.A rendel\u00e9s tev\u00e9kenys\u00e9gi k\u00f6r\u00e9be tartozik az \u00e1ltal\u00e1nos n\u0151gy\u00f3gy\u00e1szati vizsg\u00e1lat,r\u00e1ksz\u0171r\u00e9s (cytol\u00f3giai kenetv\u00e9tel, kolposzk\u00f3pos vizsg\u00e1lat, eml\u0151k vizsg\u00e1lata) mikrobiol\u00f3giai mintav\u00e9tel, hasi \u00e9s h\u00fcvelyi ultrahang vizsg\u00e1latok, terhesgondoz\u00e1s, fogamz\u00e1sg\u00e1tl\u00e1s, medd\u0151s\u00e9gi panaszok kivizsg\u00e1l\u00e1sa, csal\u00e1dtervez\u00e9s, klimaxos panaszok kezel\u00e9se.<em>Figyelem!<\/em><br \/><em>A szakrendel\u00e9s, rendezett t\u00e1rsadalombiztos\u00edt\u00e1si d\u00edj ellen\u00e9ben t\u00e9r\u00edt\u00e9smentesen vehet\u0151 ig\u00e9nybe! Amennyiben \u00d6n nem rendelkezik rendezett t\u00e1rsadalombiztos\u00edt\u00e1ssal, abban az esetben a szakrendel\u00e9s k\u00f6lts\u00e9geket von maga ut\u00e1n, melynek m\u00e9rt\u00e9k\u00e9r\u0151l a szakrendel\u00e9sen \u00e9rdekl\u0151dhet!<\/em><\/p>\n<\/div><\/div>\r\n\r\n<div class=\"wm-item wm-item-wrap\"><h3 class=\"wm-item-title\" data-tags=\"\" data-tag-names=\"\">T\u00fcd\u0151gy\u00f3gy\u00e1szat<\/h3><div class=\"wm-item-content clearfix Tdgygyszat\"><table>\n<thead>\n<tr>\n<td>\n<h3>\u00a0<\/h3>\n<h3><strong>Dr. Lopusnyi Istv\u00e1n<\/strong><\/h3>\n<p><strong><em>Beutal\u00f3k\u00f6teles szakrendel\u00e9s<\/em><\/strong>K\u00e9rj\u00fck, a szakrendel\u00e9sre hozza mag\u00e1val kor\u00e1bbi leleteit!Id\u0151pontfoglal\u00e1s: 06 (66) 585 800, 06 (66) 270 670<\/td>\n<td>\n<table>\n<tbody>\n<tr>\n<td>H\u00c9TF\u0150<\/td>\n<td>07:00-13:00<\/td>\n<\/tr>\n<tr>\n<td>KEDD<\/td>\n<td>07:00-13:00<\/td>\n<\/tr>\n<tr>\n<td>SZERDA<\/td>\n<td>07:00-13:00<\/td>\n<\/tr>\n<tr>\n<td>CS\u00dcT\u00d6RT\u00d6K<\/td>\n<td>07:00-13:00<\/td>\n<\/tr>\n<tr>\n<td>P\u00c9NTEK<\/td>\n<td>Sz\u00fcnetel<\/td>\n<\/tr>\n<tr>\n<td>SZOMBAT<\/td>\n<td>Z\u00c1RVA<\/td>\n<\/tr>\n<tr>\n<td>VAS\u00c1RNAP<\/td>\n<td>Z\u00c1RVA<\/td>\n<\/tr>\n<\/tbody>\n<\/table>\n<\/td>\n<\/tr>\n<\/thead>\n<\/table>\n<h3>A rendel\u00e9sr\u0151l<\/h3>\n<ul>\n<li>A t\u00fcd\u0151gondoz\u00f3 az als\u00f3 l\u00e9g\u00fati betegs\u00e9gek &#8211; ezen bel\u00fcl a tbc, a t\u00fcd\u0151daganatok, a sz\u00e9nan\u00e1tha, a h\u00f6rg\u0151asztma, a kr\u00f3nikus obstrukt\u00edv l\u00e9g\u00fati betegs\u00e9gek, a t\u00fcd\u0151gyullad\u00e1sok &#8211; sz\u0171r\u00e9s\u00e9t, kivizsg\u00e1l\u00e1s\u00e1t, gy\u00f3gykezel\u00e9s\u00e9t \u00e9s hossz\u00fa t\u00e1v\u00fa gondoz\u00e1s\u00e1t v\u00e9gzi.<\/li>\n<\/ul>\n<p>Elv\u00e9gezhet\u0151 vizsg\u00e1latok:<\/p>\n<ul>\n<li>&#8211; \u00a0mellkas rtg<\/li>\n<li>&#8211; \u00a0b\u0151rpr\u00f3ba<\/li>\n<li>&#8211; \u00a0l\u00e9g\u00fati allergia kivizsg\u00e1l\u00e1sa<\/li>\n<li>&#8211; \u00a0l\u00e9gz\u00e9sfunkci\u00f3 (spirometria)<\/li>\n<li>&#8211; \u00a0farmakodin\u00e1mi\u00e1s teszt &#8211; h\u00f6rgt\u00e1g\u00edt\u00f3 bef\u00faj\u00e1sa ut\u00e1n ism\u00e9t l\u00e9gz\u00e9sfunkci\u00f3 v\u00e9gz\u00e9se<\/li>\n<li>&#8211; \u00a0gy\u00f3gyszeres kezel\u00e9s be\u00e1ll\u00edt\u00e1sa, a gy\u00f3gyszer haszn\u00e1lat\u00e1nak betan\u00edt\u00e1sa<\/li>\n<li>&#8211; \u00a0a vizsg\u00e1latok sor\u00e1n igazolt kr\u00f3nikus l\u00e9g\u00fati betegs\u00e9g eset\u00e9n gondoz\u00e1sba v\u00e9tel, kontrollvizsg\u00e1latok v\u00e9gz\u00e9se, gy\u00f3gyszer fel\u00edr\u00e1sa<\/li>\n<li>&#8211; \u00a0h\u00e1ziorvosok fel\u00e9 a gy\u00f3gyszerfel\u00edr\u00e1si javaslat kiad\u00e1sa<\/li>\n<\/ul>\n<p>A l\u00e9g\u00fati betegs\u00e9gek egyik leghat\u00e9konyabb \u00e9s \u00e9vsz\u00e1zadok \u00f3ta ismert kezel\u00e9si m\u00f3dszere a term\u00e9szetes\u00a0<b>s\u00f3szoba<\/b>-ter\u00e1pia. Egy teljes k\u00fara 10 vagy 20 kezel\u00e9si alkalomb\u00f3l \u00e1ll, f\u00fcgg\u0151en a betegs\u00e9g jellemz\u0151it\u0151l, id\u0151tartama 20 perc.\u00a0A s\u00f3 ter\u00e1pia a t\u00fcd\u0151gy\u00f3gy\u00e1szat, beutal\u00f3 k\u00f6teles szakrendel\u00e9s keretin bel\u00fcl \u00e9rhet\u0151 el.T\u00fcd\u0151sz\u0171r\u00e9s sor\u00e1n k\u00e9sz\u00fclt felv\u00e9telek \u00e9rt\u00e9kel\u00e9se, ennek sor\u00e1n kiemel\u00e9sre ker\u00fclt esetek el\u0151zm\u00e9nyeikkel val\u00f3 \u00f6sszehasonl\u00edt\u00e1sa, k\u00f3ros elv\u00e1ltoz\u00e1s gyan\u00faja eset\u00e9n betegek beh\u00edv\u00e1sa, kivizsg\u00e1l\u00e1sa.<em>Figyelem!<\/em><br \/><em>A szakrendel\u00e9s, rendezett t\u00e1rsadalombiztos\u00edt\u00e1si d\u00edj ellen\u00e9ben t\u00e9r\u00edt\u00e9smentesen vehet\u0151 ig\u00e9nybe! Amennyiben \u00d6n nem rendelkezik rendezett t\u00e1rsadalombiztos\u00edt\u00e1ssal, abban az esetben a szakrendel\u00e9s k\u00f6lts\u00e9geket von maga ut\u00e1n, melynek m\u00e9rt\u00e9k\u00e9r\u0151l a szakrendel\u00e9sen \u00e9rdekl\u0151dhet!<\/em><b>T\u00fcd\u0151sz\u0171r\u00e9s: <\/b>Nem k\u00f6telez\u0151Amennyiben a vizsg\u00e1lat eg\u00e9szs\u00e9g\u00fcgyi okok miatt indokolt \u00e9s az ell\u00e1tott rendelkezik beutal\u00f3val, valamint rendezett t\u00e1rsadalombiztos\u00edt\u00e1ssal, abban az esetben a t\u00fcd\u0151sz\u0171r\u00e9s ingyenes.Amennyiben az ell\u00e1tott 40 \u00e9vn\u00e9l id\u0151sebb, \u00e9vente 1 alkalommal k\u00e9rheti eg\u00e9szs\u00e9g\u00fcgyi okokt\u00f3l f\u00fcggetlen\u00fcl a h\u00e1ziorvos\u00e1t beutal\u00f3 ki\u00e1ll\u00edt\u00e1s\u00e1ra az eg\u00e9szs\u00e9g\u00fcgyi sz\u0171r\u00e9s c\u00e9lj\u00e1b\u00f3l t\u00f6rt\u00e9n\u0151 t\u00fcd\u0151sz\u0171r\u00e9shez. (Szint\u00e9n t\u00e9r\u00edt\u00e9smentes)Amennyiben a t\u00fcd\u0151sz\u0171r\u00e9s munkaalkalmass\u00e1gi-vizsg\u00e1lathoz sz\u00fcks\u00e9ges, abban az esetben a t\u00fcd\u0151sz\u0171r\u00e9s d\u00edja minden esetben, kort\u00f3l f\u00fcggetlen\u00fcl 1700.-Ft.Iskol\u00e1soknak, csak iskolaorvosi beutal\u00f3val t\u00f6rt\u00e9nik az alkalmass\u00e1gi vizsg\u00e1lat<\/p>\n<\/div><\/div>\r\n\r\n<div class=\"wm-item wm-item-wrap\"><h3 class=\"wm-item-title\" data-tags=\"\" data-tag-names=\"\">Urol\u00f3gia<\/h3><div class=\"wm-item-content clearfix Urolgia\"><table>\n<thead>\n<tr>\n<td>\n<h3>\u00a0<\/h3>\n<h3><strong>Dr. M\u00e1rki-Fejes L\u00e1szl\u00f3<\/strong><\/h3>\n<p><strong><em>Nem beutal\u00f3k\u00f6teles szakrendel\u00e9s<\/em><\/strong>K\u00e9rj\u00fck, a szakrendel\u00e9sre hozza mag\u00e1val kor\u00e1bbi leleteit!Id\u0151pontfoglal\u00e1s: 06 (66) 585 800, 06 (66) 270 670<\/td>\n<td>\n<table>\n<tbody>\n<tr>\n<td>H\u00c9TF\u0150<\/td>\n<td>Sz\u00fcnetel<\/td>\n<\/tr>\n<tr>\n<td>KEDD<\/td>\n<td>Sz\u00fcnetel<\/td>\n<\/tr>\n<tr>\n<td>SZERDA<\/td>\n<td>Sz\u00fcnetel<\/td>\n<\/tr>\n<tr>\n<td>CS\u00dcT\u00d6RT\u00d6K<\/td>\n<td>07:00-13:00<\/td>\n<\/tr>\n<tr>\n<td>P\u00c9NTEK<\/td>\n<td>Sz\u00fcnetel<\/td>\n<\/tr>\n<tr>\n<td>SZOMBAT<\/td>\n<td>Z\u00c1RVA<\/td>\n<\/tr>\n<tr>\n<td>VAS\u00c1RNAP<\/td>\n<td>Z\u00c1RVA<\/td>\n<\/tr>\n<\/tbody>\n<\/table>\n<\/td>\n<\/tr>\n<\/thead>\n<\/table>\n<h3>A rendel\u00e9sr\u0151l<\/h3>\n<p>A szakrendel\u00e9s a\u00a0 h\u00fagy-ivari szervek betegs\u00e9geinek diagnosztiz\u00e1l\u00e1s\u00e1val \u00e9s gy\u00f3gy\u00edt\u00e1s\u00e1val foglalkozik mindk\u00e9t nemn\u00e9l.Az ell\u00e1t\u00e1s k\u00f6r\u00e9be tartozik a vese \u00e9s vizel\u00e9si panaszok kivizsg\u00e1l\u00e1sa, kezel\u00e9se. Gyullad\u00e1sos \u00e9s k\u00f6ves megbeteged\u00e9sek, f\u00e9rfi nemi szervekkel kapcsolatos panaszok kivizsg\u00e1l\u00e1sa, kezel\u00e9se, daganatos betegek gondoz\u00e1sa.Prosztata sz\u0171r\u00e9s,gondoz\u00e1s. N\u0151i vizelettart\u00e1si zavarok. F\u00e9rfi szexu\u00e1liszavarok, potenciazavarok vizsg\u00e1lata., kezel\u00e9se. Anamn\u00e9zis felv\u00e9tel\u00e9t, h\u00f3lyagkat\u00e9ter behelyez\u00e9s\u00e9t -cser\u00e9j\u00e9t, incontinencia kivizsg\u00e1l\u00e1s\u00e1t,incontinencia bet\u00e9t, nadr\u00e1gpelenka szakorvosi javaslatok ki\u00e1ll\u00edt\u00e1s\u00e1t, \u00a0szakkonz\u00edliumok ad\u00e1s\u00e1t v\u00e9gezz\u00fck.Helyileg tudjuk v\u00e9gezni a hasi ultrahang, vizsg\u00e1latot, urol\u00f3giai javaslat eset\u00e9n (ehhez a vizsg\u00e1lathoz elengedhetetlen a telt h\u00fagyh\u00f3lyag)<em>Figyelem!<\/em><br \/><em>A szakrendel\u00e9s, rendezett t\u00e1rsadalombiztos\u00edt\u00e1si d\u00edj ellen\u00e9ben t\u00e9r\u00edt\u00e9smentesen vehet\u0151 ig\u00e9nybe! Amennyiben \u00d6n nem rendelkezik rendezett t\u00e1rsadalombiztos\u00edt\u00e1ssal, abban az esetben a szakrendel\u00e9s k\u00f6lts\u00e9geket von maga ut\u00e1n, melynek m\u00e9rt\u00e9k\u00e9r\u0151l a szakrendel\u00e9sen \u00e9rdekl\u0151dhet!<\/em><\/p>\n<\/div><\/div>\r\n\r\n<div class=\"wm-item wm-item-wrap\"><h3 class=\"wm-item-title\" data-tags=\"\" data-tag-names=\"\">Ultrahang<\/h3><div class=\"wm-item-content clearfix Ultrahang\"><table>\n<thead>\n<tr>\n<td>\n<h3>\u00a0<\/h3>\n<h3><strong>Dr. Halasi Henriette<\/strong><\/h3>\n<p><strong><em>Beutal\u00f3k\u00f6teles szakrendel\u00e9s<\/em><\/strong>K\u00e9rj\u00fck, a szakrendel\u00e9sre hozza mag\u00e1val kor\u00e1bbi leleteit!Id\u0151pontfoglal\u00e1s: 06 (66) 585 800, 06 (66) 270 670<\/td>\n<td>\n<table>\n<tbody>\n<tr>\n<td>H\u00c9TF\u0150<\/td>\n<td>07:00-14:00<\/td>\n<\/tr>\n<tr>\n<td>KEDD<\/td>\n<td>07:00-14:00<\/td>\n<\/tr>\n<tr>\n<td>SZERDA<\/td>\n<td>07:00-14:00<\/td>\n<\/tr>\n<tr>\n<td>CS\u00dcT\u00d6RT\u00d6K<\/td>\n<td>07:00-14:00<\/td>\n<\/tr>\n<tr>\n<td>P\u00c9NTEK<\/td>\n<td>Sz\u00fcnetel<\/td>\n<\/tr>\n<tr>\n<td>SZOMBAT<\/td>\n<td>Z\u00c1RVA<\/td>\n<\/tr>\n<tr>\n<td>VAS\u00c1RNAP<\/td>\n<td>Z\u00c1RVA<\/td>\n<\/tr>\n<\/tbody>\n<\/table>\n<\/td>\n<\/tr>\n<\/thead>\n<\/table>\n<h3>A rendel\u00e9sr\u0151l<\/h3>\n<p>Ultrahang r\u00e9szleg\u00fcnk\u00f6n szakorvosi, vagy h\u00e1ziorvosi beutal\u00f3val lehet\u0151s\u00e9g van a nyaki r\u00e9gi\u00f3 (pajzsmirigy, ny\u00e1lmirigyek, nyirokcsom\u00f3k, egy\u00e9b l\u00e1gyr\u00e9sz), a hasi-kismedencei szervek (m\u00e1j, hasny\u00e1lmirigy, eperendszer, ves\u00e9k, l\u00e9p, belek, h\u00fagyh\u00f3lyag, bels\u0151 nemi szervek, hasi nagyerek), k\u00fcl\u00f6nb\u00f6z\u0151 testt\u00e1j\u00e9kok (pl. t\u00e9rd, cs\u00edp\u0151, eml\u0151) l\u00e1gyr\u00e9szeinek UH vizsg\u00e1lat\u00e1ra, illetve \u00edz\u00fcleti UH vizsg\u00e1latra.Hasi UH vizsg\u00e1lat el\u0151tt 6-8 \u00f3r\u00e1val m\u00e1r nem szabad enni, csak csapv\u00edz ill. sz\u00e9nsavmentes \u00e1sv\u00e1nyv\u00edz fogyaszthat\u00f3. K\u00e1v\u00e9, tea, cukros \u00fcd\u00edt\u0151ital fogyaszt\u00e1sa, doh\u00e1nyz\u00e1s, r\u00e1g\u00f3gumiz\u00e1s a belek g\u00e1zoss\u00e1g\u00e1t illetve az epeh\u00f3lyag ki\u00fcr\u00fcl\u00e9s\u00e9t okozza, ami a vizsg\u00e1lat \u00e9rt\u00e9kelhet\u0151s\u00e9g\u00e9t jelent\u0151sen cs\u00f6kkenti, ez\u00e9rt ezek fogyaszt\u00e1s\u00e1t\u00f3l k\u00e9rj\u00fck, tart\u00f3zkodjon.Vizsg\u00e1latot megel\u0151z\u0151 2 \u00f3r\u00e1n bel\u00fcl nem szabad vizelni. A h\u00fagyh\u00f3lyag \u00e9s a k\u00f6rnyezet\u00e9ben l\u00e9v\u0151 szervek vizsg\u00e1lata akkor eredm\u00e9nyes, ha a h\u00f3lyag vizelettel j\u00f3l telt.<strong>Cukorbetegek<\/strong>\u00a0(f\u0151leg az inzulin kezeltek) bejelentkez\u00e9skor felt\u00e9tlen jelezz\u00e9k betegs\u00e9g\u00fcket, soron k\u00f6vetkez\u0151 inzulin adagjukat \u00e9s n\u00e9mi \u00e9lelmet is c\u00e9lszer\u0171 magukkal hozni. Hasi UH el\u0151tt ne t\u00f6rt\u00e9njen meg az inzulin bead\u00e1sa.<em>Figyelem!<\/em><br \/><em>A szakrendel\u00e9s, rendezett t\u00e1rsadalombiztos\u00edt\u00e1si d\u00edj ellen\u00e9ben t\u00e9r\u00edt\u00e9smentesen vehet\u0151 ig\u00e9nybe! Amennyiben \u00d6n nem rendelkezik rendezett t\u00e1rsadalombiztos\u00edt\u00e1ssal, abban az esetben a szakrendel\u00e9s k\u00f6lts\u00e9geket von maga ut\u00e1n, melynek m\u00e9rt\u00e9k\u00e9r\u0151l a szakrendel\u00e9sen \u00e9rdekl\u0151dhet!<\/em><\/p>\n<\/div><\/div>\r\n\r\n<div class=\"wm-item wm-item-wrap\"><h3 class=\"wm-item-title\" data-tags=\"\" data-tag-names=\"\">R\u00f6ntgen<\/h3><div class=\"wm-item-content clearfix Rntgen\"><table>\n<thead>\n<tr>\n<td>\n<h3>\u00a0<\/h3>\n<p><strong><em>Beutal\u00f3k\u00f6teles szakrendel\u00e9s<\/em><\/strong>K\u00e9rj\u00fck, a szakrendel\u00e9sre hozza mag\u00e1val kor\u00e1bbi leleteit!Id\u0151pontfoglal\u00e1s: 06 (66) 585 800, 06 (66) 270 670<\/td>\n<td>\n<table>\n<tbody>\n<tr>\n<td>H\u00c9TF\u0150<\/td>\n<td>07:00-11:30<\/td>\n<\/tr>\n<tr>\n<td>KEDD<\/td>\n<td>07:00-11:30<\/td>\n<\/tr>\n<tr>\n<td>SZERDA<\/td>\n<td>07:00-11:30<\/td>\n<\/tr>\n<tr>\n<td>CS\u00dcT\u00d6RT\u00d6K<\/td>\n<td>07:00-11:30<\/td>\n<\/tr>\n<tr>\n<td>P\u00c9NTEK<\/td>\n<td>Sz\u00fcnetel<\/td>\n<\/tr>\n<tr>\n<td>SZOMBAT<\/td>\n<td>Z\u00c1RVA<\/td>\n<\/tr>\n<tr>\n<td>VAS\u00c1RNAP<\/td>\n<td>Z\u00c1RVA<\/td>\n<\/tr>\n<\/tbody>\n<\/table>\n<\/td>\n<\/tr>\n<\/thead>\n<\/table>\n<h3>A rendel\u00e9sr\u0151l<\/h3>\n<p>A r\u00f6ntgen szakrendel\u00e9sen mellkas felv\u00e9telt, nat\u00edv vese, nat\u00edv has felv\u00e9telt, csontok vizsg\u00e1lat\u00e1t (gerinc, v\u00e9gtagok, \u00edz\u00fcletek), s\u00e9r\u00fcl\u00e9sek, mozg\u00e1sszervi betegs\u00e9gek vizsg\u00e1lat\u00e1t tudjuk elv\u00e9gezni. A radiol\u00f3giai vizsg\u00e1latokr\u00f3l \u00edr\u00e1sos dokument\u00e1ci\u00f3t (leletet) adunk a vizsg\u00e1lat d\u00e9lut\u00e1nj\u00e1n illetve a k\u00f6vetkez\u0151 munkanapokon, melyet a recepci\u00f3n lehet \u00e1tvenni.Amennyiben a betegnek &#8211; m\u00e1s Int\u00e9zetben t\u00f6rt\u00e9n\u0151 konzult\u00e1ci\u00f3 c\u00e9lj\u00e1b\u00f3l- k\u00e9pi dokument\u00e1ci\u00f3t, azaz a felv\u00e9teleket el kell vinnie, \u00fagy azokat a beteg \u00e1ltal hozott digit\u00e1lis adatr\u00f6gz\u00edt\u0151n (CD-n) t\u00e9r\u00edt\u00e9s n\u00e9lk\u00fcl rendelkez\u00e9sre bocs\u00e1jtjuk.<em>Figyelem!<\/em><br \/><em>A szakrendel\u00e9s, rendezett t\u00e1rsadalombiztos\u00edt\u00e1si d\u00edj ellen\u00e9ben t\u00e9r\u00edt\u00e9smentesen vehet\u0151 ig\u00e9nybe! Amennyiben \u00d6n nem rendelkezik rendezett t\u00e1rsadalombiztos\u00edt\u00e1ssal, abban az esetben a szakrendel\u00e9s k\u00f6lts\u00e9geket von maga ut\u00e1n, melynek m\u00e9rt\u00e9k\u00e9r\u0151l a szakrendel\u00e9sen \u00e9rdekl\u0151dhet!<\/em><\/p>\n<\/div><\/div>\r\n\r\n<div class=\"wm-item wm-item-wrap\"><h3 class=\"wm-item-title\" data-tags=\"\" data-tag-names=\"\">Fizikoter\u00e1pi\u00e1s kezel\u00e9s<\/h3><div class=\"wm-item-content clearfix Fizikoterpiskezels\"><table>\n<thead>\n<tr>\n<td>\n<h3>\u00a0<\/h3>\n<p><strong><em>Beutal\u00f3k\u00f6teles szakrendel\u00e9s<\/em><\/strong>K\u00e9rj\u00fck, a szakrendel\u00e9sre hozza mag\u00e1val kor\u00e1bbi leleteit!Id\u0151pontfoglal\u00e1s: 06 (66) 585 800, 06 (66) 270 670<\/td>\n<td>\n<table>\n<tbody>\n<tr>\n<td>H\u00c9TF\u0150<\/td>\n<td>07:00-12:30<\/td>\n<\/tr>\n<tr>\n<td>KEDD<\/td>\n<td>07:00-12:30<\/td>\n<\/tr>\n<tr>\n<td>SZERDA<\/td>\n<td>07:00-12:30<\/td>\n<\/tr>\n<tr>\n<td>CS\u00dcT\u00d6RT\u00d6K<\/td>\n<td>07:00-12:30<\/td>\n<\/tr>\n<tr>\n<td>P\u00c9NTEK<\/td>\n<td>07:00-12:00<\/td>\n<\/tr>\n<tr>\n<td>SZOMBAT<\/td>\n<td>Z\u00c1RVA<\/td>\n<\/tr>\n<tr>\n<td>VAS\u00c1RNAP<\/td>\n<td>Z\u00c1RVA<\/td>\n<\/tr>\n<\/tbody>\n<\/table>\n<\/td>\n<\/tr>\n<\/thead>\n<\/table>\n<h3>A rendel\u00e9sr\u0151l<\/h3>\n<p>A fizikoter\u00e1pia leggyakoribb feladata a k\u00f3ros t\u00fcnetek m\u00e9rs\u00e9kl\u00e9se, vagy megsz\u00fcntet\u00e9se, illetve olyan kezel\u00e9sek megval\u00f3s\u00edt\u00e1sa, melyet m\u00e1s kezel\u00e9ssel helyettes\u00edteni nem lehet. Az elektroter\u00e1pia az egyik leggyakrabban alkalmazott kezel\u00e9si elj\u00e1r\u00e1s. Akut \u00e9s degenerat\u00edv \u00edz\u00fcleti elv\u00e1ltoz\u00e1sokat, gerincb\u00e1ntalmakat, izomf\u00e1jdalmakat, k\u00fcl\u00f6nb\u00f6z\u0151 mozg\u00e1sszervi betegs\u00e9gek kezel\u00e9se t\u00f6rt\u00e9nik.Kezel\u00e9si form\u00e1k: iontoforezis, diadinamic-interferencia, szelekt\u00edv inger\u00e1ram, TENS, magnetoter\u00e1pia, v\u00edz alatti ultrahang, ultrahang, interferencia.<em>Figyelem!<\/em><br \/><em>A szakrendel\u00e9s, rendezett t\u00e1rsadalombiztos\u00edt\u00e1si d\u00edj ellen\u00e9ben t\u00e9r\u00edt\u00e9smentesen vehet\u0151 ig\u00e9nybe! Amennyiben \u00d6n nem rendelkezik rendezett t\u00e1rsadalombiztos\u00edt\u00e1ssal, abban az esetben a szakrendel\u00e9s k\u00f6lts\u00e9geket von maga ut\u00e1n, melynek m\u00e9rt\u00e9k\u00e9r\u0151l a szakrendel\u00e9sen \u00e9rdekl\u0151dhet!<\/em><\/p>\n<\/div><\/div>\r\n\r\n<div class=\"wm-item wm-item-wrap\"><h3 class=\"wm-item-title\" data-tags=\"\" data-tag-names=\"\">Gy\u00f3gymassz\u00e1zs, gy\u00f3gytorna<\/h3><div class=\"wm-item-content clearfix Gygymasszzsgygytorna\"><table>\n<thead>\n<tr>\n<td>\n<h3>\u00a0<\/h3>\n<p><strong><em>Beutal\u00f3k\u00f6teles szakrendel\u00e9s<\/em><\/strong>K\u00e9rj\u00fck, a szakrendel\u00e9sre hozza mag\u00e1val kor\u00e1bbi leleteit!Id\u0151pontfoglal\u00e1s: 06 (66) 585 800, 06 (66) 270 670<\/td>\n<td>\n<table>\n<tbody>\n<tr>\n<td>H\u00c9TF\u0150<\/td>\n<td>07:00-12:00<\/td>\n<\/tr>\n<tr>\n<td>KEDD<\/td>\n<td>07:00-12:00<\/td>\n<\/tr>\n<tr>\n<td>SZERDA<\/td>\n<td>07:00-12:00<\/td>\n<\/tr>\n<tr>\n<td>CS\u00dcT\u00d6RT\u00d6K<\/td>\n<td>07:00-12:00<\/td>\n<\/tr>\n<tr>\n<td>P\u00c9NTEK<\/td>\n<td>07:00-11:00<\/td>\n<\/tr>\n<tr>\n<td>SZOMBAT<\/td>\n<td>Z\u00c1RVA<\/td>\n<\/tr>\n<tr>\n<td>VAS\u00c1RNAP<\/td>\n<td>Z\u00c1RVA<\/td>\n<\/tr>\n<\/tbody>\n<\/table>\n<\/td>\n<\/tr>\n<\/thead>\n<\/table>\n<h3>A rendel\u00e9sr\u0151l<\/h3>\n<p><b><i>Gy\u00f3gytorna<\/i><\/b><b>\u201e\u00a0<\/b><i>A mozg\u00e1s sok mindenre orvoss\u00e1g, de nincs olyan gy\u00f3gyszer, amely a mozg\u00e1st helyettes\u00edten\u00e9!&#8221; (g\u00f6r\u00f6g mond\u00e1s)<\/i>A megbetegedett, vagy s\u00e9r\u00fclt testr\u00e9szek f\u00e1jdalommentess\u00e9g\u00e9t \u00e9s mozg\u00e1sk\u00e9szs\u00e9g\u00e9t \u00e1ll\u00edtjuk helyre. Gy\u00f3gytorn\u00e1val kezelj\u00fck a k\u00fcl\u00f6nb\u00f6z\u0151 mozg\u00e1sszervi megbeteged\u00e9seket \u00e9s jelent\u0151s eredm\u00e9nyeket \u00e9rhet\u00fcnk el reumatol\u00f3giai, traumatol\u00f3giai, neurol\u00f3giai \u00e9s belgy\u00f3gy\u00e1szati k\u00f3rk\u00e9pben is. Lehet alkalmazni megel\u0151z\u00e9sben, gy\u00f3gy\u00edt\u00e1sban \u00e9s rehabilit\u00e1ci\u00f3ban is.Kezel\u00e9sek fajt\u00e1i:<\/p>\n<ul>\n<li>egy\u00e9ni foglalkoz\u00e1sok<\/li>\n<li>csoportos foglalkoz\u00e1sok<\/li>\n<\/ul>\n<ol>\n<li>kis l\u00e9tsz\u00e1m\u00fa csoportok (2-3 f\u0151)<\/li>\n<li>nagy l\u00e9tsz\u00e1m\u00fa csoportok (4-8 f\u0151)<\/li>\n<\/ol>\n<p><b><i>Gy\u00f3gymassz\u00e1zs<\/i><\/b>A gy\u00f3gymassz\u00e1zs keret\u00e9ben a betegs\u00e9gekt\u0151l f\u00fcgg\u0151en egy a diagn\u00f3zis \u00e9s a panaszok alapj\u00e1n meghat\u00e1rozott \u201etestt\u00e1j&#8221; alapos gy\u00f3gy massz\u00edroz\u00e1sa \u00e9s sz\u00fcks\u00e9g eset\u00e9n \u00fagynevezett \u201e passz\u00edv kimozgat\u00e1sa&#8221; t\u00f6rt\u00e9nik. Enyh\u00edti a panaszokat, serkenti a v\u00e9rkering\u00e9st, anyagcser\u00e9t, ellaz\u00edtja az izmokat. f\u00e1jdalomcsillap\u00edt\u00f3 \u00e9s nyugtat\u00f3 hat\u00e1s\u00fa.<em>Figyelem!<\/em><br \/><em>A szakrendel\u00e9s, rendezett t\u00e1rsadalombiztos\u00edt\u00e1si d\u00edj ellen\u00e9ben t\u00e9r\u00edt\u00e9smentesen vehet\u0151 ig\u00e9nybe! Amennyiben \u00d6n nem rendelkezik rendezett t\u00e1rsadalombiztos\u00edt\u00e1ssal, abban az esetben a szakrendel\u00e9s k\u00f6lts\u00e9geket von maga ut\u00e1n, melynek m\u00e9rt\u00e9k\u00e9r\u0151l a szakrendel\u00e9sen \u00e9rdekl\u0151dhet!<\/em><\/p>\n<\/div><\/div>\r\n\r\n<div class=\"wm-item wm-item-wrap\"><h3 class=\"wm-item-title\" data-tags=\"\" data-tag-names=\"\">Labor<\/h3><div class=\"wm-item-content clearfix Labor\"><table>\n<thead>\n<tr>\n<td>\n<h3>\u00a0<\/h3>\n<p><strong><em>Beutal\u00f3k\u00f6teles szakrendel\u00e9s<\/em><\/strong>K\u00e9rj\u00fck, a szakrendel\u00e9sre hozza mag\u00e1val kor\u00e1bbi leleteit!Id\u0151pontfoglal\u00e1s: 06 (66) 585 800, 06 (66) 270 670<\/td>\n<td>\n<table>\n<tbody>\n<tr>\n<td>H\u00c9TF\u0150<\/td>\n<td>07:00-11:00<\/td>\n<\/tr>\n<tr>\n<td>KEDD<\/td>\n<td>07:00-11:00<\/td>\n<\/tr>\n<tr>\n<td>SZERDA<\/td>\n<td>07:00-11:00<\/td>\n<\/tr>\n<tr>\n<td>CS\u00dcT\u00d6RT\u00d6K<\/td>\n<td>07:00-11:00<\/td>\n<\/tr>\n<tr>\n<td>P\u00c9NTEK<\/td>\n<td>07:00-11:00<\/td>\n<\/tr>\n<tr>\n<td>SZOMBAT<\/td>\n<td>Z\u00c1RVA<\/td>\n<\/tr>\n<tr>\n<td>VAS\u00c1RNAP<\/td>\n<td>Z\u00c1RVA<\/td>\n<\/tr>\n<\/tbody>\n<\/table>\n<\/td>\n<\/tr>\n<\/thead>\n<\/table>\n<h3>A rendel\u00e9sr\u0151l<\/h3>\n<p>A laborat\u00f3rium a t\u00e9rs\u00e9get ell\u00e1t\u00f3 v\u00e9rv\u00e9teli hely.V\u00e9rv\u00e9tel el\u0151tt kifejezetten aj\u00e1nlott vizet inni, mert szomj\u00fas\u00e1g eset\u00e9n a v\u00e9r bes\u0171r\u0171s\u00f6dik, s ez megnehez\u00edtheti a v\u00e9rv\u00e9telt.A laborvizsg\u00e1latok eredm\u00e9nyeit a lelet tulajdonosa veheti \u00e1t. Hozz\u00e1tartoz\u00f3 csak meghatalmaz\u00e1s ellen\u00e9ben viheti el csal\u00e1dtagja lelet\u00e9t!<em>Figyelem!<\/em><br \/><em>A szakrendel\u00e9s csak rendezett t\u00e1rsadalombiztos\u00edt\u00e1si d\u00edj ellen\u00e9ben vehet\u0151 ig\u00e9nybe!<\/em><\/p>\n<\/div><\/div>\r\n\r\n<div class=\"wm-item wm-item-wrap\"><h3 class=\"wm-item-title\" data-tags=\"\" data-tag-names=\"\">Nappali k\u00f3rh\u00e1z<\/h3><div class=\"wm-item-content clearfix Nappalikrhz\"><table>\n<thead>\n<tr>\n<td>\n<h3>\u00a0<\/h3>\n<p><strong><em>Beutal\u00f3k\u00f6teles szakrendel\u00e9s<\/em><\/strong>K\u00e9rj\u00fck, a szakrendel\u00e9sre hozza mag\u00e1val kor\u00e1bbi leleteit!Id\u0151pontfoglal\u00e1s: 06 (66) 585 800, 06 (66) 270 670<\/td>\n<td>\n<table>\n<tbody>\n<tr>\n<td>H\u00c9TF\u0150<\/td>\n<td>08:00-16:00<\/td>\n<\/tr>\n<tr>\n<td>KEDD<\/td>\n<td>08:00-16:00<\/td>\n<\/tr>\n<tr>\n<td>SZERDA<\/td>\n<td>08:00-16:00<\/td>\n<\/tr>\n<tr>\n<td>CS\u00dcT\u00d6RT\u00d6K<\/td>\n<td>08:00-16:00<\/td>\n<\/tr>\n<tr>\n<td>P\u00c9NTEK<\/td>\n<td>08:00-16:00<\/td>\n<\/tr>\n<tr>\n<td>SZOMBAT<\/td>\n<td>Z\u00c1RVA<\/td>\n<\/tr>\n<tr>\n<td>VAS\u00c1RNAP<\/td>\n<td>Z\u00c1RVA<\/td>\n<\/tr>\n<\/tbody>\n<\/table>\n<\/td>\n<\/tr>\n<\/thead>\n<\/table>\n<h3>A rendel\u00e9sr\u0151l<\/h3>\n<p>Olyan napk\u00f6zbeni kezel\u00e9st ny\u00fajt\u00f3 ell\u00e1t\u00e1s, els\u0151sorban inf\u00fazi\u00f3s kezel\u00e9sek, ahol a beteg csak napk\u00f6zben tart\u00f3zkodik, nem t\u00f6lti benn az \u00e9jszak\u00e1t. El\u0151nye, hogy nem kell az inf\u00fazi\u00f3s kezel\u00e9sek ideje alatt a k\u00f3rh\u00e1zban fek\u00fcdni. Az ell\u00e1t\u00e1s 10 \u00e1gyon t\u00f6rt\u00e9nik. Az inf\u00fazi\u00f3 bead\u00e1sa a betegekkel egyeztetett, nekik megfelel\u0151\u00a0 id\u0151pontban t\u00f6rt\u00e9nik.<em>Figyelem!<\/em><br \/><em>A szakrendel\u00e9s, rendezett t\u00e1rsadalombiztos\u00edt\u00e1si d\u00edj ellen\u00e9ben t\u00e9r\u00edt\u00e9smentesen vehet\u0151 ig\u00e9nybe! Amennyiben \u00d6n nem rendelkezik rendezett t\u00e1rsadalombiztos\u00edt\u00e1ssal, abban az esetben a szakrendel\u00e9s k\u00f6lts\u00e9geket von maga ut\u00e1n, melynek m\u00e9rt\u00e9k\u00e9r\u0151l a szakrendel\u00e9sen \u00e9rdekl\u0151dhet!<\/em><\/p>\n<\/div><\/div>\r\n\r\n<div class=\"wm-item wm-item-wrap\"><h3 class=\"wm-item-title\" data-tags=\"\" data-tag-names=\"\">Audiol\u00f3gia<\/h3><div class=\"wm-item-content clearfix Audiolgia\"><table>\n<thead>\n<tr>\n<td>\n<h3>\u00a0<\/h3>\n<p><strong><em>Beutal\u00f3k\u00f6teles szakrendel\u00e9s<\/em><\/strong>K\u00e9rj\u00fck, a szakrendel\u00e9sre hozza mag\u00e1val kor\u00e1bbi leleteit!Id\u0151pontfoglal\u00e1s: 06 (66) 585 800, 06 (66) 270 670<\/td>\n<td>\n<table>\n<tbody>\n<tr>\n<td>H\u00c9TF\u0150<\/td>\n<td>Sz\u00fcnetel<\/td>\n<\/tr>\n<tr>\n<td>KEDD<\/td>\n<td>12:00-16:00<\/td>\n<\/tr>\n<tr>\n<td>SZERDA<\/td>\n<td>12:00-16:00<\/td>\n<\/tr>\n<tr>\n<td>CS\u00dcT\u00d6RT\u00d6K<\/td>\n<td>Sz\u00fcnetel<\/td>\n<\/tr>\n<tr>\n<td>P\u00c9NTEK<\/td>\n<td>Sz\u00fcnetel<\/td>\n<\/tr>\n<tr>\n<td>SZOMBAT<\/td>\n<td>Z\u00c1RVA<\/td>\n<\/tr>\n<tr>\n<td>VAS\u00c1RNAP<\/td>\n<td>Z\u00c1RVA<\/td>\n<\/tr>\n<\/tbody>\n<\/table>\n<\/td>\n<\/tr>\n<\/thead>\n<\/table>\n<h3>A rendel\u00e9sr\u0151l<\/h3>\n<p>Az Audiol\u00f3gia a hall\u00e1s \u00e9s a f\u00fcl betegs\u00e9geivel foglalkoz\u00f3 tudom\u00e1ny\u00e1g, mely az emberek hall\u00e1s\u00e1nak vizsg\u00e1lat\u00e1val \u00e9s kezel\u00e9s\u00e9vel foglalkozik. Az audiol\u00f3gusok k\u00fcl\u00f6nf\u00e9le tesztekkel m\u00e9rik a hall\u00e1s\u00e9less\u00e9get, p\u00e9ld\u00e1ul hangk\u00e9pz\u00e9ses \u00e9s t\u00f3nusos tesztekkel. Az Audiol\u00f3gia a hall\u00e1scs\u00f6kken\u00e9s okainak felder\u00edt\u00e9s\u00e9re is nagy hangs\u00falyt fektet, \u00edgy az orvosok seg\u00edthetnek a megfelel\u0151 diagn\u00f3zis fel\u00e1ll\u00edt\u00e1s\u00e1ban. Az audiol\u00f3giai vizsg\u00e1latok sor\u00e1n az orvosok figyelmet ford\u00edtanak a k\u00f6z\u00e9pf\u00fcl \u00e9s a bels\u0151 f\u00fcl m\u0171k\u00f6d\u00e9s\u00e9re, hogy felt\u00e1rj\u00e1k a hall\u00e1sprobl\u00e9m\u00e1k gy\u00f6ker\u00e9t. Az audiol\u00f3giai kezel\u00e9sek k\u00f6z\u00e9 tartozhatnak hall\u00f3k\u00e9sz\u00fcl\u00e9kek, implant\u00e1tumok vagy rehabilit\u00e1ci\u00f3s programok, amelyek a hall\u00e1s helyre\u00e1ll\u00edt\u00e1s\u00e1t szolg\u00e1lj\u00e1k.<em>Figyelem!<\/em><br \/><em>K\u00fcls\u0151 partner \u00e1ltal \u00fczemeltetett szakrendel\u00e9s! Az esetleges k\u00f6lts\u00e9gvonzatokr\u00f3l \u00e9rdekl\u0151dj\u00f6n a rendel\u00e9sen!<\/em><\/p>\n<\/div><\/div>\r\n<\/div>\n","protected":false},"excerpt":{"rendered":"<div class=\"entry-summary\">\n<div class=\"link-more\"><a href=\"https:\/\/szakrendelo-sarkad.hu\/home2\/szakrendelesek\/\" class=\"more-link\">Continue reading<span class=\"screen-reader-text\"> &ldquo;Szakrendel\u00e9sek&rdquo;<\/span>&hellip;<\/a><\/div>\n<\/div>\n<div class=\"link-more\"><a href=\"https:\/\/szakrendelo-sarkad.hu\/home2\/szakrendelesek\/\" class=\"more-link\">Continue reading<span class=\"screen-reader-text\"> &ldquo;Szakrendel\u00e9sek&rdquo;<\/span>&hellip;<\/a><\/div>\n","protected":false},"author":1,"featured_media":0,"parent":0,"menu_order":0,"comment_status":"closed","ping_status":"closed","template":"","meta":{"ngg_post_thumbnail":0,"footnotes":""},"class_list":["post-8325","page","type-page","status-publish","hentry","entry"],"_links":{"self":[{"href":"https:\/\/szakrendelo-sarkad.hu\/home2\/wp-json\/wp\/v2\/pages\/8325","targetHints":{"allow":["GET"]}}],"collection":[{"href":"https:\/\/szakrendelo-sarkad.hu\/home2\/wp-json\/wp\/v2\/pages"}],"about":[{"href":"https:\/\/szakrendelo-sarkad.hu\/home2\/wp-json\/wp\/v2\/types\/page"}],"author":[{"embeddable":true,"href":"https:\/\/szakrendelo-sarkad.hu\/home2\/wp-json\/wp\/v2\/users\/1"}],"replies":[{"embeddable":true,"href":"https:\/\/szakrendelo-sarkad.hu\/home2\/wp-json\/wp\/v2\/comments?post=8325"}],"version-history":[{"count":23,"href":"https:\/\/szakrendelo-sarkad.hu\/home2\/wp-json\/wp\/v2\/pages\/8325\/revisions"}],"predecessor-version":[{"id":9738,"href":"https:\/\/szakrendelo-sarkad.hu\/home2\/wp-json\/wp\/v2\/pages\/8325\/revisions\/9738"}],"wp:attachment":[{"href":"https:\/\/szakrendelo-sarkad.hu\/home2\/wp-json\/wp\/v2\/media?parent=8325"}],"curies":[{"name":"wp","href":"https:\/\/api.w.org\/{rel}","templated":true}]}}