{"id":8340,"date":"2021-09-04T13:37:56","date_gmt":"2021-09-04T13:37:56","guid":{"rendered":"http:\/\/szakrendelo-sarkad.hu\/home2\/?page_id=8340"},"modified":"2025-01-28T12:47:12","modified_gmt":"2025-01-28T12:47:12","slug":"az-intezmenyrol","status":"publish","type":"page","link":"https:\/\/szakrendelo-sarkad.hu\/home2\/az-intezmenyrol\/","title":{"rendered":"Az int\u00e9zm\u00e9ny r\u00f6vid t\u00f6rt\u00e9nete"},"content":{"rendered":"\r\n<p>&nbsp;<\/p>\r\n<p><b>Az int\u00e9zm\u00e9ny r\u00f6vid t\u00f6rt\u00e9nete<\/b> <img loading=\"lazy\" decoding=\"async\" src=\"http:\/\/jarobeteg.s4.webdigital.hu\/wp-content\/uploads\/2013\/05\/1-300x240.jpg\" alt=\"1\" width=\"300\" height=\"240\">2007. \u00e9v v\u00e9g\u00e9n ki\u00edr\u00e1sra ker\u00fclt a <b>Nemzeti Fejleszt\u00e9si \u00dcgyn\u00f6ks\u00e9g<\/b> (tov\u00e1bbiakban: <b>NF\u00dc<\/b>) \u00e1ltal a \u201e<b>Kist\u00e9rs\u00e9gi J\u00e1r\u00f3beteg Szakell\u00e1t\u00f3 K\u00f6zpontok kialak\u00edt\u00e1sa \u00e9s fejleszt\u00e9se&#8221; elnevez\u00e9s\u0171 p\u00e1ly\u00e1zat a T\u00e1rsadalmi Infrastrukt\u00fara Operat\u00edv Program<\/b> (tov\u00e1bbiakban: <b>TIOP<\/b>) keret\u00e9ben, mely az <b>Eur\u00f3pai Uni\u00f3 t\u00e1mogat\u00e1s\u00e1val, az Eur\u00f3pai Region\u00e1lis Fejleszt\u00e9si Alap t\u00e1rsfinansz\u00edroz\u00e1s\u00e1val val\u00f3sult meg<\/b>.<br>A T\u00e1mogat\u00e1si Szerz\u0151d\u00e9s megk\u00f6t\u00e9s\u00e9nek el\u0151felt\u00e9tele volt egy nonprofit gazdas\u00e1gi t\u00e1rsas\u00e1g. l\u00e9trehoz\u00e1sa, \u00edgy <b>2008. szeptember 03<\/b>-\u00e1n a kist\u00e9rs\u00e9g 11 telep\u00fcl\u00e9se k\u00f6z\u00fcl az al\u00e1bbi 9 telep\u00fcl\u00e9s &#8211; Biharugra, K\u00f6r\u00f6snagyhars\u00e1ny, K\u00f6tegy\u00e1n, M\u00e9hker\u00e9k, Ok\u00e1ny, Sarkad, Sarkadkereszt\u00far, \u00dajszalonta, Zsad\u00e1ny telep\u00fcl\u00e9sek &#8211; megalap\u00edtotta a <b>Sarkadi Kist\u00e9rs\u00e9gi Eg\u00e9szs\u00e9g\u00fcgyi Fejleszt\u0151 Nonprofit Korl\u00e1tolt Felel\u0151ss\u00e9g\u0171 T\u00e1rsas\u00e1g<\/b>ot (tov\u00e1bbiakban: Kft.), mely a Sarkadi Kist\u00e9rs\u00e9gi J\u00e1r\u00f3beteg-Szakell\u00e1t\u00f3 K\u00f6zpont (5720 Sarkad, B\u00e9ke s\u00e9t\u00e1ny 6.) l\u00e9trehoz\u00e1s\u00e1t \u00e9s m\u0171k\u00f6dtet\u00e9s\u00e9t v\u00e9gzi.<br><b>A T\u00e1mogat\u00e1si Szerz\u0151d\u00e9s 2008. november 19-\u00e9n ker\u00fclt megk\u00f6t\u00e9sre. A projekt l\u00e9trehoz\u00e1s\u00e1ra meg\u00edt\u00e9lt t\u00e1mogat\u00e1s 936.843.874 Ft, melyet a kist\u00e9rs\u00e9g telep\u00fcl\u00e9sei r\u00e9sz\u00e9r\u0151l 49.680.000 Ft \u00f6ner\u0151 biztos\u00edt\u00e1s\u00e1val kellett kieg\u00e9sz\u00edteni.<\/b><br><img loading=\"lazy\" decoding=\"async\" src=\"http:\/\/jarobeteg.s4.webdigital.hu\/wp-content\/uploads\/2013\/05\/2-300x225.jpg\" alt=\"2\" width=\"300\" height=\"225\">A Kft. a \u201eKist\u00e9rs\u00e9gi J\u00e1r\u00f3beteg &#8211; Szakell\u00e1t\u00f3 k\u00f6zpontok kialak\u00edt\u00e1sa \u00e9s fejleszt\u00e9se&#8221; c\u00edm\u0171 uni\u00f3s p\u00e1ly\u00e1zat alapj\u00e1n <b>2011. szeptember 01-\u00e9n<\/b> kezdte meg m\u0171k\u00f6d\u00e9s\u00e9t, mint Kist\u00e9rs\u00e9gi J\u00e1r\u00f3beteg Szakell\u00e1t\u00f3 K\u00f6zpont. A p\u00e1ly\u00e1zat megval\u00f3s\u00edt\u00e1sa \u00e9rdek\u00e9ben l\u00e9trehozott fejleszt\u00e9sei meg\u00e1llapod\u00e1shoz a sarkadi kist\u00e9rs\u00e9gb\u0151l kilenc telep\u00fcl\u00e9s (Biharugra, K\u00f6r\u00f6snagyhars\u00e1ny, K\u00f6tegy\u00e1n, M\u00e9hker\u00e9k, Ok\u00e1ny, Sarkad, Sarkadkereszt\u00far, \u00dajszalonta \u00e9s Zsad\u00e1ny) csatlakozott, ez\u00e9rt a p\u00e1ly\u00e1zatban ezek a telep\u00fcl\u00e9sek voltak megjel\u00f6lve ell\u00e1t\u00e1si ter\u00fcletk\u00e9nt, de a p\u00e1ly\u00e1z\u00f3 nem z\u00e1rk\u00f3zott el a sarkadi kist\u00e9rs\u00e9g tov\u00e1bbi k\u00e9t telep\u00fcl\u00e9s\u00e9nek, Geszt \u00e9s Mez\u0151gy\u00e1n lakosainak ell\u00e1t\u00e1s\u00e1t\u00f3l sem.<br>A Kft. ell\u00e1t\u00e1si ter\u00fclet\u00e9t az \u00c1llami N\u00e9peg\u00e9szs\u00e9g\u00fcgyi \u00e9s Tisztiorvosi Szolg\u00e1lat 2011. j\u00falius 11-\u00e9n kiadott hat\u00e1rozata alapj\u00e1n \u00e1tfed\u00e9ssel \u00e1llap\u00edtotta meg, teh\u00e1t a kist\u00e9rs\u00e9g lakoss\u00e1ga a Kft. \u00e9s a gyulai P\u00e1ndy K\u00e1lm\u00e1n K\u00f3rh\u00e1z ell\u00e1t\u00e1si ter\u00fclet\u00e9hez is tartozott.<br>E hat\u00e1rozat <b>2012. november 19-t\u0151l<\/b> m\u00f3dos\u00edtva lett, melynek k\u00f6vetkezt\u00e9ben a Sarkadi Kist\u00e9rs\u00e9g \u00e1ltal\u00e1nos j\u00e1r\u00f3beteg szakell\u00e1t\u00e1s\u00e1t a k\u00f6vetkez\u0151 szakm\u00e1kban: belgy\u00f3gy\u00e1szat, seb\u00e9szet, sz\u00fcl\u00e9szet-n\u0151gy\u00f3gy\u00e1szat, csecsem\u0151-\u00e9s gyermekgy\u00f3gy\u00e1szat, f\u00fcl-orr-g\u00e9g\u00e9gszet, szem\u00e9szet, b\u0151r-\u00e9s nemibeteg ell\u00e1t\u00e1s, neurol\u00f3gia, ortop\u00e9dia, urol\u00f3gia, reumatol\u00f3gia, pszichi\u00e1tria, t\u00fcd\u0151gy\u00f3gy\u00e1szat, kardiol\u00f3gia, r\u00f6ntgendiagnosztika, ultrahang diagnosztika, gy\u00f3gytorna, gy\u00f3gymassz\u00e1zs, fizioter\u00e1pia <b>kiz\u00e1r\u00f3lag <\/b>a Sarkadi Kist\u00e9rs\u00e9gi Eg\u00e9szs\u00e9g\u00fcgyi Fejleszt\u0151 Nonprofit Kft. l\u00e1tja el.<br>A 200 szakorvosi \u00e9s 120 nem szakorvosi \u00f3r\u00e1val rendelkez\u0151, 19 szakell\u00e1t\u00e1st befogad\u00f3, korszer\u0171en felszerelt \u00faj rendel\u0151 6 szakrendel\u0151vel, diagnosztikai h\u00e1tt\u00e9rrel (r\u00f6ntgen, ultrahang, labor) fizikoter\u00e1pi\u00e1s kezel\u0151vel, oktat\u00f3 helyis\u00e9ggel is rendelkez\u0151 rendel\u0151int\u00e9zet melynek fel\u00e9p\u00edt\u00e9s\u00e9vel javult a betegek hozz\u00e1f\u00e9r\u00e9se az eg\u00e9szs\u00e9g\u00fcgyi szolg\u00e1ltat\u00e1sokhoz.<br>A lakoss\u00e1g ell\u00e1t\u00e1s\u00e1t egy korszer\u0171en felszerelt 10 \u00e1gyas nappali k\u00f3rh\u00e1z is szolg\u00e1lja, kiv\u00e1ltva ezzel \u00e9s lakoss\u00e1g k\u00f6zeliv\u00e9 t\u00e9ve a dr\u00e1g\u00e1bb, k\u00f3rh\u00e1zi ell\u00e1t\u00e1sok egy r\u00e9sz\u00e9t. A r\u00e9szleg &#8211; mint a neve is mutatja &#8211; kiz\u00e1r\u00f3lag reggel 8.00 \u00e9s 16.00 k\u00f6z\u00f6tt m\u0171k\u00f6dik, teh\u00e1t \u00e9jszakai ell\u00e1t\u00e1sra nincs berendezkedve.<br><img loading=\"lazy\" decoding=\"async\" src=\"https:\/\/szakrendelo-sarkad.hu\/home2\/wp-content\/uploads\/sites\/4\/2013\/05\/3-300x201.jpg\" alt=\"3\" width=\"300\" height=\"201\"> A Sarkadi Kist\u00e9rs\u00e9gi J\u00e1r\u00f3beteg &#8211; Szakell\u00e1t\u00f3 K\u00f6zpontban m\u0171k\u00f6d\u0151 valamennyi szakrendel\u00e9s \u00e9s gondoz\u00f3 a Kist\u00e9rs\u00e9g valamennyi lakosa sz\u00e1m\u00e1ra ig\u00e9nybe vehet\u0151.<br>Ahol el\u0151jegyz\u00e9s sz\u00fcks\u00e9ges, ott a k\u00f6zponti telefonsz\u00e1mon (06 66\/ 585-800; 06&nbsp;66\/270-670) vagy szem\u00e9lyesen id\u0151pont k\u00e9rhet\u0151.<br>A betegell\u00e1t\u00e1shoz minden alkalommal a k\u00f6vetkez\u0151 dokumentumok sz\u00fcks\u00e9gesek: szem\u00e9ly igazolv\u00e1ny, lakc\u00edm k\u00e1rtya, TAJ &#8211; k\u00e1rtya, beutal\u00f3 k\u00f6teles szakrendel\u00e9sekre a h\u00e1ziorvos \u00e1ltal ki\u00e1ll\u00edtott beutal\u00f3.<br><b>A l\u00e9trej\u00f6v\u0151 kist\u00e9rs\u00e9gi j\u00e1r\u00f3beteg-szakell\u00e1t\u00f3 k\u00f6zpont c\u00e9lja a definit\u00edv \u00e9s lakoss\u00e1g-k\u00f6zeli ell\u00e1t\u00e1st biztos\u00edt\u00f3 szolg\u00e1ltat\u00e1sok komplex rendszer\u00e9nek kialak\u00edt\u00e1sa, melyet az egym\u00e1sra \u00e9p\u00fcl\u0151 \u00e9s egym\u00e1st kieg\u00e9sz\u00edt\u0151 szolg\u00e1ltat\u00e1sok \u00e9s tev\u00e9kenys\u00e9gek integr\u00e1ci\u00f3j\u00e1val \u00e9r\u00fcnk el.<\/b><br>Az \u00faj int\u00e9zm\u00e9ny tev\u00e9kenys\u00e9gi k\u00f6re:<br>&#8211; J\u00e1r\u00f3beteg szakell\u00e1t\u00e1s: heti 200 szakorvosi \u00e9s 120 nem szakorvosi \u00f3r\u00e1ban,<br>&#8211; Nappali k\u00f3rh\u00e1z m\u0171k\u00f6dtet\u00e9se: 10 \u00e1gyon,<br>&#8211; Foglalkoz\u00e1s-eg\u00e9szs\u00e9g\u00fcgyi szolg\u00e1lat m\u0171k\u00f6dtet\u00e9se,<br>&#8211; Ter\u00fcleti eg\u00e9szs\u00e9gfejleszt\u00e9si \u00e9s ell\u00e1t\u00e1s-szervez\u00e9si feladatok.<br>Az \u00faj szolg\u00e1ltat\u00f3 l\u00e9trej\u00f6tt\u00e9vel egy olyan eg\u00e9szs\u00e9gfejleszt\u00e9si \u00e9s eg\u00e9szs\u00e9g-meg\u0151rz\u00e9si k\u00f6zpont val\u00f3sult meg, mely k\u00f6zpontja a n\u00e9peg\u00e9szs\u00e9g\u00fcgyi- \u00e9s eg\u00e9szs\u00e9ges \u00e9letm\u00f3dra nevel\u0151 programok megval\u00f3s\u00edt\u00e1s\u00e1nak, prevenci\u00f3t seg\u00edt\u0151 akci\u00f3k lebonyol\u00edt\u00e1s\u00e1nak, kapcsolatot teremt \u00e9s sz\u00ednteret biztos\u00edt a ter\u00fcleten m\u0171k\u00f6d\u0151 eg\u00e9szs\u00e9g\u00fcgyi \u00e9s szoci\u00e1lis szolg\u00e1ltat\u00f3k \u00e9s civil szervezetek egy\u00fcttm\u0171k\u00f6d\u00e9s\u00e9hez, s hozz\u00e1j\u00e1rul az eg\u00e9szs\u00e9g\u00fcgyi kommunik\u00e1ci\u00f3 fejleszt\u00e9s\u00e9hez.<\/p>\r\n<p>Az 1997. \u00e9vi CLIV. t\u00f6rv\u00e9ny 152. \u00a7 (4) bekezd\u00e9se, illetve 244\/K. \u00a7-a, tov\u00e1bb\u00e1 az 1997. \u00e9vi LXXXIII. t\u00f6rv\u00e9ny 30. \u00a7 (1a); 82. \u00a7 (20) bekezd\u00e9sei \u00e9rtelm\u00e9ben a Sarkadi Kist\u00e9rs\u00e9gi Eg\u00e9szs\u00e9g\u00fcgyi Fejleszt\u0151 Nonprofit Kft.-t k\u00f6lts\u00e9gvet\u00e9si szervv\u00e9 kellett alak\u00edtani. Az int\u00e9zm\u00e9ny 2024. j\u00falius 01. napj\u00e1t\u00f3l kezd\u0151d\u0151en a Sarkadi Kist\u00e9rs\u00e9gi J\u00e1r\u00f3beteg Szakell\u00e1t\u00f3 K\u00f6zpont k\u00f6lts\u00e9gvet\u00e9si szerv keret\u00e9n bel\u00fcl v\u00e9gzi a betegell\u00e1t\u00e1st. A transzform\u00e1ci\u00f3 sor\u00e1n az int\u00e9zm\u00e9ny, mint m\u0171k\u00f6d\u00e9s\u00e9ben \u00fagy kollekt\u00edv\u00e1j\u00e1ban v\u00e1ltozatlanul megtart\u00e1sra ker\u00fclt, \u00edgy sem a munkav\u00e1llal\u00f3k, sem a betegek nem \u00e9rz\u00e9keltek semmit az \u00e1t\u00e1ll\u00e1sb\u00f3l.<\/p>\r\n<p><img loading=\"lazy\" decoding=\"async\" src=\"https:\/\/szakrendelo-sarkad.hu\/home2\/wp-content\/uploads\/sites\/4\/2021\/10\/kjc_projekt.jpg\" alt=\"\" width=\"997\" height=\"545\"><\/p>\r\n","protected":false},"excerpt":{"rendered":"<div class=\"entry-summary\">\n<div class=\"entry-summary\">\n&nbsp; Az int\u00e9zm\u00e9ny r\u00f6vid t\u00f6rt\u00e9nete 2007. \u00e9v v\u00e9g\u00e9n ki\u00edr\u00e1sra ker\u00fclt a Nemzeti Fejleszt\u00e9si \u00dcgyn\u00f6ks\u00e9g (tov\u00e1bbiakban: NF\u00dc) \u00e1ltal a&hellip;\n<\/div>\n<div class=\"link-more\"><a href=\"https:\/\/szakrendelo-sarkad.hu\/home2\/az-intezmenyrol\/\" class=\"more-link\">Continue reading<span class=\"screen-reader-text\"> &ldquo;Az int\u00e9zm\u00e9ny r\u00f6vid t\u00f6rt\u00e9nete&rdquo;<\/span>&hellip;<\/a><\/div>\n<\/div>\n<div class=\"link-more\"><a href=\"https:\/\/szakrendelo-sarkad.hu\/home2\/az-intezmenyrol\/\" class=\"more-link\">Continue reading<span class=\"screen-reader-text\"> &ldquo;Az int\u00e9zm\u00e9ny r\u00f6vid t\u00f6rt\u00e9nete&rdquo;<\/span>&hellip;<\/a><\/div>\n","protected":false},"author":1,"featured_media":0,"parent":0,"menu_order":0,"comment_status":"closed","ping_status":"closed","template":"","meta":{"ngg_post_thumbnail":0,"footnotes":""},"class_list":["post-8340","page","type-page","status-publish","hentry","entry"],"_links":{"self":[{"href":"https:\/\/szakrendelo-sarkad.hu\/home2\/wp-json\/wp\/v2\/pages\/8340","targetHints":{"allow":["GET"]}}],"collection":[{"href":"https:\/\/szakrendelo-sarkad.hu\/home2\/wp-json\/wp\/v2\/pages"}],"about":[{"href":"https:\/\/szakrendelo-sarkad.hu\/home2\/wp-json\/wp\/v2\/types\/page"}],"author":[{"embeddable":true,"href":"https:\/\/szakrendelo-sarkad.hu\/home2\/wp-json\/wp\/v2\/users\/1"}],"replies":[{"embeddable":true,"href":"https:\/\/szakrendelo-sarkad.hu\/home2\/wp-json\/wp\/v2\/comments?post=8340"}],"version-history":[{"count":5,"href":"https:\/\/szakrendelo-sarkad.hu\/home2\/wp-json\/wp\/v2\/pages\/8340\/revisions"}],"predecessor-version":[{"id":9640,"href":"https:\/\/szakrendelo-sarkad.hu\/home2\/wp-json\/wp\/v2\/pages\/8340\/revisions\/9640"}],"wp:attachment":[{"href":"https:\/\/szakrendelo-sarkad.hu\/home2\/wp-json\/wp\/v2\/media?parent=8340"}],"curies":[{"name":"wp","href":"https:\/\/api.w.org\/{rel}","templated":true}]}}