{"id":8384,"date":"2021-09-04T14:55:30","date_gmt":"2021-09-04T14:55:30","guid":{"rendered":"http:\/\/szakrendelo-sarkad.hu\/home2\/?page_id=8384"},"modified":"2024-01-24T11:52:16","modified_gmt":"2024-01-24T11:52:16","slug":"beteg-jogai","status":"publish","type":"page","link":"https:\/\/szakrendelo-sarkad.hu\/home2\/beteg-jogai\/","title":{"rendered":"A beteg jogai \u00e9s k\u00f6telezetts\u00e9gei"},"content":{"rendered":"<p style=\"text-align: center;\"><strong>T\u00c1J\u00c9KOZTAT\u00d3 A BETEGEK JOGAIR\u00d3L \u00c9S K\u00d6TELEZETTS\u00c9GEIR\u0150L<\/strong><\/p>\n<p><em>(Az 1997. \u00e9vi CLIV.t\u00f6rv\u00e9ny az eg\u00e9szs\u00e9g\u00fcgyr\u0151l \u00e9s a 117\/1998.(VI.16.) Korm. rendelet egyes eg\u00e9szs\u00e9g\u00fcgyi ell\u00e1t\u00e1sok visszautas\u00edt\u00e1s\u00e1nak r\u00e9szletes szablyair\u00f3l alapj\u00e1n)<\/em><\/p>\n<p><strong>A betegek jogai \u00e9s k\u00f6telezetts\u00e9geinek betart\u00e1sa alapvet\u0151 fontoss\u00e1g\u00fa az eredm\u00e9nyes \u00e9s hat\u00e9kony eg\u00e9szs\u00e9g\u00fcgyi ell\u00e1t\u00e1s sor\u00e1n.<\/strong><\/p>\n<p><strong>Az al\u00e1bbiakban felsoroltak eset\u00e9n, amennyiben a beteg korl\u00e1tozottan cselekv\u0151k\u00e9pes, vagy cselekv\u0151k\u00e9ptelen, vagy t\u00e1mogatott d\u00f6nt\u00e9shoz\u00f3ja van, a jogok \u00e9s k\u00f6telezetts\u00e9gek gyakorl\u00e1s\u00e1ra az 1997. \u00e9vi CLIV. t\u00f6rv\u00e9nyben r\u00f6gz\u00edtett szem\u00e9lyek, az ott megjel\u00f6lt sorrendben gyakorolhatj\u00e1k a jogaikat-helyettes d\u00f6nt\u00e9shoz\u00f3k -, melyr\u0151l a kezel\u0151orvos is t\u00e1j\u00e9koztat\u00e1st ny\u00fajt. <\/strong><\/p>\n<p><strong>Az eg\u00e9szs\u00e9g\u00fcgyi ell\u00e1t\u00e1shoz val\u00f3 jog<\/strong><\/p>\n<p>Minden betegnek joga van \u2013jogszab\u00e1lyban meghat\u00e1rozott keretek k\u00f6z\u00f6tt-az eg\u00e9szs\u00e9g\u00fcgyi \u00e1llapota \u00e1ltal indokolt, megfelel\u0151, folyamatosan hozz\u00e1f\u00e9rhet\u0151 \u00e9s megk\u00fcl\u00f6nb\u00f6ztet\u00e9s n\u00e9lk\u00fcli eg\u00e9szs\u00e9g\u00fcgyi ell\u00e1t\u00e1shoz, ezen bel\u00fcl joga van az ell\u00e1t\u00e1st v\u00e9gz\u0151 orvos megv\u00e1laszt\u00e1s\u00e1hoz, amennyiben ezt az int\u00e9zm\u00e9ny m\u0171k\u00f6d\u00e9si rendje, a beteg eg\u00e9szs\u00e9gi \u00e1llapota \u00e1ltal indokolt ell\u00e1t\u00e1s szakmai tartalma, az ell\u00e1t\u00e1s s\u00fcrg\u0151ss\u00e9ge nem z\u00e1rja ki.<\/p>\n<p><strong>Az emberi m\u00e9lt\u00f3s\u00e1ghoz val\u00f3 jog<\/strong><\/p>\n<p>Az eg\u00e9szs\u00e9g\u00fcgyi ell\u00e1t\u00e1s sor\u00e1n a beteg emberi m\u00e9lt\u00f3s\u00e1g\u00e1t tiszteletben kell tartani.<\/p>\n<p><strong>A t\u00e1j\u00e9koztat\u00e1shoz val\u00f3 jog<\/strong><\/p>\n<p>A betegnek joga van arra, hogy sz\u00e1m\u00e1ra \u00e9rthet\u0151 m\u00f3don, egy\u00e9nies\u00edtett form\u00e1ban, kapjon t\u00e1j\u00e9koztat\u00e1st, figyelemmel \u00e9letkor\u00e1ra, iskol\u00e1zotts\u00e1g\u00e1ra, ismereteire, pszich\u00e9s \u00e1llapot\u00e1ra, e tekintetben megfogalmazott ell\u00e1t\u00e1ssal kapcsolatos ig\u00e9nye set\u00e9n-, a beleegyez\u00e9s felt\u00e9tele n\u00e9lk\u00fcli ell\u00e1t\u00e1sokat is bele\u00e9rtve-, valamint arra, hogy a t\u00e1j\u00e9koztat\u00e1shoz lehet\u0151s\u00e9g szerint tolm\u00e1csot, vagy jeltolm\u00e1csot biztos\u00edtsanak. A betegnek jogosult ell\u00e1t\u00e1s\u00e1val kapcsolatban k\u00e9rd\u00e9st feltenni.<\/p>\n<p><strong>Az \u00f6nrendelkez\u00e9shez val\u00f3 jog<\/strong><\/p>\n<p>Az \u00f6nrendelkez\u00e9si jog gyakorl\u00e1sa keret\u00e9ben a beteg szabadon d\u00f6ntheti el, hogy k\u00edv\u00e1n-e eg\u00e9szs\u00e9g\u00fcgyi ell\u00e1t\u00e1st ig\u00e9nybe venni, illetve annak sor\u00e1n mely a sz\u00e1m\u00e1ra javasolt beavatkoz\u00e1sok elv\u00e9gz\u00e9s\u00e9be egyezik bele, illetve melyeket utas\u00edt vissza, figyelembe v\u00e9ve a jogszab\u00e1lyban el\u0151\u00edrt korl\u00e1toz\u00e1sokat. Amennyiben a beteg k\u00f6zvetlen \u00e9letvesz\u00e9lyben van, vagy a 24. hetet bet\u00f6lt\u00f6tt magzat vesz\u00e9lyeztetett, a sz\u00fcks\u00e9ges beavatkoz\u00e1shoz az \u00e9rintett beteg, illetve az anya beleegyez\u00e9se nem sz\u00fcks\u00e9ges. B\u00e1rmely eg\u00e9szs\u00e9g\u00fcgyi beavatkoz\u00e1s felt\u00e9tele az ell\u00e1t\u00e1si k\u00f6r\u00fclm\u00e9nyeket figyelembe v\u00e9ve, hogy a beteg beleegyez\u00e9s\u00e9t sz\u00f3ban, \u00edr\u00e1sban vagy r\u00e1utal\u00f3 magatart\u00e1ssal megadja, kiv\u00e9ve, ha a t\u00f6rv\u00e9ny elt\u00e9r\u0151en nem rendelkezik. A beteg a beavatkoz\u00e1s elv\u00e9gz\u00e9s\u00e9hez val\u00f3 beleegyez\u00e9s\u00e9t b\u00e1rmikor visszavonhatja. Az alapos ok n\u00e9lk\u00fcli visszavon\u00e1s eset\u00e9n a beteg k\u00f6lts\u00e9gt\u00e9r\u00edt\u00e9sre k\u00f6telezhet\u0151.<\/p>\n<p><strong>Az ell\u00e1t\u00e1s visszautas\u00edt\u00e1s\u00e1nak joga<\/strong><\/p>\n<p>A cselekv\u0151k\u00e9pes beteget megilleti az ell\u00e1t\u00e1s visszautas\u00edt\u00e1s\u00e1nak joga, kiv\u00e9ve, ha annak elmarad\u00e1sa m\u00e1sok \u00e9let\u00e9t vagy testi \u00e9ps\u00e9g\u00e9t vesz\u00e9lyeztetn\u00e9. A beteg minden olyan ell\u00e1t\u00e1st, melynek elmarad\u00e1sa eset\u00e9n eg\u00e9szs\u00e9gi \u00e1llapot\u00e1ban v\u00e1rhat\u00f3an s\u00falyos vagy maradand\u00f3 k\u00e1rosod\u00e1s k\u00f6vetkezne be, csak k\u00f6zokiratban (k\u00f6lts\u00e9ge a beteget terheli) vagy teljes bizony\u00edt\u00f3 erej\u0171 mag\u00e1nokiratban, illetve \u00edr\u00e1sk\u00e9ptelens\u00e9ge eset\u00e9n k\u00e9t tan\u00fa egy\u00fcttes jelenl\u00e9t\u00e9ben utas\u00edthat vissza. Ez ut\u00f3bbi esetben a visszautas\u00edt\u00e1st az eg\u00e9szs\u00e9g\u00fcgyi dokument\u00e1ci\u00f3ban r\u00f6gz\u00edteni kell, a kezel\u0151orvos \u00e1ltal felvett jegyz\u0151k\u00f6nyv form\u00e1j\u00e1ban, melyet a tan\u00fak al\u00e1\u00edr\u00e1sukkal hiteles\u00edtenek. Amennyiben a beteg az eg\u00e9szs\u00e9g\u00fcgyi ell\u00e1t\u00e1s visszautas\u00edt\u00e1s\u00e1ra ir\u00e1nyul\u00f3 jog\u00e1t gyakorolni k\u00edv\u00e1nja, ism\u00e9telten t\u00e1j\u00e9koztatni kell d\u00f6nt\u00e9s\u00e9nek v\u00e1rhat\u00f3 k\u00f6vetkezm\u00e9nyeir\u0151l, illetve e jog gyakorl\u00e1s\u00e1nak felt\u00e9teleir\u0151l, majd t\u00e1j\u00e9koztatni kell teljesk\u00f6r\u0171en annak formai k\u00f6vetelm\u00e9nyeir\u0151l.<\/p>\n<p>A visszautas\u00edt\u00f3 nyilatkozatot k\u00e9t p\u00e9ld\u00e1nyban sz\u00fcks\u00e9ges k\u00e9sz\u00edteni, melyb\u0151l egy p\u00e9ld\u00e1nyt a beteg a h\u00e1ziorvosnak is \u00e1tadhat. Visszautas\u00edt\u00e1s eset\u00e9n a beteget a t\u00e1j\u00e9koztat\u00e1shoz val\u00f3 jog \u00e9rv\u00e9nyes\u00fcl\u00e9se biztos\u00edt\u00e1sa miatt, javasolni kell az \u00e9letfenntart\u00f3, \u00e9letment\u0151 beavatkoz\u00e1shoz sz\u00fcks\u00e9ges beleegyez\u00e9s megt\u00e9tel\u00e9t. A beteg visszautas\u00edt\u00e1sra vonatkoz\u00f3 nyilatkozat\u00e1t b\u00e1rmikor, alaki k\u00f6t\u00f6tts\u00e9g n\u00e9lk\u00fcl visszavonhatja. Visszautas\u00edt\u00e1s eset\u00e9n is megilleti a t\u00e1j\u00e9koztat\u00e1shoz val\u00f3 jog a beteget a k\u00e9nyelem\u00e9rzet \u00e9s a f\u00e1jdalomcs\u00f6kkent\u00e9sre ir\u00e1nyul\u00f3 ell\u00e1t\u00e1s, valamint minden olyan teljes k\u00f6r\u0171 ell\u00e1t\u00e1s, amire a visszautas\u00edt\u00e1s nem vonatkozott.<\/p>\n<p><strong>Az eg\u00e9szs\u00e9g\u00fcgyi dokument\u00e1ci\u00f3 megismer\u00e9s\u00e9nek joga<\/strong><\/p>\n<p>A beteg jogosult megismerni a r\u00f3la k\u00e9sz\u00fclt eg\u00e9szs\u00e9g\u00fcgyi dokument\u00e1ci\u00f3ban szerepl\u0151 adatait, illetve joga van ahhoz, hogy eg\u00e9szs\u00e9g\u00fcgyi adatair\u00f3l t\u00e1j\u00e9koztat\u00e1st k\u00e9rjen. Az eg\u00e9szs\u00e9g\u00fcgyi dokument\u00e1ci\u00f3val az eg\u00e9szs\u00e9g\u00fcgyi int\u00e9zm\u00e9ny, az abban szerepl\u0151 adattal a beteg rendelkezik. A beteg jogosult<\/p>\n<p>az adatv\u00e9delmi szab\u00e1lyok betart\u00e1sa mellett:<\/p>\n<ul>\n<li>A gy\u00f3gykezel\u00e9ssel \u00f6sszef\u00fcgg\u0151 adatainak kezel\u00e9s\u00e9r\u0151l t\u00e1j\u00e9koztat\u00e1st kapni,<\/li>\n<li>A r\u00e1 vonatkoz\u00f3 eg\u00e9szs\u00e9g\u00fcgyi adatokat megismerni,<\/li>\n<li>Az eg\u00e9szs\u00e9g\u00fcgyi dokument\u00e1ci\u00f3ba d\u00edjmentesen betekinteni, kivonatot, m\u00e1solatot k\u00e9sz\u00edteni, els\u0151 esetben d\u00edjmentesen tov\u00e1bbi p\u00e9ld\u00e1nyok eset\u00e9n az int\u00e9zm\u00e9ny \u00e1ltal el\u0151zetesen k\u00f6z\u00f6lt dokument\u00e1ci\u00f3s d\u00edj ellen\u00e9ben a beteg saj\u00e1t k\u00f6lts\u00e9g\u00e9re m\u00e1solatot kapni \u00e9s k\u00e9sz\u00edttetni.<\/li>\n<li>A vizsg\u00e1lat befejez\u00e9sekor ambul\u00e1ns lapot kapni.<\/li>\n<li>Eg\u00e9szs\u00e9g\u00fcgyi adatair\u00f3l \u00f6sszefoglal\u00f3 \u00edr\u00e1sos v\u00e9lem\u00e9nyt kapni saj\u00e1t k\u00f6lts\u00e9g\u00e9re.<\/li>\n<li>Az \u00e1ltala pontatlannak, vagy hi\u00e1nyosnak v\u00e9lt &#8211; r\u00e1 vonatkoz\u00f3- eg\u00e9szs\u00e9g\u00fcgyi dokument\u00e1ci\u00f3 kieg\u00e9sz\u00edt\u00e9s\u00e9t, kijav\u00edt\u00e1s\u00e1t kezdem\u00e9nyezni.<\/li>\n<li>A beteg jogosult az adott betegs\u00e9g\u00e9vel kapcsolatos eg\u00e9szs\u00e9g\u00fcgyi ell\u00e1t\u00e1s\u00e1nak ideje alatt az \u00e1ltala meghatalmazott szem\u00e9lyt \u00edr\u00e1sban felhatalmazni arra, hogy a r\u00e1 vonatkoz\u00f3 eg\u00e9szs\u00e9g\u00fcgyi dokument\u00e1ci\u00f3ba betekinthessen, illetve azokr\u00f3l m\u00e1solatot k\u00e9sz\u00edttessen, a beteg ell\u00e1t\u00e1sa befejez\u00e9s\u00e9t k\u00f6vet\u0151en az \u00edr\u00e1sbeli meghatalmaz\u00e1s form\u00e1ja teljes bizony\u00edt\u00f3 erej\u0171 mag\u00e1n okirat lehet. A beteg hal\u00e1la eset\u00e9n t\u00f6rv\u00e9nyes k\u00e9pvisel\u0151je, k\u00f6zeli hozz\u00e1tartoz\u00f3ja, valamint \u00f6r\u00f6k\u00f6se jogosult a hal\u00e1l okaival \u00f6sszef\u00fcgg\u0151, vagy \u00f6sszef\u00fcgg\u00e9sbe hozhat\u00f3, tov\u00e1bb\u00e1 a hal\u00e1l bek\u00f6vetkez\u00e9s\u00e9t megel\u0151z\u0151 gy\u00f3gykezel\u00e9ssel kapcsolatos eg\u00e9szs\u00e9g\u00fcgyi adatokat saj\u00e1t k\u00f6lts\u00e9g\u00e9re megismerni.<\/li>\n<\/ul>\n<p><strong>Az orvosi titoktart\u00e1shoz val\u00f3 jog<\/strong><\/p>\n<p>A beteg jogosult arra, hogy az eg\u00e9szs\u00e9g\u00fcgyi ell\u00e1t\u00e1sban r\u00e9szt vev\u0151 szem\u00e9lyek az ell\u00e1t\u00e1sa sor\u00e1n tudom\u00e1sukra jutott eg\u00e9szs\u00e9g\u00fcgyi \u00e9s szem\u00e9lyes adatait csak az arra jogosulttal k\u00f6z\u00f6lj\u00e9k, \u00e9s azokat bizalmasan kezelj\u00e9k. A betegnek joga van megnevezni azt a szem\u00e9lyt, akit eg\u00e9szs\u00e9gi \u00e1llapot\u00e1nak alakul\u00e1s\u00e1r\u00f3l \u00e9rtes\u00edthetnek, illetve joga van b\u00e1rmely szem\u00e9lyt kiz\u00e1rni ebb\u0151l.<\/p>\n<p><strong>A beteg k\u00f6telezetts\u00e9gei<\/strong><\/p>\n<ul>\n<li>A beteg k\u00f6teles tiszteletben tartani az eg\u00e9szs\u00e9g\u00fcgyi szolg\u00e1ltat\u00e1sra vonatkoz\u00f3 jogszab\u00e1lyokat \u00e9s az int\u00e9zm\u00e9nyi rendet,<\/li>\n<li>A beteg k\u00f6teles az ell\u00e1t\u00e1sban k\u00f6zrem\u0171k\u00f6d\u0151 eg\u00e9szs\u00e9g\u00fcgyi dolgoz\u00f3kkal egy\u00fcttm\u0171k\u00f6dni \u00e9s jogaikat tiszteletben tartani:<\/li>\n<li>T\u00e1j\u00e9koztatni \u0151ket-saj\u00e1t betegs\u00e9g\u00e9vel \u00f6sszef\u00fcgg\u00e9sben-mindarr\u00f3l, amely sz\u00fcks\u00e9ges a k\u00f3risme meg\u00e1llap\u00edt\u00e1s\u00e1hoz, a megfelel\u0151 kezel\u00e9si terv elk\u00e9sz\u00edt\u00e9s\u00e9hez \u00e9s a beavatkoz\u00e1sok elv\u00e9gz\u00e9s\u00e9hez, \u00edgy kor\u00e1bbi betegs\u00e9geir\u0151l, gy\u00f3gykezel\u00e9s\u00e9r\u0151l, gy\u00f3gyszer, gy\u00f3gyhat\u00e1s\u00fa k\u00e9sz\u00edtm\u00e9ny szed\u00e9s\u00e9r\u0151l, eg\u00e9szs\u00e9gk\u00e1ros\u00edt\u00f3 kock\u00e1zati t\u00e9nyez\u0151ir\u0151l, amely m\u00e1sok \u00e9let\u00e9t, testi \u00e9ps\u00e9g\u00e9t vesz\u00e9lyezteti, \u00edgy k\u00fcl\u00f6n\u00f6sen a fert\u0151z\u0151 betegs\u00e9gekr\u0151l \u00e9s a foglalkoz\u00e1s v\u00e9gz\u00e9s\u00e9t kiz\u00e1r\u00f3 megbeteged\u00e9sekr\u0151l \u00e9s \u00e1llapotokr\u00f3l.<\/li>\n<li>Fert\u0151z\u0151 betegs\u00e9gek eset\u00e9n megnevezni azon szem\u00e9lyeket, akikt\u0151l a fert\u0151z\u0151 betegs\u00e9get megkaphatta, illetve akiket megfert\u0151zhetett.<\/li>\n<li>T\u00e1j\u00e9koztatni \u0151ket minden, az eg\u00e9szs\u00e9g\u00fcgyi ell\u00e1t\u00e1st \u00e9rint\u0151, \u00e1ltala kor\u00e1bban tett jognyilatkozat\u00e1r\u00f3l.<\/li>\n<li>A gy\u00f3gykezel\u00e9s\u00e9vel kapcsolatban t\u0151l\u00fck kapott rendelkez\u00e9seket betartani.<\/li>\n<li>Az eg\u00e9szs\u00e9g\u00fcgyi int\u00e9zm\u00e9ny h\u00e1zirendj\u00e9t betartani.<\/li>\n<li>A jogszab\u00e1lyban el\u0151\u00edrt szem\u00e9lyes adatait, hitelt \u00e9rdeml\u0151en igazolni.<\/li>\n<li>A t\u00e9r\u00edt\u00e9sk\u00f6teles eg\u00e9szs\u00e9g\u00fcgyi ell\u00e1t\u00e1s el\u0151re meghat\u00e1rozott d\u00edj\u00e1t megfizetni.<\/li>\n<li>A gy\u00f3gykezel\u00e9ssel kapcsolatos rendelkez\u00e9seket betartani \u00e9s \u00e1llapotjavul\u00e1sa \u00e9rdek\u00e9ben t\u0151le elv\u00e1rhat\u00f3 m\u00f3don \u00e9s m\u00e9rt\u00e9kben egy\u00fcttm\u0171k\u00f6dni.<\/li>\n<\/ul>\n<p>&nbsp;<\/p>\n<p>&nbsp;<\/p>\n","protected":false},"excerpt":{"rendered":"<div class=\"entry-summary\">\n<div class=\"entry-summary\">\nT\u00c1J\u00c9KOZTAT\u00d3 A BETEGEK JOGAIR\u00d3L \u00c9S K\u00d6TELEZETTS\u00c9GEIR\u0150L (Az 1997. \u00e9vi CLIV.t\u00f6rv\u00e9ny az eg\u00e9szs\u00e9g\u00fcgyr\u0151l \u00e9s a 117\/1998.(VI.16.) Korm. rendelet egyes&hellip;\n<\/div>\n<div class=\"link-more\"><a href=\"https:\/\/szakrendelo-sarkad.hu\/home2\/beteg-jogai\/\" class=\"more-link\">Continue reading<span class=\"screen-reader-text\"> &ldquo;A beteg jogai \u00e9s k\u00f6telezetts\u00e9gei&rdquo;<\/span>&hellip;<\/a><\/div>\n<\/div>\n<div class=\"link-more\"><a href=\"https:\/\/szakrendelo-sarkad.hu\/home2\/beteg-jogai\/\" class=\"more-link\">Continue reading<span class=\"screen-reader-text\"> &ldquo;A beteg jogai \u00e9s k\u00f6telezetts\u00e9gei&rdquo;<\/span>&hellip;<\/a><\/div>\n","protected":false},"author":1,"featured_media":0,"parent":0,"menu_order":0,"comment_status":"closed","ping_status":"closed","template":"","meta":{"ngg_post_thumbnail":0,"footnotes":""},"class_list":["post-8384","page","type-page","status-publish","hentry","entry"],"_links":{"self":[{"href":"https:\/\/szakrendelo-sarkad.hu\/home2\/wp-json\/wp\/v2\/pages\/8384","targetHints":{"allow":["GET"]}}],"collection":[{"href":"https:\/\/szakrendelo-sarkad.hu\/home2\/wp-json\/wp\/v2\/pages"}],"about":[{"href":"https:\/\/szakrendelo-sarkad.hu\/home2\/wp-json\/wp\/v2\/types\/page"}],"author":[{"embeddable":true,"href":"https:\/\/szakrendelo-sarkad.hu\/home2\/wp-json\/wp\/v2\/users\/1"}],"replies":[{"embeddable":true,"href":"https:\/\/szakrendelo-sarkad.hu\/home2\/wp-json\/wp\/v2\/comments?post=8384"}],"version-history":[{"count":4,"href":"https:\/\/szakrendelo-sarkad.hu\/home2\/wp-json\/wp\/v2\/pages\/8384\/revisions"}],"predecessor-version":[{"id":9259,"href":"https:\/\/szakrendelo-sarkad.hu\/home2\/wp-json\/wp\/v2\/pages\/8384\/revisions\/9259"}],"wp:attachment":[{"href":"https:\/\/szakrendelo-sarkad.hu\/home2\/wp-json\/wp\/v2\/media?parent=8384"}],"curies":[{"name":"wp","href":"https:\/\/api.w.org\/{rel}","templated":true}]}}