{"id":9643,"date":"2025-01-28T13:12:01","date_gmt":"2025-01-28T13:12:01","guid":{"rendered":"https:\/\/szakrendelo-sarkad.hu\/home2\/?page_id=9643"},"modified":"2025-01-30T11:56:59","modified_gmt":"2025-01-30T11:56:59","slug":"hazirend-2","status":"publish","type":"page","link":"https:\/\/szakrendelo-sarkad.hu\/home2\/hazirend-2\/","title":{"rendered":"H\u00e1zirend"},"content":{"rendered":"\n\n\t<h2><strong>INT\u00c9ZM\u00c9NYI H\u00c1ZIREND<\/strong><\/h2>\n<p>A Sarkadi Kist\u00e9rs\u00e9gi J\u00e1r\u00f3beteg Szakell\u00e1t\u00f3 K\u00f6zpont l\u00e9trej\u00f6tt\u00e9nek c\u00e9lja, hogy a XXI. sz\u00e1zad elv\u00e1r\u00e1sainak megfelel\u0151en korszer\u0171 berendez\u00e9sekkel, ig\u00e9nyes k\u00f6rnyezetben, magas szakmai sz\u00ednvonalon seg\u00edtse el\u0151 a betegek miel\u0151bbi gy\u00f3gyul\u00e1s\u00e1t.<\/p>\n<p>Ehhez n\u00e9lk\u00fcl\u00f6zhetetlen az \u00d6n \u00e9s hozz\u00e1tartoz\u00f3inak egy\u00fcttm\u0171k\u00f6d\u00e9se, bizalma, meg\u00e9rt\u0151 t\u00e1mogat\u00e1sa.<\/p>\n<p>K\u00f6z\u00f6s c\u00e9lunk el\u00e9r\u00e9se \u00e9rdek\u00e9ben k\u00e9rj\u00fck, az int\u00e9zm\u00e9ny h\u00e1zirendj\u00e9t sz\u00edveskedjen betartani!<\/p>\n<p>Az int\u00e9zm\u00e9nyen bel\u00fcl m\u0171k\u00f6d\u0151 j\u00e1r\u00f3beteg szakorvosi \u00e9s gondoz\u00e1si tev\u00e9kenys\u00e9gek munkanapokon az egyes szakrendel\u00e9sek rendel\u00e9si idej\u00e9nek megfelel\u0151en, de \u00e1ltal\u00e1ban 7.00 \u00e9s 18.00 \u00f3ra k\u00f6z\u00f6tt biztos\u00edtj\u00e1k a betegek folyamatos ell\u00e1t\u00e1s\u00e1t.<\/p>\n<p>Pihen\u0151napokon (szombat, vas\u00e1rnap) \u00e9s munkasz\u00fcneti napokon kiz\u00e1r\u00f3lag az alapell\u00e1t\u00e1si \u00fcgyeleti ell\u00e1t\u00e1s keret\u00e9ben van lehet\u0151s\u00e9g eg\u00e9szs\u00e9g\u00fcgyi szolg\u00e1ltat\u00e1s ig\u00e9nybe v\u00e9tel\u00e9re. Ett\u0151l elt\u00e9r\u0151 int\u00e9zked\u00e9st az int\u00e9zm\u00e9nyvezet\u0151 saj\u00e1t hat\u00e1sk\u00f6r\u00e9ben rendelhet el.<\/p>\n<p>A vizsg\u00e1latra \u00e9rkez\u0151 p\u00e1ciensek az int\u00e9zm\u00e9ny\u00fcnk mellett l\u00e9v\u0151 parkol\u00f3kat ingyenesen ig\u00e9nybe vehetik. A ker\u00e9kp\u00e1rok \u00e9s a g\u00e9pj\u00e1rm\u0171vek \u0151rz\u00e9s\u00e9t nem tudjuk biztos\u00edtani!<\/p>\n<p><strong>Az eg\u00e9szs\u00e9g\u00fcgyi szolg\u00e1ltat\u00e1s ig\u00e9nybe v\u00e9tel\u00e9hez sz\u00fcks\u00e9ges alapvet\u0151 okm\u00e1nyok, dokumentumok felmutat\u00e1sa k\u00f6telez\u0151:<\/strong><\/p>\n<ul>\n<li>szem\u00e9lyi igazolv\u00e1ny<\/li>\n<li>lakc\u00edmk\u00e1rtya<\/li>\n<li>TAJ-k\u00e1rtya<\/li>\n<li>k\u00fclf\u00f6ldi \u00e1llampolg\u00e1rok eset\u00e9n \u00fatlev\u00e9l, amennyiben van, eur\u00f3pai eg\u00e9szs\u00e9gbiztos\u00edt\u00e1si k\u00e1rtya (EUROCARD)<\/li>\n<li>beutal\u00f3<\/li>\n<\/ul>\n<p><strong>Csak beutal\u00f3val ig\u00e9nybe vehet\u0151 szakrendel\u00e9sink: <\/strong>r\u00f6ntgen, ultrahang, ortop\u00e9dia, reumatol\u00f3gia, laborat\u00f3rium, t\u00fcd\u0151gy\u00f3gy\u00e1szat, kardiol\u00f3gia, neurol\u00f3gia, belgy\u00f3gy\u00e1szat, csecsem\u0151-\u00e9s gyermekgy\u00f3gy\u00e1szat.<\/p>\n<p>A szakrendel\u00e9sek el\u0151jegyz\u00e9s alapj\u00e1n m\u0171k\u00f6dnek, melyre a beteg els\u0151sorban el\u0151zetes id\u0151pont egyeztet\u00e9st k\u00f6vet\u0151en ker\u00fcl f\u00f6l. Az egyeztet\u00e9s telefonon a k\u00f6zponti sz\u00e1m (06-66-585-800) h\u00edv\u00e1s\u00e1val, illetve szem\u00e9lyesen a recepci\u00f3n ny\u00edlik lehet\u0151s\u00e9g.<\/p>\n<p>Adatv\u00e9delmi okokb\u00f3l orvosi leletet, vizsg\u00e1lati eredm\u00e9nyt csak mag\u00e1nak a betegnek vagy a beteg \u00e1ltal \u00edr\u00e1sban meghatalmazott szem\u00e9lynek adhatunk ki. A meghatalmaz\u00e1sra vonatkoz\u00f3 nyomtatv\u00e1ny ig\u00e9ny eset\u00e9n, a recepci\u00f3n k\u00e9rhet\u0151.<\/p>\n<p>K\u00e9rj\u00fck betegeinket, hogy id\u0151ben jelezz\u00e9k, amennyiben az el\u0151re egyeztetett id\u0151pont ellen\u00e9re nem tudnak megjelenni az\u00e9rt, hogy az \u00edgy felszabadult id\u0151pontra m\u00e1sik beteget tudjunk el\u0151jegyezni!<\/p>\n<p>Int\u00e9zm\u00e9ny\u00fcnkben \u00e9rt\u00e9kei meg\u0151rz\u00e9s\u00e9t v\u00e1llalni nem tudjuk. Erre tekintettel k\u00e9rj\u00fck, hogy \u00e9rt\u00e9kt\u00e1rgyaikat a vizsg\u00e1latok alkalm\u00e1val vigy\u00e9k magukkal, valamint azok meg\u00f3v\u00e1s\u00e1ra a lehet\u0151 legnagyobb figyelmet ford\u00edtsanak!<\/p>\n<p><strong>A zavartalan betegell\u00e1t\u00e1s \u00e9rdek\u00e9ben az al\u00e1bbi szab\u00e1lyokat k\u00e9rj\u00fck, tarts\u00e1k be<\/strong>:<\/p>\n<ul>\n<li>K\u00e9rj\u00fck betegeinket, hogy a mobiltelefonokat a vizsg\u00e1latok idej\u00e9re kapcsolj\u00e1k ki!<\/li>\n<li>Soron k\u00edv\u00fcl csak indokolt esetben \u00e1ll m\u00f3dunkban receptet fel\u00edrni.<\/li>\n<li>Az Eg\u00e9szs\u00e9g\u00fcgyi K\u00f6zpont doh\u00e1nyz\u00e1smentes int\u00e9zm\u00e9ny, melynek teljes ter\u00fclet\u00e9n doh\u00e1nyozni szigor\u00faan tilos!<\/li>\n<li>Az Eg\u00e9szs\u00e9g\u00fcgyi K\u00f6zpont ter\u00fclet\u00e9n szeszesital fogyaszt\u00e1sa szigor\u00faan tilos!<\/li>\n<li>Az int\u00e9zm\u00e9ny ter\u00fclet\u00e9n az int\u00e9zm\u00e9nyvezet\u0151 enged\u00e9lye n\u00e9lk\u00fcl kereskedelmi tev\u00e9kenys\u00e9g folytat\u00e1sa, rekl\u00e1m anyag kiragaszt\u00e1sa, sz\u00f3r\u00f3anyagok elhelyez\u00e9se, propaganda, szerencsej\u00e1t\u00e9k tilos!<\/li>\n<\/ul>\n<p>A betegek is \u00fcgyeljenek a csendre, hangoskod\u00e1ssal ne zavarj\u00e1k a v\u00e1rakoz\u00f3 betegt\u00e1rsakat \u00e9s az eg\u00e9szs\u00e9g\u00fcgyi dolgoz\u00f3k munk\u00e1j\u00e1t.<\/p>\n<p>Int\u00e9zm\u00e9ny\u00fcnk kiemelt figyelmet ford\u00edt arra, hogy p\u00e1cienseit tiszta \u00e9s kellemes k\u00f6rnyezetben fogadja, ez\u00e9rt k\u00e9rj\u00fck, hogy \u00d6n is vigy\u00e1zzon a rendel\u0151 helyis\u00e9gek, folyos\u00f3k, mell\u00e9khelyis\u00e9gek tisztas\u00e1g\u00e1ra!<\/p>\n<p>Int\u00e9zm\u00e9ny\u00fcnkben a hullad\u00e9kok gy\u0171jt\u00e9se szelekt\u00edv m\u00f3don t\u00f6rt\u00e9nik. Az eg\u00e9szs\u00e9g\u00fcgyi ell\u00e1t\u00e1s sor\u00e1n vesz\u00e9lyes hullad\u00e9kok is keletkeznek (v\u00e9rrel, testv\u00e1lad\u00e9kokkal szennyezett hullad\u00e9kok), melyet k\u00fcl\u00f6n s\u00e1rga zs\u00e1kokban gy\u0171jt\u00fcnk. A kommun\u00e1lis hullad\u00e9kok t\u00e1rol\u00e1s\u00e1ra a k\u00e9k sz\u00edn\u0171 zs\u00e1kok haszn\u00e1latosak. Int\u00e9zm\u00e9ny\u00fcnkben val\u00f3 tart\u00f3zkod\u00e1sa idej\u00e9n k\u00e9rj\u00fck, a k\u00f6rnyezet meg\u00f3v\u00e1sa \u00e9rdek\u00e9ben \u00fcgyeljen a megfelel\u0151 hullad\u00e9kgy\u0171jt\u00e9s betart\u00e1s\u00e1ra. <a name=\"_Toc27061022\"><\/a>Az int\u00e9zm\u00e9nyben a f\u0151bej\u00e1rat mellett kialak\u00edtott helyen, az erre a c\u00e9lra tervezett hullad\u00e9kgy\u0171jt\u0151ben van lehet\u0151s\u00e9g a lakoss\u00e1gn\u00e1l k\u00e9pz\u0151d\u0151 speci\u00e1lis hullad\u00e9k elhelyez\u00e9s\u00e9re.<\/p>\n<p>J\u00e1rv\u00e1ny\u00fcgyi helyzetben az int\u00e9zm\u00e9nyvezet\u0151 az int\u00e9zm\u00e9ny m\u0171k\u00f6d\u00e9s\u00e9re vonatkoz\u00f3an rendk\u00edv\u00fcli int\u00e9zked\u00e9seket hozhat a hat\u00e1lyos jogszab\u00e1lyoknak\/rendeleteknek megfelel\u0151en, mely int\u00e9zked\u00e9seket a betegell\u00e1t\u00e1st ig\u00e9nybe vev\u0151 p\u00e1ciensek k\u00f6telesek betartani.<\/p>\n<p>Az int\u00e9zm\u00e9ny m\u0171k\u00f6d\u00e9s\u00e9re vonatkoz\u00f3 v\u00e1ltoz\u00e1sokr\u00f3l p\u00e1cienseinket folyamatosan inform\u00e1ljuk a bej\u00e1rati ajt\u00f3n kif\u00fcggesztett t\u00e1j\u00e9koztat\u00f3k form\u00e1j\u00e1ban.<\/p>\n<p>A betegek jogair\u00f3l \u00e9s k\u00f6telezetts\u00e9geir\u0151l \u00edr\u00e1sos t\u00e1j\u00e9koztat\u00f3t f\u00fcggesztett\u00fcnk ki p\u00e1cienseink inform\u00e1l\u00e1s\u00e1ra.<\/p>\n<p>Amennyiben ell\u00e1t\u00e1s\u00e1val kapcsolatban panaszt k\u00edv\u00e1n tenni, panasz\u00e1val k\u00f6zvetlen\u00fcl sz\u00f3ban vagy \u00edr\u00e1sban fordulhat az int\u00e9zm\u00e9nyvezet\u0151h\u00f6z vagy a vezet\u0151 asszisztenshez.<\/p>\n<p>A betegek panasz eset\u00e9n \u00e9lhetnek a betegjogi k\u00e9pvisel\u0151 megkeres\u00e9s\u00e9vel:<\/p>\n<p>Neve:\u00a0\u00a0\u00a0\u00a0\u00a0\u00a0\u00a0\u00a0\u00a0\u00a0\u00a0\u00a0\u00a0\u00a0 Dr. Dar\u00f3czy Linda jogv\u00e9delmi k\u00e9pvisel\u0151<\/p>\n<p>Telefonsz\u00e1ma:<strong> 06 20 \/ 489 9563\u00a0\u00a0 <\/strong><\/p>\n<p>e-mail: linda.daroczy@ijsz.bm.gov.hu<\/p>\n<p>&nbsp;<\/p>\n<p>T\u00e1j\u00e9koztatjuk \u00fcgyf\u00e9lkapu jogosults\u00e1ggal rendelkez\u0151 ell\u00e1tottjainkat, hogy a <a href=\"http:\/\/www.eeszt.gov.hu\">www.eeszt.gov.hu<\/a> fel\u00fcleten az eg\u00e9szs\u00e9gi szolg\u00e1ltat\u00f3k \u00e1ltal felt\u00f6lt\u00f6tt, az eg\u00e9szs\u00e9g\u00fcgyi \u00e9s a hozz\u00e1juk kapcsol\u00f3d\u00f3 szem\u00e9lyes adatok kezel\u00e9s\u00e9r\u0151l \u00e9s v\u00e9delm\u00e9r\u0151l 1997. \u00e9vi XLVII. t\u00f6rv\u00e9ny \u00e9s az Elektronikus Eg\u00e9szs\u00e9g\u00fcgyi Szolg\u00e1ltat\u00e1si T\u00e9rrel kapcsolatos r\u00e9szletes szab\u00e1lyokr\u00f3l 39\/2016. (XII. 21.) EMMI rendelet szerinti eg\u00e9szs\u00e9g\u00fcgyi dokument\u00e1ci\u00f3ikat megtekinthetik, let\u00f6lthetik.<\/p>\n<p>A beteg, az eg\u00e9szs\u00e9g\u00fcgyi dolgoz\u00f3k szem\u00e9lyis\u00e9gi jogai \u00e9s az orvosi titoktart\u00e1s v\u00e9delme \u00e9rdek\u00e9ben t\u00e1j\u00e9koztatjuk, hogy k\u00e9p-\u00e9s hangfelv\u00e9tel k\u00e9sz\u00edt\u00e9se az Infotv. 5.\u00a7 (1) bekezd\u00e9se szerint akkor lehets\u00e9ges, ha az \u00e9rintett kifejezetten hozz\u00e1j\u00e1rul, vagy jogszab\u00e1ly k\u00f6telez\u0151en elrendeli. T\u00e1j\u00e9koztatjuk, hogy a szem\u00e9lyis\u00e9gi jogok megs\u00e9rt\u00e9se eset\u00e9n a s\u00e9relmet szenvedett f\u00e9l jogorvoslat keret\u00e9ben szankci\u00f3k alkalmaz\u00e1s\u00e1t k\u00e9rheti, melyek k\u00f6z\u00f6tt a k\u00e1rt\u00e9r\u00edt\u00e9s \u00e9s s\u00e9relemd\u00edj meg\u00e1llap\u00edt\u00e1sa is sz\u00f3ba j\u00f6het. Az eg\u00e9szs\u00e9g\u00fcgyi adatok v\u00e9delme az orvosi titoktart\u00e1s k\u00f6r\u00e9ben alapvet\u0151, \u00e9s fokozott v\u00e9delemben r\u00e9szes\u00fcl, e k\u00f6rben m\u00e1s szem\u00e9ly eg\u00e9szs\u00e9g\u00fcgyi adatainak r\u00f6gz\u00edt\u00e9se beleegyez\u00e9s \u00e9s jogszab\u00e1lyi felhatalmaz\u00e1s n\u00e9lk\u00fcl jogellenes, \u00edgy a sajt\u00f3nyilv\u00e1noss\u00e1g k\u00f6r\u00e9ben a beteg eg\u00e9szs\u00e9g\u00fcgyi adatair\u00f3l inform\u00e1ci\u00f3, t\u00e1j\u00e9koztat\u00f3 kiz\u00e1r\u00f3lag a beteg belegyez\u00e9s\u00e9vel \u00e9s az orvosi titoktart\u00e1sra vonatkoz\u00f3 szab\u00e1lyok betart\u00e1s\u00e1val t\u00f6rt\u00e9nhet.<\/p>\n<table border=\"0\">\n<tbody>\n<tr>\n<td>Kelt: Sarkad, 2024.07.01.<\/td>\n<td>Debreczeni Lajos<br \/>\nint\u00e9zm\u00e9nyvezet\u0151<\/td>\n<\/tr>\n<\/tbody>\n<\/table>\n<p>Kieg\u00e9sz\u00edt\u00e9s:<\/p>\n<p>T\u00e1j\u00e9koztatjuk \u00fcgyf\u00e9lkapu jogosults\u00e1ggal rendelkez\u0151 ell\u00e1tottjainkat, hogy a www.eeszt.gov.hu fel\u00fcleten az eg\u00e9szs\u00e9gi szolg\u00e1ltat\u00f3k \u00e1ltal felt\u00f6lt\u00f6tt, az eg\u00e9szs\u00e9g\u00fcgyi \u00e9s a hozz\u00e1juk kapcsol\u00f3d\u00f3 szem\u00e9lyes adatok kezel\u00e9s\u00e9r\u0151l \u00e9s v\u00e9delm\u00e9r\u0151l sz\u00f3l\u00f3 1997. \u00e9vi XLVII. t\u00f6rv\u00e9ny \u00e9s az Elektronikus Eg\u00e9szs\u00e9g\u00fcgyi Szolg\u00e1ltat\u00e1si T\u00e9rrel kapcsolatos r\u00e9szletes szab\u00e1lyokr\u00f3l sz\u00f3l\u00f3 39\/2016. (XII. 21.) EMMI rendelet szerinti eg\u00e9szs\u00e9g\u00fcgyi dokument\u00e1ci\u00f3ikat megtekinthetik, let\u00f6lthetik. Egyebekben a dokument\u00e1ci\u00f3 megismer\u00e9s a \u201eA betegek jogair\u00f3l \u00e9s k\u00f6telezetts\u00e9geir\u0151l sz\u00f3l\u00f3 t\u00e1j\u00e9koztat\u00f3&#8221; szerint t\u00f6rt\u00e9nhet.<\/p>\n<p><strong>K\u00fcls\u0151 kapcsolattart\u00e1s a sajt\u00f3val valamint egyes k\u00fcl\u00f6nleges jog\u00e1ll\u00e1s\u00fa szervekkel, az int\u00e9zm\u00e9nybe t\u00f6rt\u00e9n\u0151 be-\u00e9s kil\u00e9p\u00e9s, valamint az inform\u00e1ci\u00f3k \u00e1tad\u00e1s\u00e1nak rendje<\/strong><\/p>\n<p><strong>1. A Sarkadi Kist\u00e9rs\u00e9gi J\u00e1r\u00f3beteg Szakell\u00e1t\u00f3 K\u00f6zpont a jelen mell\u00e9kletben foglaltak szerint biztos\u00edtja az inform\u00e1ci\u00f3k \u00e1tad\u00e1s\u00e1t az orsz\u00e1ggy\u0171l\u00e9si k\u00e9pvisel\u0151k, az eur\u00f3pai parlamenti k\u00e9pvisel\u0151k, valamint a sajt\u00f3 munkat\u00e1rsai sz\u00e1m\u00e1ra.<\/strong><\/p>\n<strong>2. Amennyiben az orsz\u00e1ggy\u0171l\u00e9si k\u00e9pvisel\u0151, eur\u00f3pai parlamenti k\u00e9pvisel\u0151 vagy a sajt\u00f3 munkat\u00e1rsa e min\u0151s\u00e9g\u00e9nek megjel\u00f6l\u00e9s\u00e9vel az int\u00e9zm\u00e9ny b\u00e1rmely foglalkoztatottj\u00e1val kapcsolatfelv\u00e9telt kezdem\u00e9nyez, err\u0151l a foglalkoztatott halad\u00e9ktalanul \u00e9rtes\u00edteni k\u00f6teles<\/strong><br \/>\na) orsz\u00e1ggy\u0171l\u00e9si k\u00e9pvisel\u0151, eur\u00f3pai parlamenti k\u00e9pvisel\u0151 eset\u00e9ben az int\u00e9zm\u00e9nyvezet\u0151t,<br \/>\nb) sajt\u00f3 munkat\u00e1rs eset\u00e9n az int\u00e9zm\u00e9nyvezet\u0151t.\n<p><strong>3. A Sarkadi Kist\u00e9rs\u00e9gi J\u00e1r\u00f3beteg Szakell\u00e1t\u00f3 K\u00f6zpont foglalkoztatottja &#8211; a 2. pontban megjel\u00f6lt vezet\u0151k kiv\u00e9tel\u00e9vel &#8211; a 4-6. pontban foglalt szem\u00e9lyek, szervezetek r\u00e9sz\u00e9re az int\u00e9zm\u00e9ny nev\u00e9ben t\u00e1j\u00e9koztat\u00e1st nem adhat.<\/strong><\/p>\n<p><strong>4. Az orsz\u00e1ggy\u0171l\u00e9si k\u00e9pvisel\u0151k t\u00e1j\u00e9koztat\u00e1s\u00e1ra vonatkoz\u00f3 szab\u00e1lyok<\/strong><\/p>\n4.1. Az Orsz\u00e1ggy\u0171l\u00e9sr\u0151l sz\u00f3l\u00f3 2012. \u00e9vi XXXVI. t\u00f6rv\u00e9ny 98. \u00a7 (1) bekezd\u00e9se alapj\u00e1n az \u00e1llami szervek k\u00f6telesek a k\u00e9pvisel\u0151ket megb\u00edzat\u00e1suk ell\u00e1t\u00e1s\u00e1ban t\u00e1mogatni, \u00e9s r\u00e9sz\u00fckre a <strong>munk\u00e1jukhoz sz\u00fcks\u00e9ges<\/strong> felvil\u00e1gos\u00edt\u00e1st megadni. A k\u00e9pvisel\u0151 az int\u00e9zm\u00e9ny vezet\u0151j\u00e9t <strong>el\u0151zetesen egyeztetett m\u00f3don t\u00e1j\u00e9koztat\u00e1st k\u00e9rhet.<\/strong> E jogosults\u00e1g az \u00e9rintett szerv m\u0171k\u00f6d\u00e9s\u00e9re vonatkoz\u00f3 el\u0151\u00edr\u00e1sokra figyelemmel, valamint rendeltet\u00e9sszer\u0171 m\u0171k\u00f6d\u00e9s\u00e9nek <strong>ar\u00e1nytalan s\u00e9relme n\u00e9lk\u00fcl gyakorolhat\u00f3.<\/strong><br \/>\n<strong>4.2. A 4.1. pontban \u00edrt k\u00f6telez\u0151 t\u00e1j\u00e9koztat\u00e1s mag\u00e1ban foglalja a szem\u00e9lyes egyeztet\u00e9s, szem\u00e9lyes t\u00e1j\u00e9koz\u00f3d\u00e1s lehet\u0151s\u00e9g\u00e9t, de ez a jog kiz\u00e1r\u00f3lag az el\u0151zetesen egyeztetett id\u0151pontban \u00e9s m\u00f3don gyakorolhat\u00f3.<\/strong><br \/>\n<strong>4.3. A 4.1 pontban megfogalmazott jog nem j\u00e1rhat az int\u00e9zm\u00e9ny rendeltet\u00e9sszer\u0171 m\u0171k\u00f6d\u00e9s\u00e9nek s\u00e9relm\u00e9vel. A szem\u00e9lyes bel\u00e9p\u00e9si jog biztos\u00edt\u00e1sa csak a betegell\u00e1t\u00e1s megzavar\u00e1sa, a szem\u00e9lyis\u00e9gi jogok \u00e9s ezzel egy\u00fctt a betegjogok s\u00e9relme n\u00e9lk\u00fcl gyakorolhat\u00f3.<\/strong><br \/>\n<strong>4.4. A szem\u00e9lyes bel\u00e9p\u00e9si jog biztos\u00edt\u00e1sa csak az \u00e9rintett k\u00e9pvisel\u0151 \u00e1ltal gyakorolhat\u00f3, b\u00e1rmely m\u00e1s, k\u00e9pvisel\u0151nek nem min\u0151s\u00fcl\u0151 szem\u00e9lyt nem illeti meg.<\/strong>\n<p><strong>4.5. Az orsz\u00e1ggy\u0171l\u00e9si k\u00e9pvisel\u0151k tekintet\u00e9ben a 4.1. pont szerinti inform\u00e1ci\u00f3szerz\u00e9s k\u00e9pvisel\u0151i jogosults\u00e1g, mely nem azonos a k\u00f6z\u00e9rdek\u0171 adatok megismer\u00e9s\u00e9hez \u00e9s terjeszt\u00e9s\u00e9hez val\u00f3 (alap) joggal.<\/strong><\/p>\n<p><strong>5. Az eur\u00f3pai parlamenti k\u00e9pvisel\u0151 t\u00e1j\u00e9koztat\u00e1sa<\/strong><\/p>\n<p>5.1. Az Eur\u00f3pai Parlament magyarorsz\u00e1gi k\u00e9pvisel\u0151inek jog\u00e1ll\u00e1s\u00e1r\u00f3l sz\u00f3l\u00f3 2004. \u00e9vi LVII. t\u00f6rv\u00e9ny 17. \u00a7-a alapj\u00e1n az \u00e1llami szervek k\u00f6telesek <strong>az Eur\u00f3pai Parlament k\u00e9pvisel\u0151i r\u00e9sz\u00e9re az eur\u00f3pai uni\u00f3s \u00fcgyekkel \u00f6sszef\u00fcgg\u0151 munk\u00e1jukhoz sz\u00fcks\u00e9ges felvil\u00e1gos\u00edt\u00e1st megadni.<\/strong> A kapcsolattart\u00e1s rendj\u00e9re egyebekben a 4.2 \u00e9s 4.3 alpontj\u00e1ban foglaltakat kell alkalmazni.<\/p>\n<p><strong>6. A sajt\u00f3 jogai<\/strong><\/p>\n6.1. A sajt\u00f3szabads\u00e1gr\u00f3l \u00e9s a m\u00e9diatartalmak alapvet\u0151 szab\u00e1lyair\u00f3l sz\u00f3l\u00f3 2010. \u00e9vi CIV. t\u00f6rv\u00e9ny 9. \u00a7-a alapj\u00e1n az \u00e1llami szervek, int\u00e9zm\u00e9nyek vezet\u0151i &#8211; <strong>a sz\u00fcks\u00e9ges felvil\u00e1gos\u00edt\u00e1soknak<\/strong> \u00e9s adatoknak a m\u00e9diatartalom-szolg\u00e1ltat\u00f3k sz\u00e1m\u00e1ra, megfelel\u0151 hat\u00e1rid\u0151ben t\u00f6rt\u00e9n\u0151 rendelkez\u00e9s\u00e9re bocs\u00e1t\u00e1s\u00e1val &#8211; a k\u00f6z\u00e9rdek\u0171 adatok nyilv\u00e1noss\u00e1g\u00e1r\u00f3l, illetve az inform\u00e1ci\u00f3szabads\u00e1gr\u00f3l sz\u00f3l\u00f3 jogszab\u00e1lyok keretei k\u00f6z\u00f6tt k\u00f6telesek el\u0151seg\u00edteni a m\u00e9diatartalom-szolg\u00e1ltat\u00f3 t\u00e1j\u00e9koztat\u00e1si feladat\u00e1nak elv\u00e9gz\u00e9s\u00e9t.<br \/>\n6.2. A fentiek alapj\u00e1n a Sarkadi Kist\u00e9rs\u00e9gi J\u00e1r\u00f3beteg Szakell\u00e1t\u00f3 K\u00f6zpont biztos\u00edtja a m\u00e9dia megfelel\u0151 t\u00e1j\u00e9koztat\u00e1s\u00e1t. A betegek szenzit\u00edv adatait azonban v\u00e9deni kell, ez\u00e9rt <strong>a sajt\u00f3 munkat\u00e1rsainak helysz\u00ednen t\u00f6rt\u00e9n\u0151 munkav\u00e9gz\u00e9se nem j\u00e1rhat m\u00e1sok szem\u00e9lyis\u00e9gi jogainak s\u00e9relm\u00e9vel, valamint az int\u00e9zm\u00e9ny j\u00f3 h\u00edrnev\u00e9nek megs\u00e9rt\u00e9s\u00e9vel.<\/strong><br \/>\n<strong>Amennyiben k\u00e9p- \u00e9s hangfelv\u00e9tel k\u00e9sz\u00edt\u00e9s\u00e9re kiv\u00e9teles indokb\u00f3l, felt\u00e9tlen\u00fcl sz\u00fcks\u00e9g van, \u00fagy az csakis el\u0151zetes \u00edr\u00e1sbeli int\u00e9zm\u00e9nyvezet\u0151i enged\u00e9llyel \u00e9s az int\u00e9zm\u00e9nyvezet\u0151 vagy az \u00e1ltala kijel\u00f6lt szem\u00e9ly fel\u00fcgyelete mellett t\u00f6rt\u00e9nhet.<\/strong><br \/>\n6.3. A sajt\u00f3szabads\u00e1g gyakorl\u00e1sa nem val\u00f3s\u00edthat meg b\u0171ncselekm\u00e9nyt.<br \/>\n6.4. Az int\u00e9zm\u00e9nyvezet\u0151 jogosult \u00e9s egyben k\u00f6teles a m\u00e9diatartalom-szolg\u00e1ltat\u00f3t\u00f3l &#8211; a k\u00f6zz\u00e9t\u00e9telt megel\u0151z\u0151en &#8211; bek\u00e9rni a nyilv\u00e1nos k\u00f6zl\u00e9s c\u00e9lj\u00e1b\u00f3l k\u00e9sz\u00edtett nyilatkozatot.\n<p><strong>7. K\u00e9p- \u00e9s hangfelv\u00e9tel k\u00e9sz\u00edt\u00e9se az int\u00e9zm\u00e9nyekben<\/strong><\/p>\n7.1. Az eg\u00e9szs\u00e9g\u00fcgyi int\u00e9zm\u00e9nyekben gy\u00f3gyul\u00f3 betegek emberi m\u00e9lt\u00f3s\u00e1ga kiemelt v\u00e9delmet ig\u00e9nyel.<br \/>\n7.2. Az emberi m\u00e9lt\u00f3s\u00e1g \u00e9s a szem\u00e9lyes adatok v\u00e9delme \u00e9rdek\u00e9ben, amennyiben felv\u00e9teleken term\u00e9szetes szem\u00e9lyek (betegek, hozz\u00e1tartoz\u00f3k, l\u00e1togat\u00f3k vagy az int\u00e9zm\u00e9ny foglalkoztatottjai) is szerepelnek, biztos\u00edtani kell szem\u00e9lyis\u00e9gi jogaik, szem\u00e9lyes adataik v\u00e9delm\u00e9t \u00e9s inform\u00e1ci\u00f3s \u00f6nrendelkez\u00e9si joguk \u00e9rv\u00e9nyes\u00fcl\u00e9s\u00e9t &#8211; ez els\u0151dlegesen a felv\u00e9tel k\u00e9sz\u00edt\u0151j\u00e9nek feladata \u00e9s felel\u0151ss\u00e9ge.<br \/>\n7.3. \u00c1ltal\u00e1nos szab\u00e1ly, hogy az int\u00e9zm\u00e9nyben b\u00e1rki \u00e1ltal &#8211; \u00edgy a fenti k\u00e9pvisel\u0151k, sajt\u00f3\/m\u00e9dia \u00e1ltal is &#8211; b\u00e1rmely szem\u00e9lyr\u0151l (beteg, hozz\u00e1tartoz\u00f3, dolgoz\u00f3) t\u00f6rt\u00e9n\u0151 k\u00e9pm\u00e1s vagy hangfelv\u00e9tel elk\u00e9sz\u00edt\u00e9s\u00e9hez, valamint azok b\u00e1rmely m\u00f3don t\u00f6rt\u00e9n\u0151 felhaszn\u00e1l\u00e1s\u00e1hoz az \u00e9rintett szem\u00e9ly kifejezett hozz\u00e1j\u00e1rul\u00e1sa sz\u00fcks\u00e9ges.<br \/>\n7.4. A 7.1.-7.2. alpontokban foglaltakra tekintettel az eg\u00e9szs\u00e9g\u00fcgyi int\u00e9zm\u00e9nyben tart\u00f3zkod\u00f3 szem\u00e9lyek emberi m\u00e9lt\u00f3s\u00e1g\u00e1nak, illetve a v\u00e9lem\u00e9nynyilv\u00e1n\u00edt\u00e1s szabads\u00e1g\u00e1nak egyidej\u0171 v\u00e9delme \u00e9s \u00e9rv\u00e9nyes\u00fcl\u00e9se alapvet\u0151 jog\u00e1llami k\u00f6telezetts\u00e9g, amelynek biztos\u00edt\u00e1s\u00e1\u00e9rt az int\u00e9zm\u00e9ny, \u00e9s annak valamennyi foglalkoztatottja &#8211; a saj\u00e1t feladatk\u00f6r\u00e9ben elj\u00e1rva &#8211; felel\u0151ss\u00e9ggel tartozik. Amennyiben k\u00e9p- vagy hangfelv\u00e9tel az int\u00e9zm\u00e9ny m\u0171szaki \u00e1llapot\u00e1r\u00f3l, t\u00e1rgyi k\u00f6r\u00fclm\u00e9nyeir\u0151l k\u00e9sz\u00fcl, a felv\u00e9telek k\u00e9sz\u00edt\u00e9s\u00e9n\u00e9l az int\u00e9zm\u00e9nyvezet\u0151 \u00e1ltal kijel\u00f6lt szem\u00e9ly k\u00f6telez\u0151en jelen kell, hogy legyen.<br \/>\n7.5. Amennyiben az int\u00e9zm\u00e9nyt \u00e9rint\u0151en szem\u00e9lyis\u00e9gi jogokat s\u00e9rt\u0151 felv\u00e9tel k\u00f6zz\u00e9t\u00e9tel\u00e9re ker\u00fcl sor, az int\u00e9zm\u00e9nyvezet\u0151 minden esetben k\u00f6teles megtenni a sz\u00fcks\u00e9ges jogi int\u00e9zked\u00e9seket.<br \/>\n7.6. Amennyiben valamely munkat\u00e1rs k\u00e9p- vagy hangfelv\u00e9tel r\u00f6gz\u00edt\u00e9s\u00e9t \u00e9szleli, a 7.2-7.4. alpont szerinti k\u00f6r\u00fclm\u00e9nyre k\u00f6teles felh\u00edvni a felv\u00e9telt k\u00e9sz\u00edt\u0151 figyelm\u00e9t, ha alappal felt\u00e9telezhet\u0151, hogy a felv\u00e9tel k\u00e9sz\u00edt\u00e9s\u00e9vel \u00f6sszef\u00fcgg\u00e9sben szem\u00e9lyis\u00e9gi jogs\u00e9relem t\u00f6rt\u00e9nhet.\n<p><strong>8. K\u00f6vetend\u0151 elj\u00e1r\u00e1s az int\u00e9zm\u00e9ny ter\u00fclet\u00e9n<\/strong><\/p>\n<p>8.1. A szem\u00e9lyesen t\u00f6rt\u00e9n\u0151 inform\u00e1ci\u00f3szerz\u00e9s, valamint az inform\u00e1ci\u00f3k \u00e1tad\u00e1s\u00e1nak rendj\u00e9vel kapcsolatos k\u00e9r\u00e9s kiz\u00e1r\u00f3lag <strong>munkanapokon<\/strong>, \u00e9s <strong>legal\u00e1bb 24 \u00f3r\u00e1val megel\u0151z\u0151en, munkaid\u0151ben<\/strong> (8.00-16.00 \u00f3ra k\u00f6z\u00f6tt), <strong>a t\u00e1j\u00e9koz\u00f3d\u00e1s c\u00e9lj\u00e1t \u00e9s t\u00e9mak\u00f6r\u00e9t megjel\u00f6lve<\/strong> az al\u00e1bbi el\u00e9rhet\u0151s\u00e9geken bejelentve t\u00f6rt\u00e9nhet:<\/p>\n<p>e-mail: titkarsag@szakrendelo-sarkad.hu<\/p>\n<p>telefon: 06-66-585-800<\/p>\n8.2. A l\u00e1togat\u00e1s kiz\u00e1r\u00f3lag olyan, el\u0151re meghat\u00e1rozott <strong>id\u0151tartamban<\/strong> t\u00f6rt\u00e9nhet, amely nem jelent indokolatlan terhet a dolgoz\u00f3k sz\u00e1m\u00e1ra.<br \/>\n8.3. Az orsz\u00e1ggy\u0171l\u00e9si k\u00e9pvisel\u0151k, valamint az eur\u00f3pai parlamenti k\u00e9pvisel\u0151k, vagy a sajt\u00f3 munkat\u00e1rsa r\u00e9sz\u00e9r\u0151l, szem\u00e9lyes t\u00e1j\u00e9koz\u00f3d\u00e1suk eset\u00e9re az int\u00e9zm\u00e9ny r\u00e9sz\u00e9r\u0151l <strong>k\u00eds\u00e9r\u0151 szem\u00e9ly jelenl\u00e9te k\u00f6telez\u0151<\/strong> a betegell\u00e1t\u00e1s zavartalans\u00e1g\u00e1nak biztos\u00edt\u00e1sa \u00e9rdek\u00e9ben.<br \/>\n8.4 Az <strong>akt\u00edv betegell\u00e1t\u00e1st biztos\u00edt\u00f3 helyis\u00e9gekbe t\u00f6rt\u00e9n\u0151 bel\u00e9p\u00e9s TILOS<\/strong> a szem\u00e9lyis\u00e9gi jogok v\u00e9delme \u00e9rdek\u00e9ben, mely esetben a sz\u00fcks\u00e9ges t\u00e1j\u00e9koztat\u00e1s ut\u00f3lag \u00edr\u00e1sban, vagy egy\u00e9b dokument\u00e1ci\u00f3val, p\u00e9ld\u00e1ul az int\u00e9zm\u00e9ny \u00e1ltal k\u00e9sz\u00edtend\u0151 k\u00e9ppel is megfelel\u0151en biztos\u00edthat\u00f3.<br \/>\n8.5. Minden olyan ter\u00fcletre, ahol az int\u00e9zm\u00e9ny ter\u00fclet\u00e9n \u00e9p\u00edtkez\u00e9s, fel\u00faj\u00edt\u00e1s folyik, <strong>a bel\u00e9p\u00e9s &#8211; munkav\u00e9delmi okokb\u00f3l &#8211; TILOS.<\/strong><br \/>\n<strong>8.6. Minden olyan helyis\u00e9gbe, ahol higi\u00e9n\u00e9s okokb\u00f3l az a tev\u00e9kenys\u00e9g v\u00e9gz\u00e9s\u00e9re vesz\u00e9llyel j\u00e1r, a bel\u00e9p\u00e9s TILOS.<\/strong><br \/>\n<strong>8.7. Betegekt\u0151l, l\u00e1togat\u00f3kt\u00f3l elz\u00e1rt ter\u00fcletre bel\u00e9pni TILOS!<\/strong>\n\n","protected":false},"excerpt":{"rendered":"<div class=\"entry-summary\">\n<div class=\"entry-summary\">\nINT\u00c9ZM\u00c9NYI H\u00c1ZIREND A Sarkadi Kist\u00e9rs\u00e9gi J\u00e1r\u00f3beteg Szakell\u00e1t\u00f3 K\u00f6zpont l\u00e9trej\u00f6tt\u00e9nek c\u00e9lja, hogy a XXI. sz\u00e1zad elv\u00e1r\u00e1sainak megfelel\u0151en korszer\u0171 berendez\u00e9sekkel,&hellip;\n<\/div>\n<div class=\"link-more\"><a href=\"https:\/\/szakrendelo-sarkad.hu\/home2\/hazirend-2\/\" class=\"more-link\">Continue reading<span class=\"screen-reader-text\"> &ldquo;H\u00e1zirend&rdquo;<\/span>&hellip;<\/a><\/div>\n<\/div>\n<div class=\"link-more\"><a href=\"https:\/\/szakrendelo-sarkad.hu\/home2\/hazirend-2\/\" class=\"more-link\">Continue reading<span class=\"screen-reader-text\"> &ldquo;H\u00e1zirend&rdquo;<\/span>&hellip;<\/a><\/div>\n","protected":false},"author":1,"featured_media":0,"parent":0,"menu_order":0,"comment_status":"closed","ping_status":"closed","template":"","meta":{"ngg_post_thumbnail":0,"footnotes":""},"class_list":["post-9643","page","type-page","status-publish","hentry","entry"],"_links":{"self":[{"href":"https:\/\/szakrendelo-sarkad.hu\/home2\/wp-json\/wp\/v2\/pages\/9643","targetHints":{"allow":["GET"]}}],"collection":[{"href":"https:\/\/szakrendelo-sarkad.hu\/home2\/wp-json\/wp\/v2\/pages"}],"about":[{"href":"https:\/\/szakrendelo-sarkad.hu\/home2\/wp-json\/wp\/v2\/types\/page"}],"author":[{"embeddable":true,"href":"https:\/\/szakrendelo-sarkad.hu\/home2\/wp-json\/wp\/v2\/users\/1"}],"replies":[{"embeddable":true,"href":"https:\/\/szakrendelo-sarkad.hu\/home2\/wp-json\/wp\/v2\/comments?post=9643"}],"version-history":[{"count":5,"href":"https:\/\/szakrendelo-sarkad.hu\/home2\/wp-json\/wp\/v2\/pages\/9643\/revisions"}],"predecessor-version":[{"id":9660,"href":"https:\/\/szakrendelo-sarkad.hu\/home2\/wp-json\/wp\/v2\/pages\/9643\/revisions\/9660"}],"wp:attachment":[{"href":"https:\/\/szakrendelo-sarkad.hu\/home2\/wp-json\/wp\/v2\/media?parent=9643"}],"curies":[{"name":"wp","href":"https:\/\/api.w.org\/{rel}","templated":true}]}}