{"id":9665,"date":"2025-02-12T08:37:36","date_gmt":"2025-02-12T08:37:36","guid":{"rendered":"https:\/\/szakrendelo-sarkad.hu\/home2\/?page_id=9665"},"modified":"2025-02-12T08:45:49","modified_gmt":"2025-02-12T08:45:49","slug":"kozerdeku-adatigenyles","status":"publish","type":"page","link":"https:\/\/szakrendelo-sarkad.hu\/home2\/kozerdeku-adatigenyles\/","title":{"rendered":"K\u00f6z\u00e9rdek\u0171 adatig\u00e9nyl\u00e9s"},"content":{"rendered":"<p>A k\u00f6z\u00e9rdek\u0171 adatok megismer\u00e9s\u00e9hez kapcsol\u00f3d\u00f3 ig\u00e9nyl\u0151lapot <a href=\"http:\/\/szakrendelo-sarkad.hu\/letoltheto\/Kozerdeku_adatigenylo_lap.pdf\" target=\"_blank\" rel=\"noopener\">IDE<\/a> kattintva t\u00f6ltheti le.<\/p>\n<p><strong>T\u00e1j\u00e9koztat\u00f3 a k\u00f6z\u00e9rdek\u0171 adatig\u00e9nyl\u00e9sek menet\u00e9r\u0151l<\/strong><\/p>\n<p>A k\u00f6z\u00fcgyek \u00e9s a k\u00f6zp\u00e9nzek felhaszn\u00e1l\u00e1s\u00e1nak \u00e1tl\u00e1that\u00f3s\u00e1ga \u00e9rdek\u00e9ben az \u00e1llampolg\u00e1rok jogosultak k\u00f6z\u00e9rdek\u0171 inform\u00e1ci\u00f3hoz jutni Magyarorsz\u00e1g b\u00e1rmely \u00e1llami, \u00f6nkorm\u00e1nyzati vagy m\u00e1s k\u00f6zfeladatot ell\u00e1t\u00f3 szerv\u00e9t\u0151l, int\u00e9zm\u00e9ny\u00e9t\u0151l. A k\u00f6z\u00e9rdek\u0171 adatig\u00e9nyl\u00e9s menet\u00e9t az inform\u00e1ci\u00f3s \u00f6nrendelkez\u00e9si jogr\u00f3l \u00e9s az inform\u00e1ci\u00f3szabads\u00e1gr\u00f3l sz\u00f3l\u00f3 2011. \u00e9vi CXII. t\u00f6rv\u00e9ny (a tov\u00e1bbiakban: Infotv.), a meg\u00e1llap\u00edthat\u00f3 k\u00f6lts\u00e9gt\u00e9r\u00edt\u00e9s r\u00e9szleteit a 301\/2016. (IX. 30.) Korm. rendelet szab\u00e1lyozza.<\/p>\n<p><strong>Hol ny\u00fajthat\u00f3 be az adatig\u00e9nyl\u00e9s?<\/strong><\/p>\n<p>Int\u00e9zm\u00e9ny\u00fcnk el\u00e9rhet\u0151s\u00e9gei az adatig\u00e9nyl\u00e9s beny\u00fajt\u00e1s\u00e1ra vonatkoz\u00f3an:<\/p>\n<p>Sarkadi Kist\u00e9rs\u00e9gi J\u00e1r\u00f3beteg Szakell\u00e1t\u00f3 K\u00f6zpont<br \/>\n5720 Sarkad, B\u00e9ke s\u00e9t\u00e1ny 6.<br \/>\n06-66\/585-801<br \/>\ntitkarsag@szakrendelo-sarkad.hu<\/p>\n<p><strong>Milyen form\u00e1ban ny\u00fajthat\u00f3 be az adatig\u00e9nyl\u00e9s?<\/strong><\/p>\n<p>Az adatig\u00e9nyl\u00e9st formai k\u00f6t\u00f6tts\u00e9gekt\u0151l mentesen b\u00e1rki sz\u00f3ban, \u00edr\u00e1sban vagy elektronikus \u00faton ny\u00fajthatja be a k\u00f6zfeladatot ell\u00e1t\u00f3 szervhez. Az adatig\u00e9nyl\u00e9sben az egy\u00e9rtelm\u0171s\u00e9g \u00e9rdek\u00e9ben c\u00e9lszer\u0171 hivatkozni az Infotv.-re az\u00e9rt, hogy azt az int\u00e9zm\u00e9ny ne k\u00f6z\u00e9rdek\u0171 bejelent\u00e9sk\u00e9nt vagy k\u00f6zigazgat\u00e1si \u00fcgyk\u00e9nt kezelje. Az ig\u00e9nyl\u0151 \u00e1ltal egy \u00e9ven bel\u00fcl beny\u00fajtott azonos adatk\u00f6rre vonatkoz\u00f3 k\u00e9r\u00e9s elutas\u00edthat\u00f3.<\/p>\n<p><strong>Milyen adatokat, inform\u00e1ci\u00f3kat sz\u00fcks\u00e9ges megadni a k\u00e9relemben?<\/strong><\/p>\n<p>Az adatig\u00e9nyl\u0151 nev\u00e9n \u00e9s el\u00e9rhet\u0151s\u00e9g\u00e9n (pl. c\u00edm, e-mail c\u00edm) t\u00fal\u2013 amelyre a t\u00e1j\u00e9koztat\u00e1s megk\u00fcld\u00e9s\u00e9t k\u00e9ri \u2013 egy\u00e9b adatok megad\u00e1s\u00e1ra nem k\u00f6teles. Az adatkezel\u0151 nem jogosult a szem\u00e9lyazonoss\u00e1g ellen\u0151rz\u00e9s\u00e9re, \u00e9s nem k\u00e9rhet nyilatkozatot az adatk\u00e9r\u00e9s c\u00e9lj\u00e1r\u00f3l, motiv\u00e1ci\u00f3j\u00e1r\u00f3l sem.&nbsp; Ugyanakkor a k\u00f6zfeladatot ell\u00e1t\u00f3 szerv gazd\u00e1lkod\u00e1s\u00e1nak sz\u00e1mlaszint\u0171, illetve t\u00e9teles ellen\u0151rz\u00e9s\u00e9re ir\u00e1nyul\u00f3 adatmegismer\u00e9sekre k\u00fcl\u00f6n t\u00f6rv\u00e9nyek rendelkez\u00e9sei ir\u00e1nyad\u00f3k.<\/p>\n<p>Az \u00e1llampolg\u00e1r az ig\u00e9nyelt adatok k\u00f6r\u00e9n t\u00fal a k\u00e9relemben megjel\u00f6lheti azt a form\u00e1t, illetve m\u00f3dot, ahogyan a k\u00f6z\u00e9rdek\u0171 adatokat meg szeretn\u00e9 kapni. \u00c9rdemes ugyanakkor \u00e1tgondolni, hogy az adatoknak a k\u00edv\u00e1nt form\u00e1ba t\u00f6rt\u00e9n\u0151 rendez\u00e9se jelenthet-e olyan t\u00f6bbletfeladatot az adatkezel\u0151 sz\u00e1m\u00e1ra, melynek k\u00f6lts\u00e9gvonzat\u00e1t az ig\u00e9nyl\u0151nek kell majd viselnie.<\/p>\n<p><strong>Milyen k\u00f6telezetts\u00e9gei vannak az adatkezel\u0151knek? <\/strong><\/p>\n<p>A k\u00f6zfeladatot ell\u00e1t\u00f3 szerveket v\u00e1laszad\u00e1si k\u00f6telezetts\u00e9g terheli. A v\u00e1lasznak tartalmaznia kell a k\u00e9rt k\u00f6z\u00e9rdek\u0171 adatot, vagy indokolni kell, hogy a k\u00e9rt adat mi\u00e9rt nem adhat\u00f3 ki.<\/p>\n<p>A k\u00e9relemnek a k\u00f6zfeladatot ell\u00e1t\u00f3 szervnek a lehet\u0151 legr\u00f6videbb id\u0151n bel\u00fcl, de legfeljebb 15 napon bel\u00fcl eleget kell tennie. Ez a hat\u00e1rid\u0151 indokolt esetben &#8211; ha az adatig\u00e9nyl\u00e9s jelent\u0151s terjedelm\u0171, illetve nagysz\u00e1m\u00fa adatra vonatkozik, vagy az adatig\u00e9nyl\u00e9s teljes\u00edt\u00e9se a k\u00f6zfeladatot ell\u00e1t\u00f3 szerv alaptev\u00e9kenys\u00e9g\u00e9nek ell\u00e1t\u00e1s\u00e1hoz sz\u00fcks\u00e9ges munkaer\u0151forr\u00e1s ar\u00e1nytalan m\u00e9rt\u00e9k\u0171 ig\u00e9nybev\u00e9tel\u00e9vel j\u00e1r &#8211; csak egy alkalommal, 15 nappal hosszabb\u00edthat\u00f3 meg az ig\u00e9nyl\u0151 \u00e9rtes\u00edt\u00e9se mellett.<\/p>\n<p>Az ig\u00e9ny be\u00e9rkez\u00e9s\u00e9t\u0151l sz\u00e1m\u00edtott 15 napon bel\u00fcl az \u00e1llampolg\u00e1rt arr\u00f3l is t\u00e1j\u00e9koztatni kell, ha az adatig\u00e9nyl\u00e9s teljes\u00edt\u00e9s\u00e9t k\u00f6lts\u00e9gt\u00e9r\u00edt\u00e9s el\u0151zetes megfizet\u00e9s\u00e9t\u0151l teszik f\u00fcgg\u0151v\u00e9. Ebben az esetben &#8211; a k\u00f6lts\u00e9gt\u00e9r\u00edt\u00e9s \u00f6sszege mellett &#8211; a t\u00e1j\u00e9koztat\u00e1sban szerepelnie kell az indokol\u00e1snak is (az ig\u00e9nyelt adatok, dokumentumok jelent\u0151s terjedelm\u0171ek). Amennyiben az adatkezel\u0151 nem tartja be ezt a hat\u00e1rid\u0151t, az adatig\u00e9nyl\u00e9st k\u00f6lts\u00e9gt\u00e9r\u00edt\u00e9s megfizet\u00e9se n\u00e9lk\u00fcl k\u00f6teles teljes\u00edteni.<\/p>\n<p><strong>Van-e k\u00f6lts\u00e9gvonzata az adatig\u00e9nyl\u00e9s teljes\u00edt\u00e9s\u00e9nek?<\/strong><\/p>\n<p>A munkaer\u0151forr\u00e1s ar\u00e1nytalan m\u00e9rt\u00e9k\u0171 ig\u00e9nybev\u00e9tel\u00e9re vonatkoz\u00f3 k\u00f6lts\u00e9gelem a 2022. okt\u00f3ber 10-\u00e9n kihirdetett jogszab\u00e1ly-m\u00f3dos\u00edt\u00e1sok alapj\u00e1n kivezet\u00e9sre ker\u00fclt, a munkaer\u0151forr\u00e1s k\u00f6lts\u00e9geit teljes eg\u00e9sz\u00e9ben az adatot kezel\u0151 k\u00f6zfeladatot ell\u00e1t\u00f3 szervek (adatgazd\u00e1k) viselik.<\/p>\n<p>A k\u00f6lts\u00e9gt\u00e9r\u00edt\u00e9s m\u00e9rt\u00e9k\u00e9nek meghat\u00e1roz\u00e1sa sor\u00e1n csakis az al\u00e1bbi k\u00e9t k\u00f6lts\u00e9gelem vehet\u0151 figyelembe:<\/p>\n<ol>\n<li>a) az ig\u00e9nyelt adatokat tartalmaz\u00f3 adathordoz\u00f3 k\u00f6lts\u00e9ge, valamint,<\/li>\n<li>b) az ig\u00e9nyelt adatokat tartalmaz\u00f3 adathordoz\u00f3nak az ig\u00e9nyl\u0151 r\u00e9sz\u00e9re t\u00f6rt\u00e9n\u0151 k\u00e9zbes\u00edt\u00e9s\u00e9nek k\u00f6lts\u00e9ge.<\/li>\n<\/ol>\n<p>Jelent\u0151s terjedelm\u0171 m\u00e1solat k\u00e9sz\u00edt\u00e9s\u00e9n\u00e9l arr\u00f3l is t\u00e1j\u00e9koztat\u00e1st kell adni, hogy az adatig\u00e9nyl\u00e9s mekkora iratmennyis\u00e9get \u00f6lel fel. K\u00f6z\u00f6lni kell az adatig\u00e9nyl\u0151vel az adatig\u00e9nyl\u00e9s teljes\u00edt\u00e9s\u00e9nek m\u00e1solatk\u00e9sz\u00edt\u00e9st nem ig\u00e9nyl\u0151 lehet\u0151s\u00e9geit is.<\/p>\n<p>A korm\u00e1nyrendelet szerint k\u00f6lts\u00e9gt\u00e9r\u00edt\u00e9sk\u00e9nt meg\u00e1llap\u00edthat\u00f3<\/p>\n<ol>\n<li>a) legalacsonyabb \u00f6sszeg m\u00e9rt\u00e9ke 10 000 Ft,<\/li>\n<li>b) legmagasabb \u00f6sszeg m\u00e9rt\u00e9ke 190 000 Ft.<\/li>\n<\/ol>\n<p>A minimum \u00f6sszeget meg nem halad\u00f3 k\u00f6lts\u00e9g eset\u00e9ben k\u00f6lts\u00e9gt\u00e9r\u00edt\u00e9s meg\u00e1llap\u00edt\u00e1s\u00e1ra egy\u00e1ltal\u00e1n nem ker\u00fclhet sor.<\/p>\n<p>Fontos, hogy tov\u00e1bbra is csak a t\u00e9nylegesen felmer\u00fcl\u0151 &#8211; azaz igazolhat\u00f3 &#8211; k\u00f6lts\u00e9gek megt\u00e9r\u00edt\u00e9s\u00e9re van lehet\u0151s\u00e9g, illetve kiemelend\u0151, hogy a k\u00f6lts\u00e9gt\u00e9r\u00edt\u00e9s meg\u00e1llap\u00edt\u00e1sa a j\u00f6v\u0151ben sem k\u00f6telez\u0151, erre csak akkor ker\u00fclhet sor, ha az adatot kezel\u0151 k\u00f6zfeladatot ell\u00e1t\u00f3 szerv felel\u0151sen a k\u00f6lts\u00e9gt\u00e9r\u00edt\u00e9s meg\u00e1llap\u00edt\u00e1s\u00e1ra vonatkoz\u00f3 szab\u00e1lyok alkalmaz\u00e1sa mellett d\u00f6nt. Ebben az esetben az adatig\u00e9nyl\u00e9st a k\u00f6lts\u00e9gt\u00e9r\u00edt\u00e9snek az ig\u00e9nyl\u0151 \u00e1ltali megfizet\u00e9s\u00e9t k\u00f6vet\u0151 15 napon bel\u00fcl kell teljes\u00edtenie. Az adatkezel\u0151 azonban b\u00e1rmikor d\u00f6nthet \u00fagy, hogy az adatszolg\u00e1ltat\u00e1s\u00e9rt nem \u00e1llap\u00edt meg k\u00f6lts\u00e9gt\u00e9r\u00edt\u00e9st.<\/p>\n<p><strong>A befizetett k\u00f6lts\u00e9gt\u00e9r\u00edt\u00e9s mikor j\u00e1rhat vissza?<\/strong><\/p>\n<p>A k\u00f6lts\u00e9gt\u00e9r\u00edt\u00e9snek a val\u00f3s k\u00f6lts\u00e9gekhez kell igazodnia. A k\u00f6lts\u00e9gt\u00e9r\u00edt\u00e9s el\u0151zetes megfizet\u00e9se \u00e9s az adatig\u00e9nyl\u00e9s teljes\u00edt\u00e9se ut\u00e1n k\u00fcl\u00f6n t\u00e1j\u00e9koztat\u00e1st lehet k\u00e9rni az adatkezel\u0151t\u0151l az adatszolg\u00e1ltat\u00e1s t\u00e9nyleges k\u00f6lts\u00e9geir\u0151l, \u00e9s az azt al\u00e1t\u00e1maszt\u00f3 sz\u00e1m\u00edt\u00e1sokr\u00f3l. Amennyiben az el\u0151zetesen felsz\u00e1m\u00edtott k\u00f6lts\u00e9g meghaladja a t\u00e9nyleges k\u00f6lts\u00e9geket, a kett\u0151 k\u00fcl\u00f6nb\u00f6zete az ig\u00e9nyl\u0151nek visszafizetend\u0151.<\/p>\n<p><strong>Milyen jogorvoslati lehet\u0151s\u00e9gek vehet\u0151k ig\u00e9nybe?<\/strong><\/p>\n<p>A k\u00f6z\u00e9rdek\u0171 adat megismer\u00e9s\u00e9re vonatkoz\u00f3 ig\u00e9ny elutas\u00edt\u00e1sa vagy a teljes\u00edt\u00e9si hat\u00e1rid\u0151 eredm\u00e9nytelen eltelte eset\u00e9n, valamint az adatig\u00e9nyl\u00e9s teljes\u00edt\u00e9s\u00e9\u00e9rt meg\u00e1llap\u00edtott k\u00f6lts\u00e9gt\u00e9r\u00edt\u00e9s \u00f6sszeg\u00e9nek fel\u00fclvizsg\u00e1lata \u00e9rdek\u00e9ben az adatig\u00e9nyl\u0151 jogosult b\u00edr\u00f3s\u00e1ghoz fordulni. A pert az ig\u00e9ny elutas\u00edt\u00e1s\u00e1nak k\u00f6zl\u00e9s\u00e9t\u0151l, a hat\u00e1rid\u0151 eredm\u00e9nytelen eltelt\u00e9t\u0151l, illetve a k\u00f6lts\u00e9gt\u00e9r\u00edt\u00e9s megfizet\u00e9s\u00e9re vonatkoz\u00f3 hat\u00e1rid\u0151 lej\u00e1rt\u00e1t\u00f3l sz\u00e1m\u00edtott 30 napon bel\u00fcl kell megind\u00edtani a k\u00f6zfeladatot ell\u00e1t\u00f3 szerv ellen.<\/p>\n<p>Az ig\u00e9nyl\u0151 d\u00f6nthet \u00fagy is, hogy az adatkezel\u0151 jogs\u00e9rt\u0151 elj\u00e1r\u00e1sa miatt a Nemzeti Adatv\u00e9delmi \u00e9s Inform\u00e1ci\u00f3szabads\u00e1g Hat\u00f3s\u00e1g (NAIH) vizsg\u00e1lat\u00e1t kezdem\u00e9nyezi.<\/p>\n","protected":false},"excerpt":{"rendered":"<div class=\"entry-summary\">\n<div class=\"entry-summary\">\nA k\u00f6z\u00e9rdek\u0171 adatok megismer\u00e9s\u00e9hez kapcsol\u00f3d\u00f3 ig\u00e9nyl\u0151lapot IDE kattintva t\u00f6ltheti le. T\u00e1j\u00e9koztat\u00f3 a k\u00f6z\u00e9rdek\u0171 adatig\u00e9nyl\u00e9sek menet\u00e9r\u0151l A k\u00f6z\u00fcgyek \u00e9s&hellip;\n<\/div>\n<div class=\"link-more\"><a href=\"https:\/\/szakrendelo-sarkad.hu\/home2\/kozerdeku-adatigenyles\/\" class=\"more-link\">Continue reading<span class=\"screen-reader-text\"> &ldquo;K\u00f6z\u00e9rdek\u0171 adatig\u00e9nyl\u00e9s&rdquo;<\/span>&hellip;<\/a><\/div>\n<\/div>\n<div class=\"link-more\"><a href=\"https:\/\/szakrendelo-sarkad.hu\/home2\/kozerdeku-adatigenyles\/\" class=\"more-link\">Continue reading<span class=\"screen-reader-text\"> &ldquo;K\u00f6z\u00e9rdek\u0171 adatig\u00e9nyl\u00e9s&rdquo;<\/span>&hellip;<\/a><\/div>\n","protected":false},"author":1,"featured_media":0,"parent":0,"menu_order":0,"comment_status":"closed","ping_status":"closed","template":"","meta":{"ngg_post_thumbnail":0,"footnotes":""},"class_list":["post-9665","page","type-page","status-publish","hentry","entry"],"_links":{"self":[{"href":"https:\/\/szakrendelo-sarkad.hu\/home2\/wp-json\/wp\/v2\/pages\/9665","targetHints":{"allow":["GET"]}}],"collection":[{"href":"https:\/\/szakrendelo-sarkad.hu\/home2\/wp-json\/wp\/v2\/pages"}],"about":[{"href":"https:\/\/szakrendelo-sarkad.hu\/home2\/wp-json\/wp\/v2\/types\/page"}],"author":[{"embeddable":true,"href":"https:\/\/szakrendelo-sarkad.hu\/home2\/wp-json\/wp\/v2\/users\/1"}],"replies":[{"embeddable":true,"href":"https:\/\/szakrendelo-sarkad.hu\/home2\/wp-json\/wp\/v2\/comments?post=9665"}],"version-history":[{"count":5,"href":"https:\/\/szakrendelo-sarkad.hu\/home2\/wp-json\/wp\/v2\/pages\/9665\/revisions"}],"predecessor-version":[{"id":9670,"href":"https:\/\/szakrendelo-sarkad.hu\/home2\/wp-json\/wp\/v2\/pages\/9665\/revisions\/9670"}],"wp:attachment":[{"href":"https:\/\/szakrendelo-sarkad.hu\/home2\/wp-json\/wp\/v2\/media?parent=9665"}],"curies":[{"name":"wp","href":"https:\/\/api.w.org\/{rel}","templated":true}]}}